{"id":9208,"date":"2018-09-09T18:25:44","date_gmt":"2018-09-09T18:25:44","guid":{"rendered":"http:\/\/centauriweb.hu\/?page_id=9208"},"modified":"2018-12-06T19:59:47","modified_gmt":"2018-12-06T19:59:47","slug":"eloben-fold-earth-space","status":"publish","type":"page","link":"https:\/\/centauriweb.hu\/archiv\/fb-rovat\/fold-ahol-elek\/eloben-fold-earth-space\/","title":{"rendered":"\u00c9l\u0151ben a F\u00f6ld &#8211; Earth from space"},"content":{"rendered":"<h5 style=\"text-align: justify;\"><span style=\"color: #000000;\"><span style=\"color: #ff0000;\"><a href=\"http:\/\/https:\/\/centauriweb.hu\/archiv\/tallozo\/idojaras-es-klima\/megmentene-fajok-tobbseget-ha-globalis-felmelegedes-15-celsius-fokra-korlatozodna\/1-fold\/\" rel=\"attachment wp-att-6456\"><img decoding=\"async\" loading=\"lazy\" width=\"936\" height=\"639\" class=\"alignnone size-full wp-image-6456\" alt=\"1 f\u00f6ld\" src=\"http:\/\/https:\/\/centauriweb.hu\/archiv\/wp-content\/uploads\/2018\/03\/1-f\u00f6ld.jpg\" srcset=\"https:\/\/centauriweb.hu\/archiv\/wp-content\/uploads\/2018\/03\/1-f\u00f6ld.jpg 936w, https:\/\/centauriweb.hu\/archiv\/wp-content\/uploads\/2018\/03\/1-f\u00f6ld-300x205.jpg 300w, https:\/\/centauriweb.hu\/archiv\/wp-content\/uploads\/2018\/03\/1-f\u00f6ld-768x524.jpg 768w, https:\/\/centauriweb.hu\/archiv\/wp-content\/uploads\/2018\/03\/1-f\u00f6ld-150x102.jpg 150w\" sizes=\"(max-width: 936px) 100vw, 936px\" \/><\/a><a href=\"http:\/\/https:\/\/centauriweb.hu\/archiv\/tallozo\/termeszet-2\/mivel-talalkozik-egy-buvar-tengerben-mindenre-gondolnek-de-erre-nem\/cen_logo_circle\/\" rel=\"attachment wp-att-7379\"><img decoding=\"async\" loading=\"lazy\" width=\"100\" height=\"100\" class=\"size-full wp-image-7379 alignleft\" alt=\"cen_logo_circle\" src=\"http:\/\/https:\/\/centauriweb.hu\/archiv\/wp-content\/uploads\/2018\/04\/cen_logo_circle.png\"><\/a>2018.12.06<\/span> Nem is \u00e9rtem. Amikor ezt felrakom az oldalamra 42 ember n\u00e9zi. 7 milli\u00e1rdan \u00e9l\u00fcnk itt. Egy &#8220;felvil\u00e1gosult korban&#8221;, amikor m\u0171holdak sz\u00e1zai keringenek f\u00f6l\u00f6tt\u00fcnk, amelyek t\u00f6bbek k\u00f6z\u00f6tt lehet\u0151v\u00e9 teszik, hogy b\u00e1rmikor b\u00e1rkit el\u00e9rj\u00fcnk, hogy b\u00e1rmikor k\u00f6rbe n\u00e9zz\u00fcnk a vil\u00e1gban, beless\u00fcnk a F\u00f6ld b\u00e1rmely pontj\u00e1ra, ak\u00e1r az \u0171rb\u0151l is, \u00e9s nyilv\u00e1n most is milli\u00e1rdnyi ember l\u00f3g a neten,<\/span><\/h5>\n<blockquote>\n<h4 style=\"text-align: justify;\"><span style=\"color: #000000;\">de a t\u00f6bbs\u00e9g val\u00f3sz\u00edn\u0171leg h\u00fclyes\u00e9geket \u00e9s szelfiket n\u00e9z, s itt pl. mind\u00f6ssze 42 ember k\u00edv\u00e1ncsi a F\u00f6ldre.<\/span><\/h4>\n<\/blockquote>\n<h5 style=\"text-align: justify;\"><span style=\"color: #000000;\">Na, ja, m\u00e1s hasonl\u00f3 live ad\u00e1son tov\u00e1bbi sz\u00e1zak \u00e9s ezrek, de nem el\u0151sz\u00f6r j\u00e1rok ilyen oldalakon &#8211; mert leny\u0171g\u00f6z\u0151k, \u00e9s mert sz\u00edvom magamba a l\u00e1tv\u00e1nyt, mert er\u0151s\u00edtem magamban a f\u00f6ldlak\u00f3-tudatot, mert sz\u00e9d\u00edt\u0151 l\u00e1tni, hogy itt \u00e9lek -, de soha sehol nem l\u00e1ttam annyi embert, mint amennyi szerintem joggal elv\u00e1rhat\u00f3 volna. Holott \u00e9pp a F\u00f6ldet kellene n\u00e9zn\u00fcnk nagyon sokat, k\u00edv\u00fclr\u0151l \u00e9s messzir\u0151l, ezt kellene vet\u00edteni \u00f3rasz\u00e1m egy \u00faj gener\u00e1ci\u00f3nak, hogy m\u00e1s tudata legyen, ne lok\u00e1lis, ne kicsinyes, ne vacak, hanem glob\u00e1lis, de nem abban az \u00e9rtelemben, hogy r\u00e9szese a nagy \u00e9s \u00f6sszn\u00e9pi, r\u00e9m h\u00fclye \u00e9s d\u00fch\u00f6dt fogyaszt\u00e1snak, hanem abban az \u00e9rtelemben, hogy \u00e1titassa a felismer\u00e9s: ugyanazon a goly\u00f3n \u00e9l\u00fcnk-halunk mindannyian, s m\u00e9g ha csak egy metr\u00f3jegyet dobok is el, egy nagy viharral ak\u00e1r m\u00e9g az is k\u00f6rbe rep\u00fclheti ezt a F\u00f6ldet.<\/span><\/h5>\n<hr>\n<h5 style=\"text-align: justify;\">&nbsp;<\/h5>\n<p><iframe loading=\"lazy\" width=\"900\" height=\"506\" src=\"https:\/\/www.youtube.com\/embed\/qyEzsAy4qeU?feature=oembed\" frameborder=\"0\" allow=\"accelerometer; autoplay; encrypted-media; gyroscope; picture-in-picture\" allowfullscreen><\/iframe><\/p>\n<p>http:\/\/https:\/\/centauriweb.hu\/archiv\/fb-rovat\/fold-ahol-elek\/fold-es-csillagai-ejjel-csodalatos-felvetelek-es-hatterzene\/<\/p>\n<p>http:\/\/https:\/\/centauriweb.hu\/archiv\/szinnel-lelekkel\/galilei-utodai\/<\/p>\n<p>http:\/\/https:\/\/centauriweb.hu\/archiv\/fb-rovat\/fold-ahol-elek\/fold-bolygo-ahonnan-eltunik-elteto-elemunk-jeg\/<\/p>\n<p>http:\/\/https:\/\/centauriweb.hu\/archiv\/novellak\/elbeszelesek\/szakadar\/<\/p>\n","protected":false},"excerpt":{"rendered":"<p>2018.12.06 Nem is \u00e9rtem. Amikor ezt felrakom az oldalamra 42 ember n\u00e9zi. 7 milli\u00e1rdan \u00e9l\u00fcnk itt. Egy &#8220;felvil\u00e1gosult korban&#8221;, amikor m\u0171holdak sz\u00e1zai keringenek f\u00f6l\u00f6tt\u00fcnk, amelyek t\u00f6bbek k\u00f6z\u00f6tt lehet\u0151v\u00e9 teszik, hogy b\u00e1rmikor b\u00e1rkit el\u00e9rj\u00fcnk, hogy b\u00e1rmikor k\u00f6rbe n\u00e9zz\u00fcnk a vil\u00e1gban, beless\u00fcnk a F\u00f6ld b\u00e1rmely pontj\u00e1ra, ak\u00e1r az \u0171rb\u0151l is, \u00e9s nyilv\u00e1n\u2026<\/p>\n<p class=\"continue-reading-button\"> <a class=\"continue-reading-link\" href=\"https:\/\/centauriweb.hu\/archiv\/fb-rovat\/fold-ahol-elek\/eloben-fold-earth-space\/\">Tov\u00e1bb<i class=\"crycon-right-dir\"><\/i><\/a><\/p>\n","protected":false},"author":2,"featured_media":6456,"parent":9161,"menu_order":0,"comment_status":"open","ping_status":"closed","template":"","meta":{"ngg_post_thumbnail":0,"_vp_format_video_url":"","_vp_image_focal_point":[]},"yoast_head":"<!-- This site is optimized with the Yoast SEO plugin v14.0.4 - https:\/\/yoast.com\/wordpress\/plugins\/seo\/ -->\n<title>\u00c9l\u0151ben a F\u00f6ld - Earth from space - CENWEB<\/title>\n<meta name=\"description\" content=\"\u00e9pp a F\u00f6ldet kellene n\u00e9zn\u00fcnk nagyon sokat, k\u00edv\u00fclr\u0151l \u00e9s messzir\u0151l, ezt kellene vet\u00edteni \u00f3rasz\u00e1m egy \u00faj gener\u00e1ci\u00f3nak, hogy m\u00e1s tudata legyen, ne lok\u00e1lis, ne\" \/>\n<meta name=\"robots\" content=\"index, follow\" \/>\n<meta name=\"googlebot\" content=\"index, follow, max-snippet:-1, max-image-preview:large, max-video-preview:-1\" \/>\n<meta name=\"bingbot\" content=\"index, follow, max-snippet:-1, max-image-preview:large, max-video-preview:-1\" \/>\n<link rel=\"canonical\" href=\"https:\/\/centauriweb.hu\/archiv\/fb-rovat\/fold-ahol-elek\/eloben-fold-earth-space\/\" \/>\n<meta property=\"og:locale\" content=\"hu_HU\" \/>\n<meta property=\"og:type\" content=\"article\" \/>\n<meta property=\"og:title\" content=\"\u00c9l\u0151ben a F\u00f6ld - Earth from space - CENWEB\" \/>\n<meta property=\"og:description\" content=\"\u00e9pp a F\u00f6ldet kellene n\u00e9zn\u00fcnk nagyon sokat, k\u00edv\u00fclr\u0151l \u00e9s messzir\u0151l, ezt kellene vet\u00edteni \u00f3rasz\u00e1m egy \u00faj gener\u00e1ci\u00f3nak, hogy m\u00e1s tudata legyen, ne lok\u00e1lis, ne\" \/>\n<meta property=\"og:url\" content=\"https:\/\/centauriweb.hu\/archiv\/fb-rovat\/fold-ahol-elek\/eloben-fold-earth-space\/\" \/>\n<meta property=\"og:site_name\" content=\"CENWEB\" \/>\n<meta property=\"article:modified_time\" content=\"2018-12-06T19:59:47+00:00\" \/>\n<meta property=\"og:image\" content=\"https:\/\/centauriweb.hu\/archiv\/wp-content\/uploads\/2018\/03\/1-f\u00f6ld.jpg\" \/>\n\t<meta property=\"og:image:width\" content=\"936\" \/>\n\t<meta property=\"og:image:height\" content=\"639\" \/>\n<script type=\"application\/ld+json\" class=\"yoast-schema-graph\">{\"@context\":\"https:\/\/schema.org\",\"@graph\":[{\"@type\":\"WebSite\",\"@id\":\"https:\/\/centauriweb.hu\/archiv\/#website\",\"url\":\"https:\/\/centauriweb.hu\/archiv\/\",\"name\":\"CENWEB\",\"description\":\"MAGAZIN | ARCH\\u00cdVUM | 2006-2023. \",\"potentialAction\":[{\"@type\":\"SearchAction\",\"target\":\"https:\/\/centauriweb.hu\/archiv\/?s={search_term_string}\",\"query-input\":\"required name=search_term_string\"}],\"inLanguage\":\"hu\"},{\"@type\":\"ImageObject\",\"@id\":\"https:\/\/centauriweb.hu\/archiv\/fb-rovat\/fold-ahol-elek\/eloben-fold-earth-space\/#primaryimage\",\"inLanguage\":\"hu\",\"url\":\"https:\/\/centauriweb.hu\/archiv\/wp-content\/uploads\/2018\/03\/1-f\\u00f6ld.jpg\",\"width\":936,\"height\":639},{\"@type\":\"WebPage\",\"@id\":\"https:\/\/centauriweb.hu\/archiv\/fb-rovat\/fold-ahol-elek\/eloben-fold-earth-space\/#webpage\",\"url\":\"https:\/\/centauriweb.hu\/archiv\/fb-rovat\/fold-ahol-elek\/eloben-fold-earth-space\/\",\"name\":\"\\u00c9l\\u0151ben a F\\u00f6ld - Earth from space - CENWEB\",\"isPartOf\":{\"@id\":\"https:\/\/centauriweb.hu\/archiv\/#website\"},\"primaryImageOfPage\":{\"@id\":\"https:\/\/centauriweb.hu\/archiv\/fb-rovat\/fold-ahol-elek\/eloben-fold-earth-space\/#primaryimage\"},\"datePublished\":\"2018-09-09T18:25:44+00:00\",\"dateModified\":\"2018-12-06T19:59:47+00:00\",\"description\":\"\\u00e9pp a F\\u00f6ldet kellene n\\u00e9zn\\u00fcnk nagyon sokat, k\\u00edv\\u00fclr\\u0151l \\u00e9s messzir\\u0151l, ezt kellene vet\\u00edteni \\u00f3rasz\\u00e1m egy \\u00faj gener\\u00e1ci\\u00f3nak, hogy m\\u00e1s tudata legyen, ne lok\\u00e1lis, ne\",\"inLanguage\":\"hu\",\"potentialAction\":[{\"@type\":\"ReadAction\",\"target\":[\"https:\/\/centauriweb.hu\/archiv\/fb-rovat\/fold-ahol-elek\/eloben-fold-earth-space\/\"]}]}]}<\/script>\n<!-- \/ Yoast SEO plugin. -->","_links":{"self":[{"href":"https:\/\/centauriweb.hu\/archiv\/wp-json\/wp\/v2\/pages\/9208"}],"collection":[{"href":"https:\/\/centauriweb.hu\/archiv\/wp-json\/wp\/v2\/pages"}],"about":[{"href":"https:\/\/centauriweb.hu\/archiv\/wp-json\/wp\/v2\/types\/page"}],"author":[{"embeddable":true,"href":"https:\/\/centauriweb.hu\/archiv\/wp-json\/wp\/v2\/users\/2"}],"replies":[{"embeddable":true,"href":"https:\/\/centauriweb.hu\/archiv\/wp-json\/wp\/v2\/comments?post=9208"}],"version-history":[{"count":0,"href":"https:\/\/centauriweb.hu\/archiv\/wp-json\/wp\/v2\/pages\/9208\/revisions"}],"up":[{"embeddable":true,"href":"https:\/\/centauriweb.hu\/archiv\/wp-json\/wp\/v2\/pages\/9161"}],"wp:featuredmedia":[{"embeddable":true,"href":"https:\/\/centauriweb.hu\/archiv\/wp-json\/wp\/v2\/media\/6456"}],"wp:attachment":[{"href":"https:\/\/centauriweb.hu\/archiv\/wp-json\/wp\/v2\/media?parent=9208"}],"curies":[{"name":"wp","href":"https:\/\/api.w.org\/{rel}","templated":true}]}}