{"id":23089,"date":"2021-01-04T21:48:58","date_gmt":"2021-01-04T19:48:58","guid":{"rendered":"https:\/\/centauriweb.hu\/?page_id=23089"},"modified":"2021-01-04T21:50:31","modified_gmt":"2021-01-04T19:50:31","slug":"mozog-a-jeg-danielek-alatt","status":"publish","type":"page","link":"https:\/\/centauriweb.hu\/archiv\/novellak\/kari\/mozog-a-jeg-danielek-alatt\/","title":{"rendered":"Mozog a j\u00e9g Daniel\u00e9k alatt"},"content":{"rendered":"<p><a href=\"https:\/\/centauriweb.hu\/archiv\/kari\/mozog-a-jeg-danielek-alatt\/1000-gleccser\/\" rel=\"attachment wp-att-23090\"><img decoding=\"async\" loading=\"lazy\" class=\"alignnone size-full wp-image-23090\" src=\"https:\/\/centauriweb.hu\/archiv\/wp-content\/uploads\/2021\/01\/1000-gleccser.jpg\" alt=\"\" width=\"1000\" height=\"667\"><\/a><\/p>\n<p>R\u00f6vid r\u00e9szlet k\u00f6z\u00f6ss\u00e9gi kisreg\u00e9ny\u00fcnk \u00faj fejezet\u00e9b\u0151l<\/p>\n<p><em><span style=\"font-size: 14pt;\">Daniel a legkev\u00e9sb\u00e9 sem volt hajlamos t\u00f6bbnek l\u00e1tni egy \u00e9jszak\u00e1t ann\u00e1l, ami egy \u00e9jszaka val\u00f3j\u00e1ban: a f\u00e9ny ideiglenes hi\u00e1ny\u00e1nak; m\u00e9gis nyugtalans\u00e1g lett \u00farr\u00e1 rajta, amikor Greg tany\u00e1j\u00e1t\u00f3l h\u00e9t kilom\u00e9terre \u00fatlez\u00e1r\u00e1s \u00e1llta \u00fatj\u00e1t, kisz\u00e1llt a b\u00e9relt kocsib\u00f3l, \u00e9s egy rend\u0151rn\u00e9l arr\u00f3l \u00e9rdekl\u0151d\u00f6tt, mi\u00e9rt van az \u00fat lez\u00e1rva.<\/span><\/em><br \/>\n<em><span style=\"font-size: 14pt;\">Az \u00fattestet nem egyszer\u0171en t\u00e1bl\u00e1val vagy szalaggal z\u00e1rt\u00e1k le. A hegyoldalb\u00f3l hatalmas, kett\u0151be v\u00e1gott feny\u0151t d\u00f6nt\u00f6ttek r\u00e1. Daniel az els\u0151 pillanatban azt hitte, nincs is sz\u00f3 t\u00f6bbr\u0151l, mint egy kid\u0151lt feny\u0151r\u0151l, csakhogy a feny\u0151 f\u00f6l\u00f6tt sz\u00f6gesdr\u00f3tot is \u00e1th\u00faztak. A feny\u0151n \u00e9s egy szem rend\u0151r\u00f6n k\u00edv\u00fcl Daniel j\u00f3 ideig semmi egyebet nem l\u00e1tott. \u0150 volt az egyetlen aut\u00f3s, a rend\u0151r pedig az egyetlen, aki ott str\u00e1zs\u00e1lt, kiss\u00e9 zavartan. Arra a k\u00e9rd\u00e9sre, mi t\u00f6rt\u00e9nt, ellentmond\u00e1sos v\u00e1laszokat adott.<\/span><\/em><br \/>\n<em><span style=\"font-size: 14pt;\">\u2013 Semmi k\u00fcl\u00f6n\u00f6s.<\/span><\/em><br \/>\n<em><span style=\"font-size: 14pt;\">\u2013 De akkor mi\u00e9rt nem lehet tov\u00e1bb menni?<\/span><\/em><br \/>\n<em><span style=\"font-size: 14pt;\">\u2013 Mert leszakadt a gleccser.<\/span><\/em><br \/>\n<em><span style=\"font-size: 14pt;\">\u2013 A gleccser? \u2013 k\u00e9rdezett vissza Daniel, mivel j\u00f3l ismerte a gleccsert, hisz Greg \u00e9pp a gleccser miatt \u00e9p\u00edtett ott egy kis hegyi h\u00e1zat. Daniel maga is nem egyszer j\u00e1rt a gleccseren, s el nem tudta k\u00e9pzelni, hogyan \u00e9s hov\u00e1 szakadhatna le, hisz nem volt alatta se szakad\u00e9k, se m\u00e9ly v\u00f6lgy.<\/span><\/em><br \/>\n<em><span style=\"font-size: 14pt;\">A rend\u0151r egy szem, id\u0151nk\u00e9nt hunyorg\u00f3 zsebl\u00e1mp\u00e1j\u00e1val n\u00e9ha k\u00f6rbevil\u00e1g\u00edtott.<\/span><\/em><br \/>\n<em><span style=\"font-size: 14pt;\">\u2013 Sz\u00f3val, leszakadt a gleccser? \u2013 k\u00e9rdezte Daniel ism\u00e9t.<\/span><\/em><br \/>\n<em><span style=\"font-size: 14pt;\">\u2013 Pontosabban f\u00f6ldcsuszaml\u00e1s volt.<\/span><\/em><br \/>\n<em><span style=\"font-size: 14pt;\">Ha valami ingerelte a mindig nyugodt Danielt, az a nyilv\u00e1nval\u00f3 mell\u00e9besz\u00e9l\u00e9s.<\/span><\/em><br \/>\n<em><span style=\"font-size: 14pt;\">\u2013 Most akkor, mi t\u00f6rt\u00e9nt? Leszakadt a gleccser vagy f\u00f6ldcsuszaml\u00e1s volt?<\/span><\/em><br \/>\n<em><span style=\"font-size: 14pt;\">\u2013 Nem tudjuk \u2013 mondta erre a rend\u0151r, cigarett\u00e1t hal\u00e1szott el\u0151, r\u00e1gy\u00fajtott, \u00e9s hozz\u00e1tette m\u00e9g:<\/span><\/em><br \/>\n<em><span style=\"font-size: 14pt;\">\u2013 Jobban teszi, ha visszafordul.<\/span><\/em><br \/>\n<em><span style=\"font-size: 14pt;\">\u2013 Ha nem tud semmit, mi\u00e9rt besz\u00e9l nekem \u00f6sszevissza gleccserszakad\u00e1sr\u00f3l meg f\u00f6ldcsuszaml\u00e1sr\u00f3l?<\/span><\/em><br \/>\n<em><span style=\"font-size: 14pt;\">\u2013 N\u00e9zze \u2013 mondta erre k\u00f6zvetlenebb hangnemben a rend\u0151r \u2013, \u00e9n t\u00e9nyleg nem tudok semmit. \u00c9n csak az utat \u0151rz\u00f6m. Jobban teszi, ha visszafordul.<\/span><\/em><br \/>\n<em><span style=\"font-size: 14pt;\">\u2013 Legal\u00e1bb annyit mondjon meg, mi\u00f3ta van lez\u00e1rva?<\/span><\/em><br \/>\n<em><span style=\"font-size: 14pt;\">\u2013 P\u00e1r \u00f3r\u00e1ja.<\/span><\/em><br \/>\n<em><span style=\"font-size: 14pt;\">\u2013 Csak p\u00e1r \u00f3r\u00e1ja? Az j\u00f3.<\/span><\/em><br \/>\n<em><span style=\"font-size: 14pt;\">\u2013 Mi abban a j\u00f3? \u2013 k\u00e9rdezte a rend\u0151r.<\/span><\/em><br \/>\n<em><span style=\"font-size: 14pt;\">\u2013 A bar\u00e1tomhoz menn\u00e9k, \u00e9s fontos lenne, tudja, nincs vele kapcsolat egy ideje, \u00e9s ha ez az eg\u00e9sz, amir\u0151l nem tud semmit, csak p\u00e1r \u00f3r\u00e1ja t\u00f6rt\u00e9nt, akkor nem lehet k\u00f6ze ahhoz, hogy a bar\u00e1tommal nem tudjuk felvenni a kapcsolatot.<\/span><\/em><br \/>\n<em><span style=\"font-size: 14pt;\">A rend\u0151r d\u00fcnny\u00f6g\u00f6tt valamit, ism\u00e9t forgol\u00f3dni kezdett, \u00e9s ezzel a neurotikus forgol\u00f3d\u00e1s\u00e1val kezdte kihozni a sodr\u00e1b\u00f3l Danielt.<\/span><\/em><br \/>\n<em><span style=\"font-size: 14pt;\">\u2013 Megtenn\u00e9, hogy figyel r\u00e1m egy pillanatra?<\/span><\/em><br \/>\n<em><span style=\"font-size: 14pt;\">\u2013 Hogyne, de nem tudok seg\u00edteni. Forduljon vissza!<\/span><\/em><br \/>\n<em><span style=\"font-size: 14pt;\">\u2013 Rendben, de mikor lehet majd itt \u00e1tmenni?<\/span><\/em><br \/>\n<em><span style=\"font-size: 14pt;\">\u2013 Azt sem tudom. Honnan tudn\u00e1m?<\/span><\/em><br \/>\n<em><span style=\"font-size: 14pt;\">\u2013 \u00c9s kin\u00e9l lehetne \u00e9rdekl\u0151dni? \u2013 k\u00e9rdezni Daniel, \u00e1m a rend\u0151r v\u00e1lasz helyett egy pillanatra a hegyoldal fel\u00e9 n\u00e9zett.<\/span><\/em><br \/>\n<em><span style=\"font-size: 14pt;\">Daniel m\u00e1r hozz\u00e1szokott a f\u00e9lhom\u00e1lyhoz; bizonytalanul b\u00e1r, de a f\u00e1k k\u00f6z\u00f6tt m\u00e9giscsak felsejlett egy terepj\u00e1r\u00f3 \u00e1rny\u00e9ka, s egy pillanatra felvillant egy apr\u00f3 l\u00e1ng is, amikor az utast\u00e9rben r\u00e1gy\u00fajtott valaki. Daniel megk\u00e9rdezte volna, kik azok ott, de \u00fajabb kocsi \u00e9rkezett az \u00faton. Megker\u00fclte Daniel b\u00e9relt Volv\u00f3j\u00e1t, \u00e9s a feny\u0151ig hajtott.<\/span><\/em><br \/>\n<em><span style=\"font-size: 14pt;\">\u2013 \u00c1lljon f\u00e9lre! \u2013 utas\u00edtotta a rend\u0151r Danielt, aki elh\u00e1tr\u00e1lt a Volvo motorh\u00e1ztet\u0151j\u00e9ig.<\/span><\/em><br \/>\n<em><span style=\"font-size: 14pt;\">A f\u00e1k k\u00f6z\u00fcl kihajtott a terepj\u00e1r\u00f3, a rend\u0151r l\u00e1ncot akasztott a terepj\u00e1r\u00f3 elej\u00e9re, mire az elh\u00fazta a kett\u0151be v\u00e1gott feny\u0151t\u00f6rzs egyik fel\u00e9t, a frissen \u00e9rkezett pickup \u00e1thajtott a torlaszon, s egy perc m\u00falva el is t\u0171nt a kanyarban.<\/span><\/em><br \/>\n<em><span style=\"font-size: 14pt;\">Mivel a pickup civil j\u00e1rm\u0171nek t\u0171nt, Daniel odament a rend\u0151rh\u00f6z.<\/span><\/em><br \/>\n<em><span style=\"font-size: 14pt;\">\u2013 M\u00e1sok \u00e1tmehetnek?<\/span><\/em><br \/>\n<em><span style=\"font-size: 14pt;\">\u2013 A r\u00e9g\u00e9szek igen.<\/span><\/em><br \/>\n<em><span style=\"font-size: 14pt;\">\u2013 A bar\u00e1tom is r\u00e9g\u00e9sz! \u2013 ki\u00e1ltott fel Daniel.<\/span><\/em><br \/>\n<em><span style=\"font-size: 14pt;\">\u2013 A maga bar\u00e1tja aligha \u201eolyan\u201d r\u00e9g\u00e9sz \u2013 felelte a rend\u0151r, \u00e9s leakasztotta a terepj\u00e1r\u00f3r\u00f3l a l\u00e1ncot.<\/span><\/em><br \/>\n<em><span style=\"font-size: 14pt;\">A vadr\u00e1ccsal felszerelt terepj\u00e1r\u00f3 idegt\u00e9p\u0151 csikorg\u00e1sok k\u00f6zepette a hely\u00e9re tolta a feny\u0151t\u00f6rzset.<\/span><\/em><br \/>\n<em><span style=\"font-size: 14pt;\">\u2013 Gyalog csak bemehetek!<\/span><\/em><br \/>\n<em><span style=\"font-size: 14pt;\">\u2013 Sajn\u00e1lom, egyel\u0151re gyalog sem.<\/span><\/em><br \/>\n<em><span style=\"font-size: 14pt;\">Daniel azt m\u00e9rlegelte, hogy megfenyegeti a rend\u0151rt a tisztes t\u00e1j\u00e9koztat\u00e1s elmulaszt\u00e1sa miatt, egy\u00e9bk\u00e9nt pedig megsz\u00fcletett benne a d\u00f6nt\u00e9s, hogy jobb h\u00edj\u00e1n t\u00e9nyleg visszafordul, de csak az\u00e9rt, hogy ker\u00fcl\u0151 \u00faton pr\u00f3b\u00e1lkozzon; \u00e9pp nagy leveg\u0151t vett, \u00e9pp felvette azt a magabiztos, ugyanakkor term\u00e9szetes testtart\u00e1st, amivel olyan helyzetekben l\u00e9p fel, ahol a hidegv\u00e9r meg\u0151rz\u00e9se kiv\u00e1ltk\u00e9pp fontos, de miel\u0151tt b\u00e1rmit sz\u00f3lhatott volna, m\u00e9ly moraj r\u00e1zta meg az utat, a hegyet, a v\u00f6lgyet; a f\u00e1kr\u00f3l h\u00f3 omlott, j\u00e9gdarabok csilingeltek \u00e9s kopogtak a Volvo tetej\u00e9n, s miel\u0151tt b\u00e1rmit \u00e1tgondolhattak volna, mindketten, Daniel \u00e9s a rend\u0151r is a f\u00f6ldre vetett\u00e9k magukat; \u00fagy ad\u00f3dott, hogy egym\u00e1shoz annyira k\u00f6zel, hogy szinte \u00f6ssze\u00e9rt az arcuk.<\/span><\/em><br \/>\n<em><span style=\"font-size: 14pt;\">Mikor a moraj abbamaradt, s nem hullott m\u00e1r az \u00fat f\u00f6l\u00e9 hajl\u00f3 \u00e1gakr\u00f3l t\u00f6bb h\u00f3, Daniel r\u00e1n\u00e9zett a riadt rend\u0151rre:<\/span><\/em><br \/>\n<em><span style=\"font-size: 14pt;\">\u2013 Mi a fene volt ez?<\/span><\/em><br \/>\n<em><span style=\"font-size: 14pt;\">Mire a rend\u0151r csak annyit v\u00e1laszolt:<\/span><\/em><br \/>\n<em><span style=\"font-size: 14pt;\">\u2013 Higgye el, t\u00e9nyleg jobb, ha visszafordul.<\/span><\/em><\/p>\n<hr>\n<p><span style=\"font-size: 14pt;\">Folytat\u00e1s k\u00f6vetkezik<\/span><\/p>\n<p style=\"text-align: right;\"><span style=\"font-size: 14pt; color: #ff0000;\">Hozz\u00e1sz\u00f3l\u00e1sokhoz g\u00f6rd\u00fclj lejjebb!<\/span><\/p>\n<hr>\n<p><span style=\"font-size: 14pt;\">&nbsp;<\/span><\/p>\n<hr>\n<p><span style=\"font-size: 14pt;\"><\/span><\/p>\n<hr>\n<p><span style=\"font-size: 14pt;\"><\/span><\/p>\n<hr>\n<p style=\"text-align: center;\"><span style=\"font-size: 14pt;\"><strong>Feliratkozt\u00e1l m\u00e1r h\u00edrlev\u00e9lre? Pr\u00f3b\u00e1ld ki!<\/strong><\/span><\/p>\n<p style=\"text-align: center;\"><span style=\"font-size: 14pt;\"><div role=\"form\" class=\"wpcf7\" id=\"wpcf7-f264-o1\" lang=\"hu-HU\" dir=\"ltr\">\n<div class=\"screen-reader-response\"><p role=\"status\" aria-live=\"polite\" aria-atomic=\"true\"><\/p> <ul><\/ul><\/div>\n<form action=\"\/archiv\/wp-json\/wp\/v2\/pages\/23089#wpcf7-f264-o1\" method=\"post\" class=\"wpcf7-form init\" novalidate=\"novalidate\" data-status=\"init\">\n<div style=\"display: none;\">\n<input type=\"hidden\" name=\"_wpcf7\" value=\"264\" \/>\n<input type=\"hidden\" name=\"_wpcf7_version\" value=\"5.3.2\" \/>\n<input type=\"hidden\" name=\"_wpcf7_locale\" value=\"hu_HU\" \/>\n<input type=\"hidden\" name=\"_wpcf7_unit_tag\" value=\"wpcf7-f264-o1\" \/>\n<input type=\"hidden\" name=\"_wpcf7_container_post\" value=\"0\" \/>\n<input type=\"hidden\" name=\"_wpcf7_posted_data_hash\" value=\"\" \/>\n<input type=\"hidden\" name=\"_wpcf7_recaptcha_response\" value=\"\" \/>\n<\/div>\n<p class=\"letter-img\">\n<img class=\"letter\" src=\"https:\/\/centauriweb.hu\/archiv\/wp-content\/uploads\/2020\/12\/letter.png\" width=\"71\" height=\"71\">\n<\/p>\n<p>N\u00e9v* <br \/>\n<span class=\"wpcf7-form-control-wrap your-name\"><input type=\"text\" name=\"your-name\" value=\"\" size=\"40\" class=\"wpcf7-form-control wpcf7-text wpcf7-validates-as-required\" aria-required=\"true\" aria-invalid=\"false\" \/><\/span><\/p>\n<p>Email c\u00edm* <br \/>\n    <span class=\"wpcf7-form-control-wrap your-email\"><input type=\"email\" name=\"your-email\" value=\"\" size=\"40\" class=\"wpcf7-form-control wpcf7-text wpcf7-email wpcf7-validates-as-required wpcf7-validates-as-email\" aria-required=\"true\" aria-invalid=\"false\" \/><\/span> <\/p>\n<p><input type=\"submit\" value=\"FELIRATKOZOM!\" class=\"wpcf7-form-control wpcf7-submit\" \/><\/p>\n<p style=\"display: none !important;\" class=\"akismet-fields-container\" data-prefix=\"_wpcf7_ak_\"><label>&#916;<textarea name=\"_wpcf7_ak_hp_textarea\" cols=\"45\" rows=\"8\" maxlength=\"100\"><\/textarea><\/label><input type=\"hidden\" id=\"ak_js_1\" name=\"_wpcf7_ak_js\" value=\"121\"\/><script type=\"text\/javascript\">\ndocument.getElementById( \"ak_js_1\" ).setAttribute( \"value\", ( new Date() ).getTime() );\n<\/script>\n<\/p><div class=\"inv-recaptcha-holder\"><\/div><div class=\"wpcf7-response-output\" aria-hidden=\"true\"><\/div><\/form><\/div><\/span><\/p>\n","protected":false},"excerpt":{"rendered":"<p>R\u00f6vid r\u00e9szlet k\u00f6z\u00f6ss\u00e9gi kisreg\u00e9ny\u00fcnk \u00faj fejezet\u00e9b\u0151l Daniel a legkev\u00e9sb\u00e9 sem volt hajlamos t\u00f6bbnek l\u00e1tni egy \u00e9jszak\u00e1t ann\u00e1l, ami egy \u00e9jszaka val\u00f3j\u00e1ban: a f\u00e9ny ideiglenes hi\u00e1ny\u00e1nak; m\u00e9gis nyugtalans\u00e1g lett \u00farr\u00e1 rajta, amikor Greg tany\u00e1j\u00e1t\u00f3l h\u00e9t kilom\u00e9terre \u00fatlez\u00e1r\u00e1s \u00e1llta \u00fatj\u00e1t, kisz\u00e1llt a b\u00e9relt kocsib\u00f3l, \u00e9s egy rend\u0151rn\u00e9l arr\u00f3l \u00e9rdekl\u0151d\u00f6tt, mi\u00e9rt van az\u2026<\/p>\n<p class=\"continue-reading-button\"> <a class=\"continue-reading-link\" href=\"https:\/\/centauriweb.hu\/archiv\/novellak\/kari\/mozog-a-jeg-danielek-alatt\/\">Tov\u00e1bb<i class=\"crycon-right-dir\"><\/i><\/a><\/p>\n","protected":false},"author":2,"featured_media":23090,"parent":22648,"menu_order":0,"comment_status":"open","ping_status":"closed","template":"","meta":{"ngg_post_thumbnail":0,"_vp_format_video_url":"","_vp_image_focal_point":[]},"yoast_head":"<!-- This site is optimized with the Yoast SEO plugin v14.0.4 - https:\/\/yoast.com\/wordpress\/plugins\/seo\/ -->\n<title>Mozog a j\u00e9g Daniel\u00e9k alatt - CENWEB<\/title>\n<meta name=\"description\" content=\"Daniel a legkev\u00e9sb\u00e9 sem volt hajlamos t\u00f6bbnek l\u00e1tni egy \u00e9jszak\u00e1t ann\u00e1l, ami egy \u00e9jszaka val\u00f3j\u00e1ban: a f\u00e9ny ideiglenes hi\u00e1ny\u00e1nak\" \/>\n<meta name=\"robots\" content=\"index, follow\" \/>\n<meta name=\"googlebot\" content=\"index, follow, max-snippet:-1, max-image-preview:large, max-video-preview:-1\" \/>\n<meta name=\"bingbot\" content=\"index, follow, max-snippet:-1, max-image-preview:large, max-video-preview:-1\" \/>\n<link rel=\"canonical\" href=\"https:\/\/centauriweb.hu\/archiv\/kari\/mozog-a-jeg-danielek-alatt\/\" \/>\n<meta property=\"og:locale\" content=\"hu_HU\" \/>\n<meta property=\"og:type\" content=\"article\" \/>\n<meta property=\"og:title\" content=\"Mozog a j\u00e9g Daniel\u00e9k alatt - CENWEB\" \/>\n<meta property=\"og:description\" content=\"Daniel a legkev\u00e9sb\u00e9 sem volt hajlamos t\u00f6bbnek l\u00e1tni egy \u00e9jszak\u00e1t ann\u00e1l, ami egy \u00e9jszaka val\u00f3j\u00e1ban: a f\u00e9ny ideiglenes hi\u00e1ny\u00e1nak\" \/>\n<meta property=\"og:url\" content=\"https:\/\/centauriweb.hu\/archiv\/kari\/mozog-a-jeg-danielek-alatt\/\" \/>\n<meta property=\"og:site_name\" content=\"CENWEB\" \/>\n<meta property=\"article:modified_time\" content=\"2021-01-04T19:50:31+00:00\" \/>\n<meta property=\"og:image\" content=\"https:\/\/centauriweb.hu\/archiv\/wp-content\/uploads\/2021\/01\/1000-gleccser.jpg\" \/>\n\t<meta property=\"og:image:width\" content=\"1000\" \/>\n\t<meta property=\"og:image:height\" content=\"667\" \/>\n<script type=\"application\/ld+json\" class=\"yoast-schema-graph\">{\"@context\":\"https:\/\/schema.org\",\"@graph\":[{\"@type\":\"WebSite\",\"@id\":\"https:\/\/centauriweb.hu\/archiv\/#website\",\"url\":\"https:\/\/centauriweb.hu\/archiv\/\",\"name\":\"CENWEB\",\"description\":\"MAGAZIN | ARCH\\u00cdVUM | 2006-2023. \",\"potentialAction\":[{\"@type\":\"SearchAction\",\"target\":\"https:\/\/centauriweb.hu\/archiv\/?s={search_term_string}\",\"query-input\":\"required name=search_term_string\"}],\"inLanguage\":\"hu\"},{\"@type\":\"ImageObject\",\"@id\":\"https:\/\/centauriweb.hu\/archiv\/kari\/mozog-a-jeg-danielek-alatt\/#primaryimage\",\"inLanguage\":\"hu\",\"url\":\"https:\/\/centauriweb.hu\/archiv\/wp-content\/uploads\/2021\/01\/1000-gleccser.jpg\",\"width\":1000,\"height\":667},{\"@type\":\"WebPage\",\"@id\":\"https:\/\/centauriweb.hu\/archiv\/kari\/mozog-a-jeg-danielek-alatt\/#webpage\",\"url\":\"https:\/\/centauriweb.hu\/archiv\/kari\/mozog-a-jeg-danielek-alatt\/\",\"name\":\"Mozog a j\\u00e9g Daniel\\u00e9k alatt - CENWEB\",\"isPartOf\":{\"@id\":\"https:\/\/centauriweb.hu\/archiv\/#website\"},\"primaryImageOfPage\":{\"@id\":\"https:\/\/centauriweb.hu\/archiv\/kari\/mozog-a-jeg-danielek-alatt\/#primaryimage\"},\"datePublished\":\"2021-01-04T19:48:58+00:00\",\"dateModified\":\"2021-01-04T19:50:31+00:00\",\"description\":\"Daniel a legkev\\u00e9sb\\u00e9 sem volt hajlamos t\\u00f6bbnek l\\u00e1tni egy \\u00e9jszak\\u00e1t ann\\u00e1l, ami egy \\u00e9jszaka val\\u00f3j\\u00e1ban: a f\\u00e9ny ideiglenes hi\\u00e1ny\\u00e1nak\",\"inLanguage\":\"hu\",\"potentialAction\":[{\"@type\":\"ReadAction\",\"target\":[\"https:\/\/centauriweb.hu\/archiv\/kari\/mozog-a-jeg-danielek-alatt\/\"]}]}]}<\/script>\n<!-- \/ Yoast SEO plugin. -->","_links":{"self":[{"href":"https:\/\/centauriweb.hu\/archiv\/wp-json\/wp\/v2\/pages\/23089"}],"collection":[{"href":"https:\/\/centauriweb.hu\/archiv\/wp-json\/wp\/v2\/pages"}],"about":[{"href":"https:\/\/centauriweb.hu\/archiv\/wp-json\/wp\/v2\/types\/page"}],"author":[{"embeddable":true,"href":"https:\/\/centauriweb.hu\/archiv\/wp-json\/wp\/v2\/users\/2"}],"replies":[{"embeddable":true,"href":"https:\/\/centauriweb.hu\/archiv\/wp-json\/wp\/v2\/comments?post=23089"}],"version-history":[{"count":3,"href":"https:\/\/centauriweb.hu\/archiv\/wp-json\/wp\/v2\/pages\/23089\/revisions"}],"predecessor-version":[{"id":23093,"href":"https:\/\/centauriweb.hu\/archiv\/wp-json\/wp\/v2\/pages\/23089\/revisions\/23093"}],"up":[{"embeddable":true,"href":"https:\/\/centauriweb.hu\/archiv\/wp-json\/wp\/v2\/pages\/22648"}],"wp:featuredmedia":[{"embeddable":true,"href":"https:\/\/centauriweb.hu\/archiv\/wp-json\/wp\/v2\/media\/23090"}],"wp:attachment":[{"href":"https:\/\/centauriweb.hu\/archiv\/wp-json\/wp\/v2\/media?parent=23089"}],"curies":[{"name":"wp","href":"https:\/\/api.w.org\/{rel}","templated":true}]}}