{"id":22945,"date":"2020-12-31T14:03:04","date_gmt":"2020-12-31T12:03:04","guid":{"rendered":"https:\/\/centauriweb.hu\/?page_id=22945"},"modified":"2020-12-31T14:23:48","modified_gmt":"2020-12-31T12:23:48","slug":"eletre-kelt-az-eleteros-magyar-lany-anna","status":"publish","type":"page","link":"https:\/\/centauriweb.hu\/archiv\/novellak\/kari\/eletre-kelt-az-eleteros-magyar-lany-anna\/","title":{"rendered":"\u00c9letre kelt az \u00e9leter\u0151s magyar l\u00e1ny, Anna"},"content":{"rendered":"<p><a href=\"https:\/\/centauriweb.hu\/archiv\/kari\/kisregenyunk-es-fohosunk-elso-profilja\/1000-girl-3212061_1280\/\" rel=\"attachment wp-att-22731\"><img decoding=\"async\" loading=\"lazy\" class=\"alignnone size-full wp-image-22731\" src=\"https:\/\/centauriweb.hu\/archiv\/wp-content\/uploads\/2020\/12\/1000-girl-3212061_1280.jpg\" alt=\"\" width=\"1000\" height=\"632\"><\/a><\/p>\n<p><span style=\"font-size: 14pt; color: #000000;\">\u00c9LETRE KELT AZ \u00c9LETER\u0150S&nbsp; MAGYAR L\u00c1NY, ANNA<\/span><\/p>\n<p><span style=\"font-size: 14pt; color: #000000;\"><a href=\"https:\/\/centauriweb.hu\/archiv\/tallozo\/termeszet-2\/mivel-talalkozik-egy-buvar-tengerben-mindenre-gondolnek-de-erre-nem\/cen_logo_circle\/\" rel=\"attachment wp-att-7379\"><img decoding=\"async\" loading=\"lazy\" class=\"size-full wp-image-7379 alignleft\" src=\"https:\/\/centauriweb.hu\/archiv\/wp-content\/uploads\/2018\/04\/cen_logo_circle.png\" alt=\"\" width=\"100\" height=\"100\"><\/a>Ismerj\u00e9tek meg Ann\u00e1t, a Norv\u00e9gi\u00e1ban \u00e9l\u0151 magyar n\u0151t, aki hirtelen annyira k\u00f6rvonalazott l\u00e9ny lett, hogy szinte \u00e1t\u00fct a fantomk\u00e9pe a monitoron. Gratul\u00e1lok! Nagyok vagytok \ud83d\ude0a<\/span><\/p>\n<p><span style=\"font-size: 14pt; color: #000000;\">Sz\u00f3val. Ha valaki messze esik a cicabab\u00e1kt\u00f3l, akkor Anna az. Nagyon is. Hossz\u00fa sz\u0151k\u00e9sbarna haj\u00e1t lesz\u00e1m\u00edtva mind k\u00fcllem\u00e9ben, mind jellem\u00e9ben meglep\u0151en kem\u00e9ny, s nem igaz\u00e1n a l\u00e1gy von\u00e1sok, vagy \u00e9des, cuki tulajdons\u00e1gok mont\u00e1zsa. K\u00f6nnyen lehet, hogy ez is k\u00f6zre j\u00e1tszhat abban, hogy b\u00e1r 37 \u00e9ves \u201em\u00e1r\u201d, m\u00e9g mindig egyed\u00fcl\u00e1ll\u00f3, \u00e9s gyereke sincs (nem mintha elz\u00e1rk\u00f3zna az anyai \u00f6r\u00f6m\u00f6k el\u0151l). Pedig \u00e9lettel teli, energikus n\u0151, k\u00f6veti a trendeket, fiatalos, ami az \u00f6lt\u00f6zk\u00f6d\u00e9s\u00e9n is megl\u00e1tszik; trendi, de nem divatf\u00fcgg\u0151, \u00e9s nem vesz mag\u00e1ra t\u00falh\u00e1jpolt szupern\u0151cis cuccokat; ink\u00e1bb csinos \u00e9s eleg\u00e1ns \u201ecsak\u201d, na \u00e9s praktikus. Ennek megfelel\u0151en \u2013 \u00f6sszhangban hobbij\u00e1val \u00e9s hivat\u00e1s\u00e1val is \u2013 szinte kiz\u00e1r\u00f3lag nadr\u00e1got hord, szokny\u00e1t csak kiv\u00e9teles esetekben, ha \u00e9pp \u00fagy hozza kedve, ha \u00fcnnepel, vagy cs\u00e1b\u00edtani akar. B\u00e1r megtehetn\u00e9 \u2013 hisz viszonylag j\u00f3m\u00f3dban \u00e9l \u2013, hogy b\u00e1rmit megvegyen, nemigen v\u00e1s\u00e1rolgat, \u00e9s a ruh\u00e1kra sem bukik k\u00fcl\u00f6n\u00f6sebben. &nbsp;Nemcsak egyed\u00fcl\u00e1ll\u00f3, de p\u00e9nz\u00fcgyileg is abszol\u00fat f\u00fcggetlen.<\/span><\/p>\n<p><span style=\"font-size: 14pt; color: #000000;\">Mindezzel vegytiszta \u00f6sszhangban \u00e1ll az a hat\u00e1rozotts\u00e1g, amit szinte minden helyzetben mutat. M\u00e9g ha probl\u00e9m\u00e1s szitu\u00e1ci\u00f3ban tal\u00e1lja mag\u00e1t, akkor sem hezit\u00e1l; ha vit\u00e1ba keveredik, nem k\u00f6nt\u00f6rfalaz, egyenesen megmond mindent, ehhez kell\u0151k\u00e9pp intelligens is. \u00c9rzelmei ritk\u00e1n mutatkoznak meg kifel\u00e9, holott egy\u00e1ltal\u00e1n nem \u00e9rz\u00e9ketlen. Nehezen t\u0171ri, ha valaki k\u00eds\u00e9rletet tesz arra, hogy belesz\u00f3ljon az \u00e9let\u00e9be, ilyenkor t\u00f6bb mint hat\u00e1rozott; ilyenkor nem idegen t\u0151le a harciass\u00e1g sem.<\/span><\/p>\n<p><span style=\"font-size: 14pt; color: #000000;\">Hat\u00e1rozotts\u00e1ga, \u00f6ntudatoss\u00e1ga az asztaln\u00e1l, egy \u00e9tteremben is megmutatkozik. Tudja, mit szeret, mire van sz\u00fcks\u00e9ge, \u00e9s att\u00f3l csak indokolt esetben t\u00e9r el; t\u00f6bbnyire halat rendel, leggyakrabban lazacot; ahogy az \u00f6lt\u00f6zk\u00f6d\u00e9sben sem, \u00fagy az asztaln\u00e1l vagy a konyh\u00e1ban sem az a k\u00eds\u00e9rletez\u0151 fajta. Viszont j\u00f3 \u00e9rz\u00e9kkel t\u00f6rekszik harm\u00f3ni\u00e1ra. A halhoz leggyakrabban roz\u00e9t iszik, egy\u00e9bk\u00e9nt is boros (mint a f\u0151h\u0151s\u00fcnk, Jack Daniel!), a j\u00e9gbort is szereti, de italai k\u00f6z\u00f6tt sem tal\u00e1lunk ezer \u00e9s egy f\u00e9l\u00e9t; azt issza, ami igaz\u00e1n bej\u00f6n neki, amit szeret, \u00e9s ahhoz ragaszkodik. Nagyon \u00e9rdekes \u00e9s jellemz\u0151 r\u00e1, hogy annyira half\u00fcgg\u0151, annyira sz\u0171k reperto\u00e1rral \u00e9s \u00f6ntudatosan \u00e9tkezik, hogy desszertek sem igen bukkannak fel a reperto\u00e1rj\u00e1ban; ha valami t\u00e1vol \u00e1ll t\u0151le, az a nassol\u00e1s, meg egy t\u00e1bla random csoki. \u00dagy t\u0171nik, Anna nem ezen a t\u00e9ren k\u00e9nyezteti mag\u00e1t. Egyed\u00fcl az \u00e9des j\u00e9gbor foghat\u00f3 fel egyfajta desszertnek, az viszont egy\u00fattal rendk\u00edv\u00fcli min\u0151s\u00e9g is \u2013 amint a j\u00f3 roz\u00e9 is.<\/span><\/p>\n<p><span style=\"font-size: 14pt; color: #000000;\">M\u00edg messzir\u0151l n\u00e9zve, els\u0151 l\u00e1t\u00e1sra igaz\u00e1n karak\u00e1n n\u0151nek t\u0171nik, megvan benne a kifinomults\u00e1g, \u00e9s a v\u00e1gy a kifinomult megold\u00e1sokra. Ezt nemcsak az jelzi, ahogy a borlapr\u00f3l v\u00e1laszt, zenei \u00edzl\u00e9se is erre utal. Nyitott m\u00e1s ir\u00e1nyokba is, de a zen\u00e9vel megint az a helyzet, mint a ruh\u00e1kkal, \u00e9telekkel \u00e9s italokkal: egy\u00e9rtelm\u0171en jazzrajong\u00f3. Sz\u00fcks\u00e9ge van az odafigyel\u00e9st, elm\u00e9ly\u00fclts\u00e9get ig\u00e9nyl\u0151, min\u0151s\u00e9gi id\u0151kre, bens\u0151s\u00e9ges hangulatokra, s ezt meg is adja mag\u00e1nak. &nbsp;&nbsp;&nbsp;&nbsp;&nbsp;&nbsp;&nbsp;&nbsp;&nbsp;&nbsp;&nbsp;<\/span><\/p>\n<p><span style=\"font-size: 14pt; color: #000000;\">Mindehhez semmi sem passzolhatna jobban, mint a lovagl\u00e1s, amit im\u00e1d, \u00e9s m\u0171vel minden l\u00e9tez\u0151 helyen \u00e9s id\u0151ben, amikor csak teheti. Kiss\u00e9 mag\u00e1nakval\u00f3 els\u0151 nekifut\u00e1sra, s l\u00e1m: hol t\u00f6lti az idej\u00e9t legsz\u00edvesebben? A term\u00e9szetben, ha lehet, akkor tereplovagl\u00e1ssal. Alkalmank\u00e9nt s\u00edel is, \u00e9s amit a term\u00e9szetben l\u00e1t lelkesen fot\u00f3zza.<\/span><\/p>\n<p><span style=\"font-size: 14pt; color: #000000;\">Anna szokatlanul mark\u00e1ns, \u00f6ntudatoss\u00e1gr\u00f3l \u00e9s szil\u00e1rds\u00e1gr\u00f3l \u00fczen\u0151 jellem\u00e9nek m\u00e9ly\u00e9n azonban ott egy j\u00f3l kezelt (j\u00f3l kompenz\u00e1lt?) bizonytalans\u00e1g is. \u00c9letc\u00e9lj\u00e1t illet\u0151en ugyanis m\u00e1r kor\u00e1nt sem olyan hat\u00e1rozott, mint azt a h\u00e9tk\u00f6znapjaib\u00f3l gondoln\u00e1nk. Kiss\u00e9 fel\u00fcletes freudista magyar\u00e1zatnak t\u0171nhet, de val\u00f3sz\u00edn\u0171leg igaz, hogy Anna \u00e9pp a minden ter\u00fcletre kiterjed\u0151 hat\u00e1rozotts\u00e1g\u00e1val takarja, hogy a legfontosabb k\u00e9rd\u00e9sek a lelke m\u00e9ly\u00e9n f\u00fcgg\u0151ben maradtak. Vonz\u00f3dik a gy\u00f3gy\u00edt\u00e1shoz, de hogy milyen form\u00e1ban tudna m\u00e1sokon seg\u00edteni, nem tudja; szakm\u00e1ja szerint k\u00f6nyvt\u00e1ros, elv\u00e9gzett egy t\u00faravezet\u0151i tanfolyamot is, de oknyomoz\u00f3 \u00fajs\u00e1g\u00edr\u00f3k\u00e9nt dolgozik, s ebb\u0151l fakad\u00f3an n\u00e9ha kock\u00e1zatos helyzetekbe ker\u00fcl. K\u00f6nnyen lehet, hogy Anna \u00e9pp az\u00e9rt megy \u00e9szakra, ami\u00e9rt \u00e9szakra ment Daniel bar\u00e1tja, Greg is.<\/span><\/p>\n<p><span style=\"font-size: 14pt; color: #000000;\">Most, hogy ennyire vil\u00e1gosan l\u00e1tjuk magunk el\u0151tt Ann\u00e1t, n\u00e9h\u00e1ny k\u00e9rd\u00e9st m\u00e9g tiszt\u00e1znunk kell.<\/span><\/p>\n<p><span style=\"font-size: 14pt; color: #000000;\">Van egy dramaturgiai dilemma, amit hamar meg kell oldanunk. Mik\u00e9nt l\u00e9pjen be Anna a k\u00e9pbe? Akkor l\u00e1ssuk el\u0151sz\u00f6r, amikor Daniellel el\u0151sz\u00f6r tal\u00e1lkozik? Vagy l\u00e1ssuk \u0151t is r\u00f6gt\u00f6n az elej\u00e9t\u0151l?<\/span><\/p>\n<p><span style=\"font-size: 14pt; color: #000000;\">S felmer\u00fclt bennem egy m\u00e1sik k\u00e9rd\u00e9s is, de ne higgye senki, hogy a szavaz\u00e1s eredm\u00e9ny\u00e9t akarom fel\u00fcl\u00edrni, \u00e1m most, hogy h\u00e1rom embert l\u00e1tunk viszonylag pontosan \u2013 Danielt, Greget \u00e9s Ann\u00e1t \u2013 musz\u00e1j megk\u00e9rdeznem: biztosak vagyunk abban, hogy Anna Daniellel j\u00f6n majd \u00f6ssze?<\/span><\/p>\n<p><span style=\"font-size: 14pt; color: #000000;\">Ezeket a k\u00e9rd\u00e9seket a megszokott m\u00f3don felrakom a <a href=\"https:\/\/www.facebook.com\/centauriweb\/posts\/3838069592890429\" target=\"_blank\" rel=\"noopener noreferrer\">Facebook-poszt<\/a> al\u00e1. Szavazzatok \u00e9s \u00edrj\u00e1tok meg hozz\u00e1sz\u00f3l\u00e1sban a poszt alatt a v\u00e9lem\u00e9nyeteket!<\/span><\/p>\n<p><span style=\"font-size: 14pt; color: #000000;\">Hajr\u00e1 Szerz\u0151t\u00e1rsak 2020 utols\u00f3 napj\u00e1n is!<\/span><\/p>\n<hr>\n<p style=\"text-align: right;\"><span style=\"color: #ff0000; font-size: 14pt;\">Hozz\u00e1sz\u00f3l\u00e1sokhoz g\u00f6rd\u00fclj lejjebb!<\/span><\/p>\n<hr>\n\n<hr>\n\n<hr>\n\n<hr>\n<p style=\"text-align: center;\"><span style=\"font-size: 14pt;\"><strong>Feliratkozt\u00e1l m\u00e1r h\u00edrlev\u00e9lre? Pr\u00f3b\u00e1ld ki!<\/strong><\/span><\/p>\n<p style=\"text-align: center;\"><div role=\"form\" class=\"wpcf7\" id=\"wpcf7-f264-o1\" lang=\"hu-HU\" dir=\"ltr\">\n<div class=\"screen-reader-response\"><p role=\"status\" aria-live=\"polite\" aria-atomic=\"true\"><\/p> <ul><\/ul><\/div>\n<form action=\"\/archiv\/wp-json\/wp\/v2\/pages\/22945#wpcf7-f264-o1\" method=\"post\" class=\"wpcf7-form init\" novalidate=\"novalidate\" data-status=\"init\">\n<div style=\"display: none;\">\n<input type=\"hidden\" name=\"_wpcf7\" value=\"264\" \/>\n<input type=\"hidden\" name=\"_wpcf7_version\" value=\"5.3.2\" \/>\n<input type=\"hidden\" name=\"_wpcf7_locale\" value=\"hu_HU\" \/>\n<input type=\"hidden\" name=\"_wpcf7_unit_tag\" value=\"wpcf7-f264-o1\" \/>\n<input type=\"hidden\" name=\"_wpcf7_container_post\" value=\"0\" \/>\n<input type=\"hidden\" name=\"_wpcf7_posted_data_hash\" value=\"\" \/>\n<input type=\"hidden\" name=\"_wpcf7_recaptcha_response\" value=\"\" \/>\n<\/div>\n<p class=\"letter-img\">\n<img class=\"letter\" src=\"https:\/\/centauriweb.hu\/archiv\/wp-content\/uploads\/2020\/12\/letter.png\" width=\"71\" height=\"71\">\n<\/p>\n<p>N\u00e9v* <br \/>\n<span class=\"wpcf7-form-control-wrap your-name\"><input type=\"text\" name=\"your-name\" value=\"\" size=\"40\" class=\"wpcf7-form-control wpcf7-text wpcf7-validates-as-required\" aria-required=\"true\" aria-invalid=\"false\" \/><\/span><\/p>\n<p>Email c\u00edm* <br \/>\n    <span class=\"wpcf7-form-control-wrap your-email\"><input type=\"email\" name=\"your-email\" value=\"\" size=\"40\" class=\"wpcf7-form-control wpcf7-text wpcf7-email wpcf7-validates-as-required wpcf7-validates-as-email\" aria-required=\"true\" aria-invalid=\"false\" \/><\/span> <\/p>\n<p><input type=\"submit\" value=\"FELIRATKOZOM!\" class=\"wpcf7-form-control wpcf7-submit\" \/><\/p>\n<p style=\"display: none !important;\" class=\"akismet-fields-container\" data-prefix=\"_wpcf7_ak_\"><label>&#916;<textarea name=\"_wpcf7_ak_hp_textarea\" cols=\"45\" rows=\"8\" maxlength=\"100\"><\/textarea><\/label><input type=\"hidden\" id=\"ak_js_1\" name=\"_wpcf7_ak_js\" value=\"239\"\/><script type=\"text\/javascript\">\ndocument.getElementById( \"ak_js_1\" ).setAttribute( \"value\", ( new Date() ).getTime() );\n<\/script>\n<\/p><div class=\"inv-recaptcha-holder\"><\/div><div class=\"wpcf7-response-output\" aria-hidden=\"true\"><\/div><\/form><\/div><\/p>\n<p><span style=\"font-size: 14pt; color: #000000;\">&nbsp;&nbsp;&nbsp;&nbsp;&nbsp;&nbsp;<\/span><\/p>\n","protected":false},"excerpt":{"rendered":"<p>\u00c9LETRE KELT AZ \u00c9LETER\u0150S&nbsp; MAGYAR L\u00c1NY, ANNA Ismerj\u00e9tek meg Ann\u00e1t, a Norv\u00e9gi\u00e1ban \u00e9l\u0151 magyar n\u0151t, aki hirtelen annyira k\u00f6rvonalazott l\u00e9ny lett, hogy szinte \u00e1t\u00fct a fantomk\u00e9pe a monitoron. Gratul\u00e1lok! Nagyok vagytok \ud83d\ude0a Sz\u00f3val. Ha valaki messze esik a cicabab\u00e1kt\u00f3l, akkor Anna az. Nagyon is. Hossz\u00fa sz\u0151k\u00e9sbarna haj\u00e1t lesz\u00e1m\u00edtva mind k\u00fcllem\u00e9ben,\u2026<\/p>\n<p class=\"continue-reading-button\"> <a class=\"continue-reading-link\" href=\"https:\/\/centauriweb.hu\/archiv\/novellak\/kari\/eletre-kelt-az-eleteros-magyar-lany-anna\/\">Tov\u00e1bb<i class=\"crycon-right-dir\"><\/i><\/a><\/p>\n","protected":false},"author":2,"featured_media":22731,"parent":22648,"menu_order":0,"comment_status":"open","ping_status":"closed","template":"","meta":{"ngg_post_thumbnail":0,"_vp_format_video_url":"","_vp_image_focal_point":[]},"yoast_head":"<!-- This site is optimized with the Yoast SEO plugin v14.0.4 - https:\/\/yoast.com\/wordpress\/plugins\/seo\/ -->\n<title>\u00c9letre kelt az \u00e9leter\u0151s magyar l\u00e1ny, Anna - CENWEB<\/title>\n<meta name=\"description\" content=\"\u00c9LETRE KELT AZ \u00c9LETER\u0150S\u00a0 MAGYAR L\u00c1NY, ANNAIsmerj\u00e9tek meg Ann\u00e1t, a Norv\u00e9gi\u00e1ban \u00e9l\u0151 magyar n\u0151t, aki hirtelen annyira k\u00f6rvonalazott l\u00e9ny\" \/>\n<meta name=\"robots\" content=\"index, follow\" \/>\n<meta name=\"googlebot\" content=\"index, follow, max-snippet:-1, max-image-preview:large, max-video-preview:-1\" \/>\n<meta name=\"bingbot\" content=\"index, follow, max-snippet:-1, max-image-preview:large, max-video-preview:-1\" \/>\n<link rel=\"canonical\" href=\"https:\/\/centauriweb.hu\/archiv\/kari\/eletre-kelt-az-eleteros-magyar-lany-anna\/\" \/>\n<meta property=\"og:locale\" content=\"hu_HU\" \/>\n<meta property=\"og:type\" content=\"article\" \/>\n<meta property=\"og:title\" content=\"\u00c9letre kelt az \u00e9leter\u0151s magyar l\u00e1ny, Anna - CENWEB\" \/>\n<meta property=\"og:description\" content=\"\u00c9LETRE KELT AZ \u00c9LETER\u0150S\u00a0 MAGYAR L\u00c1NY, ANNAIsmerj\u00e9tek meg Ann\u00e1t, a Norv\u00e9gi\u00e1ban \u00e9l\u0151 magyar n\u0151t, aki hirtelen annyira k\u00f6rvonalazott l\u00e9ny\" \/>\n<meta property=\"og:url\" content=\"https:\/\/centauriweb.hu\/archiv\/kari\/eletre-kelt-az-eleteros-magyar-lany-anna\/\" \/>\n<meta property=\"og:site_name\" content=\"CENWEB\" \/>\n<meta property=\"article:modified_time\" content=\"2020-12-31T12:23:48+00:00\" \/>\n<meta property=\"og:image\" content=\"https:\/\/centauriweb.hu\/archiv\/wp-content\/uploads\/2020\/12\/1000-girl-3212061_1280.jpg\" \/>\n\t<meta property=\"og:image:width\" content=\"1000\" \/>\n\t<meta property=\"og:image:height\" content=\"632\" \/>\n<script type=\"application\/ld+json\" class=\"yoast-schema-graph\">{\"@context\":\"https:\/\/schema.org\",\"@graph\":[{\"@type\":\"WebSite\",\"@id\":\"https:\/\/centauriweb.hu\/archiv\/#website\",\"url\":\"https:\/\/centauriweb.hu\/archiv\/\",\"name\":\"CENWEB\",\"description\":\"MAGAZIN | ARCH\\u00cdVUM | 2006-2023. \",\"potentialAction\":[{\"@type\":\"SearchAction\",\"target\":\"https:\/\/centauriweb.hu\/archiv\/?s={search_term_string}\",\"query-input\":\"required name=search_term_string\"}],\"inLanguage\":\"hu\"},{\"@type\":\"ImageObject\",\"@id\":\"https:\/\/centauriweb.hu\/archiv\/kari\/eletre-kelt-az-eleteros-magyar-lany-anna\/#primaryimage\",\"inLanguage\":\"hu\",\"url\":\"https:\/\/centauriweb.hu\/archiv\/wp-content\/uploads\/2020\/12\/1000-girl-3212061_1280.jpg\",\"width\":1000,\"height\":632},{\"@type\":\"WebPage\",\"@id\":\"https:\/\/centauriweb.hu\/archiv\/kari\/eletre-kelt-az-eleteros-magyar-lany-anna\/#webpage\",\"url\":\"https:\/\/centauriweb.hu\/archiv\/kari\/eletre-kelt-az-eleteros-magyar-lany-anna\/\",\"name\":\"\\u00c9letre kelt az \\u00e9leter\\u0151s magyar l\\u00e1ny, Anna - CENWEB\",\"isPartOf\":{\"@id\":\"https:\/\/centauriweb.hu\/archiv\/#website\"},\"primaryImageOfPage\":{\"@id\":\"https:\/\/centauriweb.hu\/archiv\/kari\/eletre-kelt-az-eleteros-magyar-lany-anna\/#primaryimage\"},\"datePublished\":\"2020-12-31T12:03:04+00:00\",\"dateModified\":\"2020-12-31T12:23:48+00:00\",\"description\":\"\\u00c9LETRE KELT AZ \\u00c9LETER\\u0150S\\u00a0 MAGYAR L\\u00c1NY, ANNAIsmerj\\u00e9tek meg Ann\\u00e1t, a Norv\\u00e9gi\\u00e1ban \\u00e9l\\u0151 magyar n\\u0151t, aki hirtelen annyira k\\u00f6rvonalazott l\\u00e9ny\",\"inLanguage\":\"hu\",\"potentialAction\":[{\"@type\":\"ReadAction\",\"target\":[\"https:\/\/centauriweb.hu\/archiv\/kari\/eletre-kelt-az-eleteros-magyar-lany-anna\/\"]}]}]}<\/script>\n<!-- \/ Yoast SEO plugin. -->","_links":{"self":[{"href":"https:\/\/centauriweb.hu\/archiv\/wp-json\/wp\/v2\/pages\/22945"}],"collection":[{"href":"https:\/\/centauriweb.hu\/archiv\/wp-json\/wp\/v2\/pages"}],"about":[{"href":"https:\/\/centauriweb.hu\/archiv\/wp-json\/wp\/v2\/types\/page"}],"author":[{"embeddable":true,"href":"https:\/\/centauriweb.hu\/archiv\/wp-json\/wp\/v2\/users\/2"}],"replies":[{"embeddable":true,"href":"https:\/\/centauriweb.hu\/archiv\/wp-json\/wp\/v2\/comments?post=22945"}],"version-history":[{"count":5,"href":"https:\/\/centauriweb.hu\/archiv\/wp-json\/wp\/v2\/pages\/22945\/revisions"}],"predecessor-version":[{"id":22950,"href":"https:\/\/centauriweb.hu\/archiv\/wp-json\/wp\/v2\/pages\/22945\/revisions\/22950"}],"up":[{"embeddable":true,"href":"https:\/\/centauriweb.hu\/archiv\/wp-json\/wp\/v2\/pages\/22648"}],"wp:featuredmedia":[{"embeddable":true,"href":"https:\/\/centauriweb.hu\/archiv\/wp-json\/wp\/v2\/media\/22731"}],"wp:attachment":[{"href":"https:\/\/centauriweb.hu\/archiv\/wp-json\/wp\/v2\/media?parent=22945"}],"curies":[{"name":"wp","href":"https:\/\/api.w.org\/{rel}","templated":true}]}}