{"id":22662,"date":"2020-12-20T08:32:55","date_gmt":"2020-12-20T06:32:55","guid":{"rendered":"https:\/\/centauriweb.hu\/?page_id=22662"},"modified":"2020-12-20T08:33:30","modified_gmt":"2020-12-20T06:33:30","slug":"nahat-milyen-az-elet-regenyhossel-a-fejemben-ebredtem","status":"publish","type":"page","link":"https:\/\/centauriweb.hu\/archiv\/novellak\/kari\/nahat-milyen-az-elet-regenyhossel-a-fejemben-ebredtem\/","title":{"rendered":"Nah\u00e1t, milyen az \u00e9let! Reg\u00e9nyh\u0151ssel a fejemben \u00e9bredtem"},"content":{"rendered":"<p><a href=\"https:\/\/centauriweb.hu\/archiv\/1000-egyutt-konnyebb\/\"><img decoding=\"async\" loading=\"lazy\" class=\"alignnone size-full wp-image-22659\" src=\"https:\/\/centauriweb.hu\/archiv\/wp-content\/uploads\/2020\/12\/1000-egy\u00fctt-k\u00f6nnyebb.png\" alt=\"\" width=\"1000\" height=\"666\"><\/a><\/p>\n<p><span style=\"font-size: 14pt; color: #000000;\"><span style=\"color: #ff0000;\"><a href=\"https:\/\/centauriweb.hu\/archiv\/tallozo\/termeszet-2\/mivel-talalkozik-egy-buvar-tengerben-mindenre-gondolnek-de-erre-nem\/cen_logo_circle\/\" rel=\"attachment wp-att-7379\"><img decoding=\"async\" loading=\"lazy\" class=\"size-full wp-image-7379 alignleft\" src=\"https:\/\/centauriweb.hu\/archiv\/wp-content\/uploads\/2018\/04\/cen_logo_circle.png\" alt=\"\" width=\"100\" height=\"100\"><\/a>2020.12.20.<\/span> Nah\u00e1t! Milyen az \u00e9let! Ma kora hajnalban egy \u00faj reg\u00e9nyh\u0151ssel a fejemben keltem. Arca m\u00e9g nincs, neve m\u00e9g nincs, de az\u00e9rt p\u00e1r \u00f3ra alatt is k\u00f6rvonalaz\u00f3dott valami. Er\u0151sen kezdt\u00fcnk, \u00e1m er\u0151s\u00edteni kell; ennek \u00e9rdek\u00e9ben fogok megtenni ma mindent, lehet\u0151leg \u00fagy, hogy minden m\u00e1s is haladjon. Egyel\u0151re nem \u00e1llhatok neki k\u00f6z\u00f6s kisreg\u00e9ny\u00fcnk meg\u00edr\u00e1s\u00e1nak, ahhoz kelleni fognak sz\u00f6vegek, erre ma biztosan sort ker\u00edt\u00fcnk. Megkezd\u0151dik a gy\u0171jt\u00f6get\u00e9s. Szint\u00e9n fontos lenne feltennem f\u0151h\u0151s\u00fcnkkel kapcsolatosan \u00fagy 15-20 k\u00e9rd\u00e9st (ezeket \u00f6ssze is \u00edrtam m\u00e1r), aki jelenlegi \u00e1ll\u00e1s szerint k\u00f6z\u00e9pkor\u00fa f\u00e9rfi lesz, de sokkal t\u00f6bb szavazat kellene, hogy ebben biztosak lehess\u00fcnk. Rem\u00e9lem, nem kell sok\u00e1ig v\u00e1rni.<\/span><\/p>\n<blockquote><p><span style=\"font-size: 14pt; color: #000000;\">Nem akarom elkiab\u00e1lni, de azt hiszem, ez a kisreg\u00e9ny leveg\u0151t hozott nekem is.<\/span><\/p><\/blockquote>\n<p><span style=\"font-size: 14pt; color: #000000;\">Szokatlanul frissen \u00e9bredtem; legal\u00e1bb \u00fagy, mint aki 12 \u00f3r\u00e1t aludt. <strong>B\u00e1rcsak m\u00e1sokat is friss\u00edtene kiss\u00e9<\/strong>. Azt hiszem az adott plusz leveg\u0151t, hogy ez tipikusan olyan v\u00e1llalkoz\u00e1s, melyen hi\u00e1ba agyal az ember h\u00f3napokig, tem\u00e9rdek vonatkoz\u00e1s egyszer\u0171en csak a gyakorlatban ellen\u0151rizhet\u0151. A tegnapi tapasztalatokb\u00f3l t\u00f6bbet tudtam meg, mint kor\u00e1bban h\u00e1rom hetes t\u00f6preng\u00e9s alatt. Sz\u00e1mos olyan k\u00e9rd\u00e9s volt, amire nem tal\u00e1ltam a v\u00e1laszt \u2013 most viszont l\u00e1tom a v\u00e1laszok egy r\u00e9sz\u00e9t, \u00e9s ami a legfogasabb k\u00e9rd\u00e9s volt: az \u00edr\u00e1s folyamat\u00e1t. Az od\u00e1ig rendben van, hogy van egy met\u00f3dus, ahogy \u00e9n dolgozom, de egy\u00fctt \u00edrni veletek az nagyon m\u00e1s. A k\u00f6z\u00f6s ir\u00e1nyults\u00e1gok integr\u00e1l\u00e1sa egyetlen t\u00f6rt\u00e9netben elvileg nehezen elk\u00e9pzelhet\u0151 \u2013 ma hajnalban viszont arra \u00e9bredtem, hogy menni fog, m\u00e9ghozz\u00e1 sokkal k\u00f6nnyebben, mint eredetileg gondoltam.<\/span><\/p>\n<blockquote><p><span style=\"font-size: 14pt; color: #000000;\">Megd\u00f6bbent\u0151 \u00e9lm\u00e9ny, hogy pontosan ugyanazt a bizserg\u00e9st \u00e9rzem, mint amikor a magam reg\u00e9nyeit \u00edrom.<\/span><\/p><\/blockquote>\n<p><span style=\"font-size: 14pt; color: #000000;\">Rettent\u0151 er\u0151vel h\u00fazna a t\u00f6rt\u00e9net mag\u00e1hoz; az a l\u00e9gk\u00f6r, amit r\u00e9szint szavazatar\u00e1nyok, s nem kis r\u00e9szben a k\u00fcld\u00f6tt k\u00e9pek sugallnak. A mai nap egyik legnagyobb feladat \u00e9pp az lesz, hogy ennek ellen\u00e9re kord\u00e1ban tartsam magam, \u00e9s m\u00e1s vonalakat is tov\u00e1bbvigyek, m\u00edg rem\u00e9lhet\u0151en zajlik a szavaz\u00e1s \u00e9s gyarapodik a kisreg\u00e9ny els\u0151 sz\u00f6veggy\u0171jtem\u00e9nye.<\/span><\/p>\n<p><span style=\"font-size: 14pt; color: #000000;\">Err\u0151l a sz\u00f6veggy\u0171jtem\u00e9nyr\u0151l, \u00e9s a kisreg\u00e9ny \u201esz\u00f6veggy\u00e1r\u00e1r\u00f3l\u201d k\u00fcl\u00f6n posztban \u00edrok.<\/span><\/p>\n<p><span style=\"font-size: 14pt; color: #000000;\">Hajnalban elk\u00e9sz\u00edtettem az els\u0151 jegyzeteimet, de ezeket a reg\u00e9ny befejez\u00e9s\u00e9ig megtartom magamnak, hisz akkor sokszor szpojlerezn\u00e9k. Mert b\u00e1r egy\u00fctt \u00edrjuk a k\u00f6nyvet, nem mindenr\u0151l tudtok, ami szerintem a szavazati ar\u00e1nyokb\u00f3l k\u00f6vetkezik. \ud83d\ude0a<\/span><\/p>\n<p><span style=\"font-size: 14pt; color: #000000;\">M\u00e1ris t\u00f6bben jelezt\u00e9k, hogy nem kellene felt\u00e9tlen\u00fcl befejezni, lekerek\u00edteni szentest\u00e9re ezt a sztorit, s ebben van is r\u00e1ci\u00f3, mivel kicsit kev\u00e9s az id\u0151. Meg lehet tenni, de k\u00e9rd\u00e9s, hogy \u00e9rdemes-e. Az biztos, hogy elindulhat, \u00e9s j\u00f3 p\u00e1r fejezet elk\u00e9sz\u00fclhet kar\u00e1csony est\u00e9j\u00e9ig, de ha \u00fagy alakul, a v\u00e9gs\u0151 befejez\u00e9st kitolhatjuk szilveszterig is.<\/span><\/p>\n<p><span style=\"font-size: 18pt; color: #000000;\">Ti mit gondoltok?<\/span><\/p>\n<p><span style=\"font-size: 14pt; color: #000000;\">Err\u0151l egyel\u0151re nem ind\u00edtok szavaz\u00e1st.<\/span><\/p>\n<hr>\n<p style=\"text-align: right;\"><span style=\"font-size: 14pt; color: #ff0000;\">Hozz\u00e1sz\u00f3l\u00e1sokhoz g\u00f6rd\u00fclj lejjebb!<\/span><\/p>\n<p><span style=\"font-size: 14pt;\"><strong>Feliratkozt\u00e1l m\u00e1r h\u00edrlev\u00e9lre? Pr\u00f3b\u00e1ld ki!<\/strong>&nbsp;<\/span> <div role=\"form\" class=\"wpcf7\" id=\"wpcf7-f264-o1\" lang=\"hu-HU\" dir=\"ltr\">\n<div class=\"screen-reader-response\"><p role=\"status\" aria-live=\"polite\" aria-atomic=\"true\"><\/p> <ul><\/ul><\/div>\n<form action=\"\/archiv\/wp-json\/wp\/v2\/pages\/22662#wpcf7-f264-o1\" method=\"post\" class=\"wpcf7-form init\" novalidate=\"novalidate\" data-status=\"init\">\n<div style=\"display: none;\">\n<input type=\"hidden\" name=\"_wpcf7\" value=\"264\" \/>\n<input type=\"hidden\" name=\"_wpcf7_version\" value=\"5.3.2\" \/>\n<input type=\"hidden\" name=\"_wpcf7_locale\" value=\"hu_HU\" \/>\n<input type=\"hidden\" name=\"_wpcf7_unit_tag\" value=\"wpcf7-f264-o1\" \/>\n<input type=\"hidden\" name=\"_wpcf7_container_post\" value=\"0\" \/>\n<input type=\"hidden\" name=\"_wpcf7_posted_data_hash\" value=\"\" \/>\n<input type=\"hidden\" name=\"_wpcf7_recaptcha_response\" value=\"\" \/>\n<\/div>\n<p class=\"letter-img\">\n<img class=\"letter\" src=\"https:\/\/centauriweb.hu\/archiv\/wp-content\/uploads\/2020\/12\/letter.png\" width=\"71\" height=\"71\">\n<\/p>\n<p>N\u00e9v* <br \/>\n<span class=\"wpcf7-form-control-wrap your-name\"><input type=\"text\" name=\"your-name\" value=\"\" size=\"40\" class=\"wpcf7-form-control wpcf7-text wpcf7-validates-as-required\" aria-required=\"true\" aria-invalid=\"false\" \/><\/span><\/p>\n<p>Email c\u00edm* <br \/>\n    <span class=\"wpcf7-form-control-wrap your-email\"><input type=\"email\" name=\"your-email\" value=\"\" size=\"40\" class=\"wpcf7-form-control wpcf7-text wpcf7-email wpcf7-validates-as-required wpcf7-validates-as-email\" aria-required=\"true\" aria-invalid=\"false\" \/><\/span> <\/p>\n<p><input type=\"submit\" value=\"FELIRATKOZOM!\" class=\"wpcf7-form-control wpcf7-submit\" \/><\/p>\n<p style=\"display: none !important;\" class=\"akismet-fields-container\" data-prefix=\"_wpcf7_ak_\"><label>&#916;<textarea name=\"_wpcf7_ak_hp_textarea\" cols=\"45\" rows=\"8\" maxlength=\"100\"><\/textarea><\/label><input type=\"hidden\" id=\"ak_js_1\" name=\"_wpcf7_ak_js\" value=\"192\"\/><script type=\"text\/javascript\">\ndocument.getElementById( \"ak_js_1\" ).setAttribute( \"value\", ( new Date() ).getTime() );\n<\/script>\n<\/p><div class=\"inv-recaptcha-holder\"><\/div><div class=\"wpcf7-response-output\" aria-hidden=\"true\"><\/div><\/form><\/div><\/p>\n<hr>\n\n<hr>\n\n<hr>\n\n<p><span style=\"font-size: 14pt; color: #000000;\">&nbsp; &nbsp;&nbsp;<\/span><\/p>\n","protected":false},"excerpt":{"rendered":"<p>2020.12.20. Nah\u00e1t! Milyen az \u00e9let! Ma kora hajnalban egy \u00faj reg\u00e9nyh\u0151ssel a fejemben keltem. Arca m\u00e9g nincs, neve m\u00e9g nincs, de az\u00e9rt p\u00e1r \u00f3ra alatt is k\u00f6rvonalaz\u00f3dott valami. Er\u0151sen kezdt\u00fcnk, \u00e1m er\u0151s\u00edteni kell; ennek \u00e9rdek\u00e9ben fogok megtenni ma mindent, lehet\u0151leg \u00fagy, hogy minden m\u00e1s is haladjon. Egyel\u0151re nem \u00e1llhatok neki\u2026<\/p>\n<p class=\"continue-reading-button\"> <a class=\"continue-reading-link\" href=\"https:\/\/centauriweb.hu\/archiv\/novellak\/kari\/nahat-milyen-az-elet-regenyhossel-a-fejemben-ebredtem\/\">Tov\u00e1bb<i class=\"crycon-right-dir\"><\/i><\/a><\/p>\n","protected":false},"author":2,"featured_media":22659,"parent":22648,"menu_order":0,"comment_status":"open","ping_status":"closed","template":"","meta":{"ngg_post_thumbnail":0,"_vp_format_video_url":"","_vp_image_focal_point":[]},"yoast_head":"<!-- This site is optimized with the Yoast SEO plugin v14.0.4 - https:\/\/yoast.com\/wordpress\/plugins\/seo\/ -->\n<title>Nah\u00e1t, milyen az \u00e9let! Reg\u00e9nyh\u0151ssel a fejemben \u00e9bredtem - CENWEB<\/title>\n<meta name=\"description\" content=\"Nah\u00e1t! Milyen az \u00e9let! Ma kora hajnalban egy \u00faj reg\u00e9nyh\u0151ssel a fejemben keltem. Arca m\u00e9g nincs, neve m\u00e9g nincs, de az\u00e9rt p\u00e1r\" \/>\n<meta name=\"robots\" content=\"index, follow\" \/>\n<meta name=\"googlebot\" content=\"index, follow, max-snippet:-1, max-image-preview:large, max-video-preview:-1\" \/>\n<meta name=\"bingbot\" content=\"index, follow, max-snippet:-1, max-image-preview:large, max-video-preview:-1\" \/>\n<link rel=\"canonical\" href=\"https:\/\/centauriweb.hu\/archiv\/kari\/nahat-milyen-az-elet-regenyhossel-a-fejemben-ebredtem\/\" \/>\n<meta property=\"og:locale\" content=\"hu_HU\" \/>\n<meta property=\"og:type\" content=\"article\" \/>\n<meta property=\"og:title\" content=\"Nah\u00e1t, milyen az \u00e9let! Reg\u00e9nyh\u0151ssel a fejemben \u00e9bredtem - CENWEB\" \/>\n<meta property=\"og:description\" content=\"Nah\u00e1t! Milyen az \u00e9let! Ma kora hajnalban egy \u00faj reg\u00e9nyh\u0151ssel a fejemben keltem. Arca m\u00e9g nincs, neve m\u00e9g nincs, de az\u00e9rt p\u00e1r\" \/>\n<meta property=\"og:url\" content=\"https:\/\/centauriweb.hu\/archiv\/kari\/nahat-milyen-az-elet-regenyhossel-a-fejemben-ebredtem\/\" \/>\n<meta property=\"og:site_name\" content=\"CENWEB\" \/>\n<meta property=\"article:modified_time\" content=\"2020-12-20T06:33:30+00:00\" \/>\n<meta property=\"og:image\" content=\"https:\/\/centauriweb.hu\/archiv\/wp-content\/uploads\/2020\/12\/1000-egy\u00fctt-k\u00f6nnyebb.png\" \/>\n\t<meta property=\"og:image:width\" content=\"1000\" \/>\n\t<meta property=\"og:image:height\" content=\"666\" \/>\n<script type=\"application\/ld+json\" class=\"yoast-schema-graph\">{\"@context\":\"https:\/\/schema.org\",\"@graph\":[{\"@type\":\"WebSite\",\"@id\":\"https:\/\/centauriweb.hu\/archiv\/#website\",\"url\":\"https:\/\/centauriweb.hu\/archiv\/\",\"name\":\"CENWEB\",\"description\":\"MAGAZIN | ARCH\\u00cdVUM | 2006-2023. \",\"potentialAction\":[{\"@type\":\"SearchAction\",\"target\":\"https:\/\/centauriweb.hu\/archiv\/?s={search_term_string}\",\"query-input\":\"required name=search_term_string\"}],\"inLanguage\":\"hu\"},{\"@type\":\"ImageObject\",\"@id\":\"https:\/\/centauriweb.hu\/archiv\/kari\/nahat-milyen-az-elet-regenyhossel-a-fejemben-ebredtem\/#primaryimage\",\"inLanguage\":\"hu\",\"url\":\"https:\/\/centauriweb.hu\/archiv\/wp-content\/uploads\/2020\/12\/1000-egy\\u00fctt-k\\u00f6nnyebb.png\",\"width\":1000,\"height\":666},{\"@type\":\"WebPage\",\"@id\":\"https:\/\/centauriweb.hu\/archiv\/kari\/nahat-milyen-az-elet-regenyhossel-a-fejemben-ebredtem\/#webpage\",\"url\":\"https:\/\/centauriweb.hu\/archiv\/kari\/nahat-milyen-az-elet-regenyhossel-a-fejemben-ebredtem\/\",\"name\":\"Nah\\u00e1t, milyen az \\u00e9let! Reg\\u00e9nyh\\u0151ssel a fejemben \\u00e9bredtem - CENWEB\",\"isPartOf\":{\"@id\":\"https:\/\/centauriweb.hu\/archiv\/#website\"},\"primaryImageOfPage\":{\"@id\":\"https:\/\/centauriweb.hu\/archiv\/kari\/nahat-milyen-az-elet-regenyhossel-a-fejemben-ebredtem\/#primaryimage\"},\"datePublished\":\"2020-12-20T06:32:55+00:00\",\"dateModified\":\"2020-12-20T06:33:30+00:00\",\"description\":\"Nah\\u00e1t! Milyen az \\u00e9let! Ma kora hajnalban egy \\u00faj reg\\u00e9nyh\\u0151ssel a fejemben keltem. Arca m\\u00e9g nincs, neve m\\u00e9g nincs, de az\\u00e9rt p\\u00e1r\",\"inLanguage\":\"hu\",\"potentialAction\":[{\"@type\":\"ReadAction\",\"target\":[\"https:\/\/centauriweb.hu\/archiv\/kari\/nahat-milyen-az-elet-regenyhossel-a-fejemben-ebredtem\/\"]}]}]}<\/script>\n<!-- \/ Yoast SEO plugin. -->","_links":{"self":[{"href":"https:\/\/centauriweb.hu\/archiv\/wp-json\/wp\/v2\/pages\/22662"}],"collection":[{"href":"https:\/\/centauriweb.hu\/archiv\/wp-json\/wp\/v2\/pages"}],"about":[{"href":"https:\/\/centauriweb.hu\/archiv\/wp-json\/wp\/v2\/types\/page"}],"author":[{"embeddable":true,"href":"https:\/\/centauriweb.hu\/archiv\/wp-json\/wp\/v2\/users\/2"}],"replies":[{"embeddable":true,"href":"https:\/\/centauriweb.hu\/archiv\/wp-json\/wp\/v2\/comments?post=22662"}],"version-history":[{"count":1,"href":"https:\/\/centauriweb.hu\/archiv\/wp-json\/wp\/v2\/pages\/22662\/revisions"}],"predecessor-version":[{"id":22663,"href":"https:\/\/centauriweb.hu\/archiv\/wp-json\/wp\/v2\/pages\/22662\/revisions\/22663"}],"up":[{"embeddable":true,"href":"https:\/\/centauriweb.hu\/archiv\/wp-json\/wp\/v2\/pages\/22648"}],"wp:featuredmedia":[{"embeddable":true,"href":"https:\/\/centauriweb.hu\/archiv\/wp-json\/wp\/v2\/media\/22659"}],"wp:attachment":[{"href":"https:\/\/centauriweb.hu\/archiv\/wp-json\/wp\/v2\/media?parent=22662"}],"curies":[{"name":"wp","href":"https:\/\/api.w.org\/{rel}","templated":true}]}}