{"id":2033,"date":"2015-01-07T00:07:43","date_gmt":"2015-01-07T00:07:43","guid":{"rendered":"http:\/\/centauriweb.hu\/?page_id=2033"},"modified":"2018-03-01T23:15:58","modified_gmt":"2018-03-01T23:15:58","slug":"centauri-2015","status":"publish","type":"page","link":"https:\/\/centauriweb.hu\/archiv\/hirek\/centauri-2015\/","title":{"rendered":"Centauri &#8211; 2015."},"content":{"rendered":"<div class=\"_5pbx userContent\" data-ft=\"{&quot;tn&quot;:&quot;K&quot;}\">\n<div class=\"_5pbx userContent\" data-ft=\"{&quot;tn&quot;:&quot;K&quot;}\">\n<h5><strong><span style=\"color: #000000;\"><a href=\"http:\/\/https:\/\/centauriweb.hu\/archiv\/wp-content\/uploads\/2015\/01\/Lighthouse-in-the-storm.jpg\"><img decoding=\"async\" loading=\"lazy\" class=\"alignleft wp-image-3285 size-thumbnail\" src=\"http:\/\/https:\/\/centauriweb.hu\/archiv\/wp-content\/uploads\/2015\/01\/Lighthouse-in-the-storm-150x150.jpg\" alt=\"j\u0102\u02c7kob botja\" width=\"150\" height=\"150\" \/><\/a><\/span>2015.09.19.<\/strong> <span style=\"color: #000000;\">JACK \u00c9S POTTI c\u00edmmel hossz\u00fa &#8220;J\u00e1kob botja&#8221; r\u00e9szlet olvashat\u00f3 a 2000 legut\u00f3bbi, augusztusi sz\u00e1m\u00e1ban.<\/span><\/h5>\n<h5 style=\"text-align: justify;\"><span style=\"color: #000000;\">&#8220;L\u00e1tod? Olyan vagyok \u00e9n is, ak\u00e1r a tenger. Sz\u00edne is, sz\u00e1nd\u00e9ka is \u00f3r\u00e1nk\u00e9nt v\u00e1ltozik. L\u00e1m, m\u00e9g fel sem h\u00faztuk a horgonyt, s m\u00e1ris s\u00fcllyed\u00fcnk. K\u00f6d \u00e9s g\u0151z gomolyog a Morton k\u00f6r\u00fcl, d\u00f6ng alattunk a tenger \u00e9s d\u00fch\u00f6s vagyok, hogy engem ilyen k\u00f6nnyen l\u00f3b\u00e1l a sok \u00e9rz\u00e9s. Potti mutat egy brigget? R\u00f6gt\u00f6n oda minden tervem. H\u00e1t ez vicc. B\u00e1rmi, b\u00e1rmikor elt\u00e9r\u00edthet. Ha az any\u00e1m a konzervgy\u00e1rba k<span class=\"text_exposed_show\">\u00fcld? Be\u00e1llok. Azt\u00e1n lapot hordok, ha ap\u00e1m azt k\u00e9ri. M\u00e9giscsak a magam ura lenn\u00e9k? De a haj\u00f3n nem vagyok meg Mia n\u00e9lk\u00fcl. R\u00e1ad\u00e1sul a haj\u00f3r\u00f3l a partra, Ina Coolbirth-h\u00f6z h\u00faz a sz\u00edvem, a partr\u00f3l meg a v\u00e9rem h\u00faz vissza a haj\u00f3ra. M\u00e1r a lelket is ki\u00f6lte bel\u0151lem a val\u00f3di er\u0151 hi\u00e1nya \u00e9s a kurva alkohol. Tiszt\u00e1n l\u00e1tom m\u00e1r, hogyan b\u00e1mult r\u00e1m tegnap a v\u00e1ros, m\u00edg a Hendrik Pointr\u00f3l len\u00e9ztem r\u00e1. \u00c9s most azt is tudom, hogyan l\u00e1t engem az isten, amikor porig \u00e9gek el\u0151tte megint. Pocs\u00e9k csal\u00f3dni \u00fajra \u00e9s \u00fajra, hol ebben, hol abban, \u00e1m \u00f6nmagamban csal\u00f3dni naponta, az a legszarabb. Mintha p\u00e1ros l\u00e1bbal r\u00fagn\u00e1nak le egy felh\u0151 tetej\u00e9r\u0151l, s m\u00e9g azt sem hihetem, hogy eddig legal\u00e1bb joggal \u00fcltem odaf\u00f6nt.&#8221;<\/span><\/span><\/h5>\n<p><a href=\"https:\/\/www.facebook.com\/centauriweb\/photos\/a.913866455310772.1073741829.913824748648276\/1009960155701401\/?type=1&amp;theater\" target=\"_blank\"><img decoding=\"async\" loading=\"lazy\" class=\"alignright wp-image-2788 \" src=\"http:\/\/https:\/\/centauriweb.hu\/archiv\/wp-content\/uploads\/2015\/03\/728lu-cine_zps11fc18ab-150x150.gif\" alt=\"\" width=\"79\" height=\"79\" \/><\/a><\/p>\n<hr \/>\n<h5 style=\"text-align: justify;\">\u00a0<a href=\"http:\/\/https:\/\/centauriweb.hu\/archiv\/wp-content\/uploads\/2015\/01\/14b27847-7c3e-4e4e-8c1e-86a6f21b9ebb-2060x1236.jpeg\"><img decoding=\"async\" loading=\"lazy\" class=\"alignleft wp-image-3056 size-thumbnail\" src=\"http:\/\/https:\/\/centauriweb.hu\/archiv\/wp-content\/uploads\/2015\/01\/14b27847-7c3e-4e4e-8c1e-86a6f21b9ebb-2060x1236-150x150.jpeg\" alt=\"Krasznahorkai L\u0102\u02c7szl\u0102\u0142 Man Booker\" width=\"150\" height=\"150\" \/><\/a><strong>2015.05.19.<\/strong> <span style=\"color: #000000;\">Krasznahorkai L\u00e1szl\u00f3 nyerte a Nemzetk\u00f6zi Man Booker-d\u00edjat! A legrangosabb angolsz\u00e1sz irodalmi elismer\u00e9st az \u00edr\u00f3 teljes munk\u00e1ss\u00e1g\u00e1\u00e9rt \u00edt\u00e9lt\u00e9k oda ma este Londonban.<\/span><\/h5>\n<p style=\"text-align: right;\"><a href=\"https:\/\/www.facebook.com\/magveto\/posts\/1145057972187576\" target=\"_blank\">Forr\u00e1s<\/a><\/p>\n<p>&nbsp;<\/p>\n<hr \/>\n<h5><strong><a href=\"http:\/\/https:\/\/centauriweb.hu\/archiv\/wp-content\/uploads\/2015\/01\/pv-logo.png\"><img decoding=\"async\" loading=\"lazy\" class=\"alignleft wp-image-3029 size-thumbnail\" src=\"http:\/\/https:\/\/centauriweb.hu\/archiv\/wp-content\/uploads\/2015\/01\/pv-logo-150x150.png\" alt=\"CENTAURI k\u0102\u00b6nyvfesztiv\u0102\u02c7l Tallinn Tartu\" width=\"150\" height=\"150\" \/><\/a>2015.04.30.<\/strong> <span style=\"color: #000000;\">9 \u00c9V UT\u00c1N CENTAURI EL\u0150SZ\u00d6R TAL\u00c1LKOZIK AZ OLVAS\u00d3KKAL<\/span><\/h5>\n<h3><\/h3>\n<h5 style=\"text-align: justify;\"><span style=\"color: #000000;\">Centauri lesz az \u00e9sztorsz\u00e1gi nemzetk\u00f6zi k\u00f6nyvfesztiv\u00e1l, a Prima Vista magyar vend\u00e9ge.<\/span><br \/>\n<span style=\"color: #000000;\">A szerz\u0151 2006-t\u00f3l publik\u00e1l, de 9 \u00e9vig nem vett r\u00e9szt egyetlen \u00edr\u00f3-olvas\u00f3 tal\u00e1lkoz\u00f3n sem.<\/span><br \/>\n<span style=\"color: #000000;\">Ez lesz az els\u0151 alkalom, hogy az olvas\u00f3k szemt\u0151l szemben tal\u00e1lkozhatnak vele.<\/span><br \/>\n<span style=\"color: #000000;\">A tal\u00e1lkoz\u00f3t a szerz\u0151 fot\u00f3ki\u00e1ll\u00edt\u00e1sa k\u00eds\u00e9ri \u00e9s f\u0151zni is fog a r\u00e9sztvev\u0151knek.<\/span><br \/>\n<span style=\"color: #000000;\">Centauri utaz\u00e1s\u00e1t a szerz\u0151 facebook oldal\u00e1n (<a href=\"https:\/\/www.facebook.com\/centauriweb\" target=\"_blank\">www.facebook.com\/centauriweb<\/a>)<\/span><br \/>\n<span style=\"color: #000000;\">\u00e9s honlapj\u00e1n (<a href=\"http:\/\/https:\/\/centauriweb.hu\/archiv\/\" target=\"_blank\">www.centauriweb.hu<\/a>) is k\u00f6vetni lehet.<\/span><br \/>\n<span style=\"color: #000000;\">Kor\u00e1bban Bodor \u00c1d\u00e1m, Dragom\u00e1n Gy\u00f6rgy, Bartis Attila \u00e9s Darvasi L\u00e1szl\u00f3 voltak a fesztiv\u00e1l magyarorsz\u00e1gi vend\u00e9gei.<\/span><\/h5>\n<h5><span style=\"color: #000000;\">A PRIMA VISTA K\u00d6ZLEM\u00c9NYE<\/span><\/h5>\n<h5 style=\"text-align: justify;\"><span style=\"color: #000000;\">A 43 \u00e9ves szerz\u0151 egyedi jelens\u00e9g a magyar irodalmi \u00e9letben. Kritikusai nem tudj\u00e1k besorolni az ismert ir\u00e1nyzatok al\u00e1, egyes v\u00e9lem\u00e9nyek szerint \u201ek\u00fcl\u00f6n polcon a helye\u201d.\u00a0 \u00c1ll\u00edt\u00f3lag m\u00e9g kontinent\u00e1lis szerz\u0151nek sem mondhat\u00f3, ink\u00e1bb az atlanti, amerikai \u00edr\u00f3khoz \u00e1ll k\u00f6zelebb. \u00cdr\u00f3i vil\u00e1g\u00e1t el\u0151sz\u00f6r a m\u00e1gikus realizmushoz hasonl\u00edtott\u00e1k, Gabriel Garcia M\u00e1rquez \u00e9s Jorge Luis Borges munk\u00e1iban kerestek hat\u00e1sokat, els\u0151 reg\u00e9ny\u00e9ben pedig az \u00e9szak-amerikai reg\u00e9nyst\u00edlusok billenty\u0171zet\u00e9n j\u00e1tszik leny\u0171g\u00f6z\u0151 magyar vari\u00e1ci\u00f3kat.<\/span><br \/>\n<span style=\"color: #000000;\">Gyakran emelik ki zavarba ejt\u0151 sz\u00edness\u00e9g\u00e9t, melyet hol k\u00fcl\u00f6nleges posztmodern j\u00e1t\u00e9kk\u00e9nt \u00e9rtelmeznek, hol pedig a szerz\u0151i univerzum gazdags\u00e1gak\u00e9nt. Visszat\u00e9r\u0151 v\u00e9lem\u00e9ny, hogy a szerz\u0151i n\u00e9v m\u00f6g\u00f6tt rutinos, a term\u00e9szettudom\u00e1nyokban otthonosan mozg\u00f3, er\u0151skez\u0171 szerz\u0151 \u00e1ll, akit figyelemrem\u00e9lt\u00f3 k\u00e9pzelet, nyelvi er\u0151 \u00e9s fekete humor jellemez. \u00cdr\u00e1sainak lend\u00fclete \u00e9s fesz\u00fclts\u00e9ge m\u00f6g\u00f6tt n\u00e9h\u00e1ny kritikusa \u201ckapcsolatok h\u00e1l\u00f3zat\u00e1t\u201d l\u00e1tja, nagyobb form\u00e1t, reg\u00e9nyt vagy reg\u00e9nyeket sejt.<\/span><br \/>\n<span style=\"color: #000000;\">Centauri 2006-ban publik\u00e1lt el\u0151sz\u00f6r, \u00e9s egy \u00e9vvel k\u00e9s\u0151bb a Flaubert \u00e9s a divat c. elbesz\u00e9l\u00e9s\u00e9t m\u00e1r bev\u00e1logatt\u00e1k a legjobb magyar novell\u00e1kat egybegy\u0171jt\u0151 K\u00f6rk\u00e9p antol\u00f3gi\u00e1ban. Ugyanabban az \u00e9vben jelent meg az els\u0151 novell\u00e1sk\u00f6tete P\u00e1tosz a k\u00e1oszban c\u00edmmel, melyet a nagyobb h\u00edrnevet hoz\u00f3 K\u00e9k angyal (2008) k\u00f6vetett. Az ut\u00f3bbib\u00f3l lengyelre \u00e9s angolra ford\u00edtottak novell\u00e1kat, a K\u00fat a nap alatt c. elbesz\u00e9l\u00e9sb\u0151l pedig r\u00f6vidfilmet forgattak. Ezt k\u00f6vet\u0151en \u2013 viszonylag hossz\u00fa hallgat\u00e1s ut\u00e1n \u2013 2013-ban jelent meg J\u00e9gv\u00e1g\u00f3 c. reg\u00e9nye, mely n\u00e9h\u00e1nyak szerint a \u201emagyar Zabhegyez\u0151\u201d. Id\u00e9n a szerz\u0151 m\u00e1sodik reg\u00e9nye, Jack London fiatalkora nyom\u00e1n \u00edrt J\u00e1bob botja ker\u00fcl a polcokra. N\u00e9ha az \u00edr\u00f3 fot\u00f3ki\u00e1ll\u00edt\u00e1sai is l\u00e1that\u00f3k. Centauri Tartuba is elhozza k\u00e9peit, \u00e9s felaj\u00e1nlotta, hogy f\u0151z a k\u00f6z\u00f6ns\u00e9gnek.<\/span><br \/>\n<span style=\"color: #000000;\">Centauri, a \u201eminden h\u00e1jjal megkent szerz\u0151\u201d a J\u00e9gv\u00e1g\u00f3 megjelen\u00e9se ut\u00e1n sem jelent meg a nyilv\u00e1noss\u00e1g el\u0151tt. Tartuban kilenc \u00e9v ut\u00e1n el\u0151sz\u00f6r tal\u00e1lkozik az olvas\u00f3kkal. A http:\/\/https:\/\/centauriweb.hu\/archiv\/ee\/ honlapj\u00e1n izmos szalmakalapos fick\u00f3 \u00fcl h\u00e1ttal a kamer\u00e1nak. M\u00e1jus 7-\u00e9n a Prima Vista vend\u00e9geinek egyed\u00fcl\u00e1ll\u00f3 lehet\u0151s\u00e9ge lesz a titokzatos szerz\u0151vel szemt\u0151l szembe tal\u00e1lkozni.<\/span><\/h5>\n<p><a href=\"https:\/\/www.facebook.com\/centauriweb\" target=\"_blank\"><img decoding=\"async\" loading=\"lazy\" class=\"alignright wp-image-2788\" src=\"http:\/\/https:\/\/centauriweb.hu\/archiv\/wp-content\/uploads\/2015\/03\/728lu-cine_zps11fc18ab.gif\" alt=\"\" width=\"124\" height=\"116\" \/><\/a><\/p>\n<hr \/>\n<h5 style=\"text-align: justify;\"><\/h5>\n<h5><a href=\"http:\/\/kirjandusfestival.tartu.ee\/centauri-toob-prima-vistale-salapara\">http:\/\/kirjandusfestival.tartu.ee\/centauri-toob-prima-vistale-salapara<\/a><\/h5>\n<h5>A PRIMA VISTA K\u00dcLF\u00d6LDI SZERZ\u0150I<\/h5>\n<h5><span style=\"color: #000000;\">David Wagner &#8211; N\u00e9metorsz\u00e1g<\/span><br \/>\n<span style=\"color: #000000;\">Hemant Divate &#8211; India<\/span><br \/>\n<span style=\"color: #000000;\">Sarah Angliss &#8211; Anglia<\/span><br \/>\n<span style=\"color: #000000;\">Alvydas \u0160lepikas &#8211; Litv\u00e1nia<\/span><br \/>\n<span style=\"color: #000000;\">Andrei Makarevit\u0161 &#8211; Oroszorsz\u00e1g<\/span><br \/>\n<span style=\"color: #000000;\">Eduard Uspenski &#8211; Oroszorsz\u00e1g<\/span><br \/>\n<span style=\"color: #000000;\">Kjell West\u00f6 &#8211; Finnorsz\u00e1g<\/span><br \/>\n<span style=\"color: #000000;\">Centauri &#8211; Magyarorsz\u00e1g<\/span><br \/>\n<span style=\"color: #000000;\">Jenaro Talens &#8211; Spanyolorsz\u00e1g<\/span><br \/>\n<span style=\"color: #000000;\">Tomas Bannerhed &#8211; Sv\u00e9dorsz\u00e1g<\/span><br \/>\n<span style=\"color: #000000;\">Witold Szab\u0142owski &#8211; Lengyelorsz\u00e1g<\/span><br \/>\n<span style=\"color: #000000;\">Andy Willoughby &amp; Bob Beagrie &#8211; Anglia<\/span><br \/>\n<span style=\"color: #000000;\">AGF (Antye Greye-Ripatti) &#8211; N\u00e9metorsz\u00e1g-Finnorsz\u00e1g<\/span><br \/>\n<span style=\"color: #000000;\">Benzo (Richardas Norvila) &#8211; Litv\u00e1nia\/Oroszorsz\u00e1g<\/span><br \/>\n<span style=\"color: #000000;\">Stanislav Vostokov &#8211; Oroszorsz\u00e1g<\/span><br \/>\n<span style=\"color: #000000;\">Artemi Troitski &#8211; Oroszorsz\u00e1g<\/span><br \/>\n<span style=\"color: #000000;\">Konstantin \u017digulin &#8211; Oroszorsz\u00e1g<\/span><br \/>\n<span style=\"color: #000000;\">Lev Rubin\u0161tein &#8211; Oroszorsz\u00e1g<\/span><\/h5>\n<hr \/>\n<div id=\"attachment_4967\" style=\"width: 160px\" class=\"wp-caption alignleft\"><a href=\"http:\/\/https:\/\/centauriweb.hu\/archiv\/fotok-centaurirol\/fotok-centaurirol-2\/10996550_913826725314745_1171275958428998051_o\/\" rel=\"attachment wp-att-4967\"><img aria-describedby=\"caption-attachment-4967\" decoding=\"async\" loading=\"lazy\" class=\"wp-image-4967 size-thumbnail\" src=\"http:\/\/https:\/\/centauriweb.hu\/archiv\/wp-content\/uploads\/2016\/05\/10996550_913826725314745_1171275958428998051_o-150x150.jpg\" alt=\"Centauri \u00edr\u00f3 irodalom reg\u00e9ny k\u00f6nyv Magvet\u0151 kiad\u00f3 writer author literature \u00e9rdekes sztorik\" width=\"150\" height=\"150\" \/><\/a><p id=\"caption-attachment-4967\" class=\"wp-caption-text\">Fot\u00f3: Centauri<\/p><\/div>\n<h5>2015.04.21. <span style=\"color: #000000;\">MEG\u00c9RKEZETT AZ \u00c9SZT ANTOL\u00d3GIA BOR\u00cdT\u00d3K\u00c9PE! <\/span><span style=\"color: #000000;\">(R\u00e9szletek lejjebb)<\/span><\/h5>\n<hr \/>\n<h5 style=\"text-align: justify;\"><\/h5>\n<p><a href=\"http:\/\/https:\/\/centauriweb.hu\/archiv\/wp-content\/uploads\/2015\/01\/madjarid_esikaas-kort\u00e1rs-\u00edr\u00f3k-k\u00fclf\u00f6ld\u00f6n-Centauri1.jpg\"><img decoding=\"async\" loading=\"lazy\" class=\"alignnone size-large wp-image-3006\" src=\"http:\/\/https:\/\/centauriweb.hu\/archiv\/wp-content\/uploads\/2015\/01\/madjarid_esikaas-kort\u00e1rs-\u00edr\u00f3k-k\u00fclf\u00f6ld\u00f6n-Centauri1-749x1024.jpg\" alt=\"madjarid_esikaas kort\u00e1rs \u00edr\u00f3k k\u00fclf\u00f6ld\u00f6n Centauri\" width=\"749\" height=\"1024\" \/><\/a><\/p>\n<p><a href=\"https:\/\/www.facebook.com\/centauriweb\/posts\/932480323449385\" target=\"_blank\"><img decoding=\"async\" loading=\"lazy\" class=\"alignright wp-image-2788\" src=\"http:\/\/https:\/\/centauriweb.hu\/archiv\/wp-content\/uploads\/2015\/03\/728lu-cine_zps11fc18ab.gif\" alt=\"\" width=\"98\" height=\"92\" \/><\/a><\/p>\n<hr \/>\n<h5><strong><a href=\"http:\/\/https:\/\/centauriweb.hu\/archiv\/wp-content\/uploads\/2015\/01\/swallow.gif\"><img decoding=\"async\" loading=\"lazy\" class=\"alignleft wp-image-2973 size-medium\" src=\"http:\/\/https:\/\/centauriweb.hu\/archiv\/wp-content\/uploads\/2015\/01\/swallow-300x212.gif\" alt=\"magyar novell\u0102\u02c7k k\u0102\u013dlf\u0102\u00b6ld\u0102\u00b6n\" width=\"300\" height=\"212\" srcset=\"https:\/\/centauriweb.hu\/archiv\/wp-content\/uploads\/2015\/01\/swallow-300x212.gif 300w, https:\/\/centauriweb.hu\/archiv\/wp-content\/uploads\/2015\/01\/swallow-150x106.gif 150w\" sizes=\"(max-width: 300px) 100vw, 300px\" \/><\/a>2015.04.17.<\/strong> <em>A vil\u00e1g legszomor\u00fabb zenekara &#8211; Magyar novellav\u00e1logat\u00e1s \u00e9szt\u00fcl!<br \/>\n<\/em><\/h5>\n<h4><\/h4>\n<h5><span style=\"color: #000000;\">\u00c9sztorsz\u00e1gban \u00e1prilis v\u00e9g\u00e9n megjelenik egy magyar szerz\u0151ket bemutat\u00f3 antol\u00f3gia! 10 hazai \u00edr\u00f3 mutatkozik be az \u00e9szt olvas\u00f3knak novell\u00e1kkal \u00e9s reg\u00e9nyr\u00e9szletekkel, k\u00f6zt\u00fck 7 Magvet\u0151s szerz\u0151 is. A teljes n\u00e9vsor: <strong>B\u00e1nki \u00c9va, Berniczky \u00c9va, Bodor \u00c1d\u00e1m, Centauri, Darvasi L\u00e1szl\u00f3, Dragom\u00e1n Gy\u00f6rgy, Hal\u00e1sz Margit, L\u00e1z\u00e1r Ervin, L\u00e1ng Zsolt, Vida G\u00e1bor.<\/strong><\/span><\/h5>\n<h5><span style=\"color: #000000;\">A k\u00f6tet bor\u00edt\u00f3j\u00e1t m\u00e9g nem tudjuk megmutatni, de mihelyst elk\u00e9sz\u00fcl osztjuk, k\u00f6vessetek a <a href=\"https:\/\/www.facebook.com\/centauriweb\" target=\"_blank\">facebookon<\/a>! \u00c9sztre ford\u00edtott \u00edr\u00e1sokat pedig <a href=\"http:\/\/https:\/\/centauriweb.hu\/archiv\/ee\/\" target=\"_blank\">itt tal\u00e1ltok<\/a>. <\/span><\/h5>\n<h5><strong><span style=\"color: #000000;\">C\u00edm: Maailma nukraim orkester. Valimik ungari novelle<\/span><\/strong><\/h5>\n<h5><strong><span style=\"color: #000000;\">(A vil\u00e1g legszomor\u00fabb zenekara. <\/span><span style=\"color: #000000;\">Magyar novellav\u00e1logat\u00e1s)<\/span><\/strong><\/h5>\n<h5><span style=\"color: #000000;\">Megjelen\u00e9s: 2015. \u00e1prilis v\u00e9ge<\/span><br \/>\n<span style=\"color: #000000;\">\u00d6ssze\u00e1ll\u00edtotta: Reet Klettenberg, D\u00e1n\u00e9l M\u00f3nika<\/span><br \/>\n<span style=\"color: #000000;\">Szerkeszt\u0151k: Lauri Eesmaa, Reet Klettenberg, T\u00f3th Vikt\u00f3ria<\/span><br \/>\n<span style=\"color: #000000;\">Tervez\u0151: Maris Kaskmann<\/span><br \/>\n<span style=\"color: #000000;\">Kiad\u00f3: MT\u00dc Ungari Kultuuriselts (Magyar Kultur\u00e1lis Egyes\u00fclet, nonprofit egyes\u00fclet)<\/span><br \/>\n<span style=\"color: #000000;\">T\u00e1mogat\u00f3k: Magyar K\u00f6nyv- \u00e9s Ford\u00edt\u00e1st\u00e1mogat\u00e1si Iroda, Tallinni Magyar Int\u00e9zet<\/span><br \/>\n<span style=\"color: #000000;\">A ford\u00edt\u00e1sok r\u00e9szben a Magyar Ford\u00edt\u00f3h\u00e1zban k\u00e9sz\u00fcltek<\/span><br \/>\n<span style=\"color: #000000;\">Ford\u00edt\u00f3k: Lauri Eesmaa, Aune Esinurm, Leelo J\u00f5ulu, Reet Klettenberg, Siiri Kolka, Kirsi Zirel<\/span><\/h5>\n<h5><a href=\"https:\/\/www.facebook.com\/centauriweb\/photos\/a.913866455310772.1073741829.913824748648276\/930767273620690\/?type=1&amp;theater\" target=\"_blank\">\u00a0<\/a><\/h5>\n<hr \/>\n<div id=\"attachment_4967\" style=\"width: 160px\" class=\"wp-caption alignleft\"><a href=\"http:\/\/https:\/\/centauriweb.hu\/archiv\/fotok-centaurirol\/fotok-centaurirol-2\/10996550_913826725314745_1171275958428998051_o\/\" rel=\"attachment wp-att-4967\"><img aria-describedby=\"caption-attachment-4967\" decoding=\"async\" loading=\"lazy\" class=\"wp-image-4967 size-thumbnail\" src=\"http:\/\/https:\/\/centauriweb.hu\/archiv\/wp-content\/uploads\/2016\/05\/10996550_913826725314745_1171275958428998051_o-150x150.jpg\" alt=\"Centauri \u00edr\u00f3 irodalom reg\u00e9ny k\u00f6nyv Magvet\u0151 kiad\u00f3 writer author literature \u00e9rdekes sztorik\" width=\"150\" height=\"150\" \/><\/a><p id=\"caption-attachment-4967\" class=\"wp-caption-text\">Fot\u00f3: Centauri<\/p><\/div>\n<h5><strong>2015.04.13.<\/strong> <span style=\"color: #000000;\">20 \u00e9ve, 1995. \u00e1prilis 13-\u00e1n mutatt\u00e1k be az egyik legkedvesebb filmemet, a Ponyvareg\u00e9nyt. N\u00e9ha az a benyom\u00e1som, hogy Tarantino nem teljesen komplett, legal\u00e1bbis n\u00e9ha kicsit beteg, ugyanakkor lehengerl\u0151 \u00e9s zseni\u00e1lis. Remek rendez\u0151 \u00e9s szerz\u0151.<\/span><\/h5>\n<h5 style=\"text-align: justify;\"><span style=\"color: #000000;\">Csod\u00e1latos k\u00f6nnyeds\u00e9ggel haszn\u00e1l p\u00e1r \u00edr\u00f3knak is hasznos &#8220;szab\u00e1lyt&#8221;. A film zen\u00e9je kiemelked\u0151en j\u00f3. Ha nem tettem meg r\u00e1 20.000 kilom\u00e9tert, akkor egyet sem. \u00c9s hazai szinkronszakm\u00e1r\u00f3l is meg kell eml\u00e9kezni, amely a Ponyvareg\u00e9ny eset\u00e9ben is kitett mag\u00e1\u00e9rt. A szinkron legal\u00e1bb olyan cs\u00facsteljes\u00edtm\u00e9ny, mint a film maga.<\/span><\/h5>\n<p><a href=\"https:\/\/www.facebook.com\/centauriweb\/posts\/928785497152201\" target=\"_blank\"><img decoding=\"async\" loading=\"lazy\" class=\"wp-image-2788 alignright\" src=\"http:\/\/https:\/\/centauriweb.hu\/archiv\/wp-content\/uploads\/2015\/03\/728lu-cine_zps11fc18ab.gif\" alt=\"\" width=\"103\" height=\"97\" \/><\/a><\/p>\n<hr \/>\n<h5 style=\"text-align: justify;\"><\/h5>\n<div id=\"attachment_4967\" style=\"width: 160px\" class=\"wp-caption alignleft\"><a href=\"http:\/\/https:\/\/centauriweb.hu\/archiv\/fotok-centaurirol\/fotok-centaurirol-2\/10996550_913826725314745_1171275958428998051_o\/\" rel=\"attachment wp-att-4967\"><img aria-describedby=\"caption-attachment-4967\" decoding=\"async\" loading=\"lazy\" class=\"wp-image-4967 size-thumbnail\" src=\"http:\/\/https:\/\/centauriweb.hu\/archiv\/wp-content\/uploads\/2016\/05\/10996550_913826725314745_1171275958428998051_o-150x150.jpg\" alt=\"Centauri \u00edr\u00f3 irodalom reg\u00e9ny k\u00f6nyv Magvet\u0151 kiad\u00f3 writer author literature \u00e9rdekes sztorik\" width=\"150\" height=\"150\" \/><\/a><p id=\"caption-attachment-4967\" class=\"wp-caption-text\">Fot\u00f3: Centauri<\/p><\/div>\n<h5><strong>2015.04.06.<\/strong> <span style=\"color: #000000;\">Frusztr\u00e1lt \u00edr\u00f3k \u00f6szt\u00f6nd\u00edja<\/span><\/h5>\n<h5 style=\"text-align: justify;\"><span style=\"color: #000000;\">Az\u00e9rt ez nem semmi! N\u00e1lunk m\u00e1r olyan is van, hogy akkor mehetsz alkot\u00f3i nyaral\u00e1sra Egyiptomba \u00f6szt\u00f6nd\u00edjjal, ha kell\u0151k\u00e9ppen mell\u0151z\u00f6tt \u00e9s frusztr\u00e1lt \u00edr\u00f3 vagy. Ez egyr\u00e9szt nagyon j\u00f3, m\u00e1sr\u00e9szt t\u00e9nyleg vicces. \u00cdme a ki\u00edr\u00e1s:<\/span><\/h5>\n<h5 style=\"text-align: justify;\"><span style=\"color: #000000;\"><strong>Ha \u00edr\u00f3 vagy, \u00e9s szeretn\u00e9l elt\u00f6lteni egy nyugodt alkot\u00f3i hetet Egyiptomban, akkor m\u00e9g nem cs\u00faszt\u00e1l le err\u0151l a p\u00e1ly\u00e1zatr\u00f3l.<\/strong><\/span><\/h5>\n<h5 style=\"text-align: justify;\"><span style=\"color: #000000;\">A magyar k\u00f6z\u00e1llapotokra val\u00f3 tekintettel, J\u00e1szber\u00e9nyi S\u00e1ndor a k\u00fclf\u00f6ldi kiad\u00e1sai szerz\u0151i jogd\u00edj\u00e1nak \u00f6sszeg\u00e9b\u0151l egy \u00e9vente kiosztott d\u00edjat hozott l\u00e9tre, ez a \u2018Frusztr\u00e1lt \u00cdr\u00f3 \u00d6szt\u00f6nd\u00edj\u2019. A nevet Gy\u00f6rffy \u00c1kos k\u00f6lt\u0151 adta.<\/span><\/h5>\n<h5 style=\"text-align: justify;\"><span style=\"color: #000000;\">Az \u00e9vente kiadott \u00f6szt\u00f6nd\u00edj egy h\u00e9t nyugodt alexandriai alkot\u00f3munk\u00e1t k\u00edn\u00e1l fel magyar nyelven \u00edr\u00f3 alkot\u00f3knak. A nyertes p\u00e1ly\u00e1z\u00f3 rep\u00fcl\u0151jegyet kap Egyiptomba (Budapest-Kair\u00f3, Kair\u00f3-Budapest), sz\u00e1ll\u00e1st \u00e9s \u00e9tkez\u00e9st egy h\u00e9tre Alexandri\u00e1ban 2015 Augusztus\u00e1ban. (V\u00edzum a rept\u00e9ren ig\u00e9nyelhet\u0151)<\/span><\/h5>\n<h5 style=\"text-align: justify;\"><span style=\"color: #000000;\">P\u00e1ly\u00e1zat zs\u0171rije:\u00a0K\u0151r\u00f6si Zolt\u00e1n, P\u00e9terfy Gergely, Gerl\u00f3czy M\u00e1rton,\u00a0Matt Henderson Ellis \u00e9s\u00a0K\u00e1lm\u00e1n G\u00e1bor \u00edr\u00f3k, illetve P\u00e1l D\u00e1niel Levente k\u00f6lt\u0151.<\/span><\/h5>\n<h5 style=\"text-align: justify;\"><span style=\"color: #000000;\">P\u00e1ly\u00e1zati hat\u00e1rid\u0151: 2015. m\u00e1jus 1.<\/span><\/h5>\n<h5 style=\"text-align: justify;\"><span style=\"color: #000000;\">P\u00e1ly\u00e1zati felt\u00e9telek:<\/span><\/h5>\n<h5 style=\"text-align: justify;\"><span style=\"color: #000000;\">A p\u00e1ly\u00e1z\u00f3 nem lehet tagja semmilyen magyar \u00edr\u00f3szervezetnek. Nem r\u00e9szes\u00fclhetett semmilyen magyar \u00e1llami d\u00edjaz\u00e1sban, bele\u00e9rtve az NKA alkot\u00f3i t\u00e1mogat\u00e1st \u00e9s a M\u00f3ricz Zsigmond Irodalmi \u00d6szt\u00f6nd\u00edjat.<\/span><\/h5>\n<h5 style=\"text-align: justify;\"><span style=\"color: #000000;\">A p\u00e1ly\u00e1z\u00f3nak minimum 5 \u00e9ve publik\u00e1lnia kell, \u00e9s csatolnia egy 10 g\u00e9pelt oldalas sz\u00f6vegmutatv\u00e1nyt, mely lehet novella, reg\u00e9nyr\u00e9szlet vagy irodalmi ig\u00e9nnyel \u00edrt t\u00e1rca.<\/span><\/h5>\n<h5 style=\"text-align: justify;\"><span style=\"color: #000000;\">A be\u00e9rkezett p\u00e1lyam\u0171veket 5 f\u0151s zs\u0171ri b\u00edr\u00e1lja el, mely az \u00f6szt\u00f6nd\u00edj alap\u00edt\u00f3ja \u00e1ltal felk\u00e9rt \u00edr\u00f3kb\u00f3l \u00e1ll.<\/span><\/h5>\n<h5 style=\"text-align: justify;\"><span style=\"color: #000000;\">A zs\u0171ri tagjainak szem\u00e9ly\u00e9t 2015 \u00e1prilis 5.-\u00e9n hozz\u00e1k nyilv\u00e1noss\u00e1gra.<\/span><\/h5>\n<h5 style=\"text-align: justify;\"><span style=\"color: #000000;\">A p\u00e1lyam\u0171veket, egy flekkes projektle\u00edr\u00e1ssal 2015. m\u00e1jus 1. 12:00-ig v\u00e1rjuk elektronikus \u00faton megk\u00fcldve az s.jaszberenyi@gmail.com e-mail c\u00edmre, pdf form\u00e1tumban.<\/span><\/h5>\n<p style=\"text-align: right;\">Forr\u00e1s: <a href=\"http:\/\/librarius.hu\/2015\/04\/05\/nyilvanossagra-hoztak-a-frusztralt-iro-osztondij-zsurijet\/\" target=\"_blank\">Librarius<\/a><\/p>\n<p style=\"text-align: right;\"><a href=\"https:\/\/www.facebook.com\/centauriweb\/photos\/a.913866455310772.1073741829.913824748648276\/925315864165831\/?type=1&amp;theater\" target=\"_blank\"><img decoding=\"async\" loading=\"lazy\" class=\"alignnone wp-image-2788\" src=\"http:\/\/https:\/\/centauriweb.hu\/archiv\/wp-content\/uploads\/2015\/03\/728lu-cine_zps11fc18ab.gif\" alt=\"\" width=\"103\" height=\"97\" \/><\/a><\/p>\n<hr \/>\n<div id=\"attachment_4967\" style=\"width: 160px\" class=\"wp-caption alignleft\"><a href=\"http:\/\/https:\/\/centauriweb.hu\/archiv\/fotok-centaurirol\/fotok-centaurirol-2\/10996550_913826725314745_1171275958428998051_o\/\" rel=\"attachment wp-att-4967\"><img aria-describedby=\"caption-attachment-4967\" decoding=\"async\" loading=\"lazy\" class=\"wp-image-4967 size-thumbnail\" src=\"http:\/\/https:\/\/centauriweb.hu\/archiv\/wp-content\/uploads\/2016\/05\/10996550_913826725314745_1171275958428998051_o-150x150.jpg\" alt=\"Centauri \u00edr\u00f3 irodalom reg\u00e9ny k\u00f6nyv Magvet\u0151 kiad\u00f3 writer author literature \u00e9rdekes sztorik\" width=\"150\" height=\"150\" \/><\/a><p id=\"caption-attachment-4967\" class=\"wp-caption-text\">Fot\u00f3: Centauri<\/p><\/div>\n<h5><strong>2015.04.03.<\/strong> <span style=\"color: #000000;\">&#8220;CENTAURI SZERINT A ZABHEGYEZ\u0150 A MOSZKVA T\u00c9R&#8221;<\/span><\/h5>\n<\/div>\n<h5><span style=\"color: #000000;\">A Zabhegyez\u0151r\u0151l, az \u00faj ford\u00edt\u00e1s\u00e1r\u00f3l \u00e9s a J\u00e9gv\u00e1g\u00f3r\u00f3l k\u00e9rdeztek, \u00e9s egy eddig online nem olvashat\u00f3, Salingerrel kapcsolatos J\u00e9gv\u00e1g\u00f3 r\u00e9szletet is k\u00f6z\u00f6lt a <a href=\"http:\/\/konyves.blog.hu\/2015\/04\/03\/centauri_zabegyezo\" target=\"_blank\">K\u00f6nyvesblog.<\/a><\/span><\/h5>\n<p><a href=\"https:\/\/www.facebook.com\/centauriweb\/posts\/923620391002045\" target=\"_blank\"><img decoding=\"async\" loading=\"lazy\" class=\"alignright wp-image-2788\" src=\"http:\/\/https:\/\/centauriweb.hu\/archiv\/wp-content\/uploads\/2015\/03\/728lu-cine_zps11fc18ab.gif\" alt=\"\" width=\"106\" height=\"99\" \/><\/a><\/p>\n<h5>M\u00e9g t\u00f6bb J\u00e9gv\u00e1g\u00f3 itt: <a href=\"http:\/\/https:\/\/centauriweb.hu\/archiv\/kotetek\/jegvago-2013\/\" target=\"_blank\" rel=\"nofollow\">http:\/\/https:\/\/centauriweb.hu\/archiv\/kotetek\/jegvago-2013\/<\/a><\/h5>\n<hr \/>\n<\/div>\n<p><!--nextpage--><\/p>\n<div id=\"attachment_4967\" style=\"width: 160px\" class=\"wp-caption alignleft\"><a href=\"http:\/\/https:\/\/centauriweb.hu\/archiv\/fotok-centaurirol\/fotok-centaurirol-2\/10996550_913826725314745_1171275958428998051_o\/\" rel=\"attachment wp-att-4967\"><img aria-describedby=\"caption-attachment-4967\" decoding=\"async\" loading=\"lazy\" class=\"wp-image-4967 size-thumbnail\" src=\"http:\/\/https:\/\/centauriweb.hu\/archiv\/wp-content\/uploads\/2016\/05\/10996550_913826725314745_1171275958428998051_o-150x150.jpg\" alt=\"Centauri \u00edr\u00f3 irodalom reg\u00e9ny k\u00f6nyv Magvet\u0151 kiad\u00f3 writer author literature \u00e9rdekes sztorik\" width=\"150\" height=\"150\" \/><\/a><p id=\"caption-attachment-4967\" class=\"wp-caption-text\">Fot\u00f3: Centauri<\/p><\/div>\n<h4><span style=\"color: #000000;\"><strong>2015.03.29.<\/strong> Igazi vil\u00e1gszt\u00e1r, az amerikai irodalom jelenlegi els\u0151 sz\u00e1m\u00fa \u00edr\u00f3j\u00e1nak tekintett Jonathan Franzen lesz a 22. Budapesti Nemzetk\u00f6zi K\u00f6nyvfesztiv\u00e1l (2015. \u00e1prilis 23-26.) d\u00edszvend\u00e9ge.<\/span><\/h4>\n<h5><\/h5>\n<h5 style=\"text-align: right;\"><a href=\"http:\/\/www.prae.hu\/article\/8133-az-olvaso-nem-az-iro-ellensege\/\" target=\"_blank\">Tov\u00e1bb a teljes cikkre<\/a><\/h5>\n<hr \/>\n<div id=\"attachment_4967\" style=\"width: 160px\" class=\"wp-caption alignleft\"><a href=\"http:\/\/https:\/\/centauriweb.hu\/archiv\/fotok-centaurirol\/fotok-centaurirol-2\/10996550_913826725314745_1171275958428998051_o\/\" rel=\"attachment wp-att-4967\"><img aria-describedby=\"caption-attachment-4967\" decoding=\"async\" loading=\"lazy\" class=\"wp-image-4967 size-thumbnail\" src=\"http:\/\/https:\/\/centauriweb.hu\/archiv\/wp-content\/uploads\/2016\/05\/10996550_913826725314745_1171275958428998051_o-150x150.jpg\" alt=\"Centauri \u00edr\u00f3 irodalom reg\u00e9ny k\u00f6nyv Magvet\u0151 kiad\u00f3 writer author literature \u00e9rdekes sztorik\" width=\"150\" height=\"150\" \/><\/a><p id=\"caption-attachment-4967\" class=\"wp-caption-text\">Fot\u00f3: Centauri<\/p><\/div>\n<h5><strong>2015.04.02. <\/strong><span style=\"color: #000000;\">&#8220;A nagy k\u00f6nyvterjeszt\u0151k k\u00f6z\u00f6tti harc a ter\u00fcletek\u00e9rt nagyobb sebess\u00e9gre kapcsolt, \u00e9s az Alexandra \u00e1ltal feladott pl\u00e1za\u00fczleteket a Libri veheti majd \u00e1t a j\u00f6v\u0151ben. A v\u00e1ls\u00e1g \u00e9s ez a fajta k\u00f6nyvpiaci kiszor\u00edt\u00f3sdi nem hungaricum, a lengyelek k\u00f6nyves \u00f3ri\u00e1sc\u00e9ge, az Empik is komoly bajban van.&#8221;<\/span><\/h5>\n<div class=\"_5pbx userContent\" data-ft=\"{&quot;tn&quot;:&quot;K&quot;}\">\n<p><a href=\"https:\/\/www.facebook.com\/centauriweb\/posts\/923192574378160\" target=\"_blank\"><img decoding=\"async\" loading=\"lazy\" class=\"alignright wp-image-2788\" src=\"http:\/\/https:\/\/centauriweb.hu\/archiv\/wp-content\/uploads\/2015\/03\/728lu-cine_zps11fc18ab.gif\" alt=\"\" width=\"106\" height=\"99\" \/><\/a><\/p>\n<h5><a href=\"http:\/\/l.facebook.com\/l.php?u=http%3A%2F%2Fmno.hu%2Fgrund%2Fkonyvpiac-a-lengyel-alexandra-is-csodkozelben-1279793&amp;h=6AQGgbd0I&amp;enc=AZME9m1_rFF-U_qEseK5lFcF3KfECJM6s6_RGEEzZJvC7bztgcLh5t5wid0zkkNRf4QW8V6_owVFrcFPQaxcWJX0XRImJ9xwwfdecSN5CtYzrbeBhn-I2ubEsNEFal5PPO6RniPYKpK5eCpBSL64Ta3IMMz1n9hnMYnROpRJUOxmYw&amp;s=1\" target=\"_blank\" rel=\"nofollow\">http:\/\/mno.hu\/\u2026\/konyvpiac-a-lengyel-alexandra-is-csodkozelb\u2026<\/a><\/h5>\n<hr \/>\n<h5><\/h5>\n<div id=\"attachment_4967\" style=\"width: 160px\" class=\"wp-caption alignleft\"><a href=\"http:\/\/https:\/\/centauriweb.hu\/archiv\/fotok-centaurirol\/fotok-centaurirol-2\/10996550_913826725314745_1171275958428998051_o\/\" rel=\"attachment wp-att-4967\"><img aria-describedby=\"caption-attachment-4967\" decoding=\"async\" loading=\"lazy\" class=\"wp-image-4967 size-thumbnail\" src=\"http:\/\/https:\/\/centauriweb.hu\/archiv\/wp-content\/uploads\/2016\/05\/10996550_913826725314745_1171275958428998051_o-150x150.jpg\" alt=\"Centauri \u00edr\u00f3 irodalom reg\u00e9ny k\u00f6nyv Magvet\u0151 kiad\u00f3 writer author literature \u00e9rdekes sztorik\" width=\"150\" height=\"150\" \/><\/a><p id=\"caption-attachment-4967\" class=\"wp-caption-text\">Fot\u00f3: Centauri<\/p><\/div>\n<h5><strong>2015.04.01.<\/strong> \u00daJ ZABHEGYEZ\u0150 BORZOLJA AZ IDEGEKET<\/h5>\n<h5><span style=\"color: #000000;\">M\u00e1t\u00f3l Salinger kultikus reg\u00e9nye a Zabhegyez\u0151 ROZSBAN A FOG\u00d3 c\u00edmre hallgat. Nemcsak a c\u00edm v\u00e1ltott ki heves vit\u00e1kat, hanem az \u00faj ford\u00edt\u00e1s maga is. Egy\u00e9bk\u00e9nt is \u00e1lland\u00f3 pol\u00e9mia zajlik arr\u00f3l, hogy a besz\u00e9lt nyelv, ad absurdum a tr\u00e1g\u00e1rs\u00e1g mekkora (\u00e9s milyen) teret kaphat a sz\u00e9pirodalomban. A magam r\u00e9sz\u00e9r\u0151l a facebookon csak annyit mondok: Ez egy term\u00e9keny vita. A J\u00e9gv\u00e1g\u00f3 h\u0151se, Dan Coolbirth viszont azt mondan\u00e1:<\/span><\/h5>\n<h5><span style=\"color: #000000;\">&#8220;Hadd besz\u00e9ljek m\u00e1r \u00fagy, ahogy j\u00f3l <span class=\"text_exposed_show\">esik! Nehogy m\u00e1r a sok okostoj\u00e1s meg az \u00edr\u00f3 d\u00f6ntse el, mit mondjak, meg mit nem! Nehogy m\u00e1r kif\u00fcty\u00fcljenek abb\u00f3l a k\u00f6nyvb\u0151l, aminek \u00e9n voln\u00e9k a f\u0151szerepl\u0151je! Akkor ne szerepeltessenek, keressenek f\u0151szerepl\u0151nek m\u00e1st, egy karmestert, egy b\u00f6lcs\u00e9szt, k\u00f6lt\u0151t, filoz\u00f3fust, tudom is \u00e9n, kit, engem meg felejtsenek el!&#8221; (\u00c9s itt m\u00e9g j\u00f6n valami, amit a h\u00edrek szerint hamarosan a facebook rendszerszinten is &#8220;kif\u00fcty\u00fcl&#8221;.)<\/span><\/span><\/h5>\n<div class=\"text_exposed_show\">\n<h5><span style=\"color: #000000;\">Olvass\u00e1tok a K\u00f6nyves.blog cikk\u00e9t (beleolvashattok az \u00faj ford\u00edt\u00e1sba is)! \u00c9n is \u00f6r\u00fcln\u00e9k itt minden v\u00e9lem\u00e9nynek, hisz a J\u00e9gv\u00e1g\u00f3 miatt er\u0151sen \u00e9rintett vagyok.<\/span><br \/>\n<span style=\"color: #000000;\"> Aki pedig m\u00e9g Dan v\u00e9lem\u00e9ny\u00e9re k\u00edv\u00e1ncsi (h\u00e1bor\u00far\u00f3l, szexr\u0151l, \u00f6sszeesk\u00fcv\u00e9s-elm\u00e9letekr\u0151l\u2026), itt keresg\u00e9ljen:<\/span><\/h5>\n<p><a href=\"https:\/\/www.facebook.com\/centauriweb\/posts\/922593437771407\" target=\"_blank\"><img decoding=\"async\" loading=\"lazy\" class=\"alignright wp-image-2788\" src=\"http:\/\/https:\/\/centauriweb.hu\/archiv\/wp-content\/uploads\/2015\/03\/728lu-cine_zps11fc18ab.gif\" alt=\"\" width=\"106\" height=\"99\" \/><\/a><\/p>\n<h5><a href=\"http:\/\/l.facebook.com\/l.php?u=http%3A%2F%2Fcentauriweb.hu%2Fdan-coolbirth-velemenye-jegvago%2F&amp;h=fAQFP0X2D&amp;enc=AZMa6WYe8uapqSmhklvt1xGpj42pPMOpNuOWxoeV7zotj0ySzhrTDn5hAtSIwws1TcEnl_zO5OjUBaw3MXMtrnUOxDucd9C2AB95ZIPSOedmKX7hwiqNeb3kmVJ3oEHROJZa_SlbvakK6wDogTsG0cAoprwsIbaRlPik9aOGtBKaQQ&amp;s=1\" target=\"_blank\" rel=\"nofollow\">http:\/\/https:\/\/centauriweb.hu\/archiv\/dan-coolbirth-velemenye-jegvago\/<\/a><\/h5>\n<hr \/>\n<div id=\"attachment_4967\" style=\"width: 160px\" class=\"wp-caption alignleft\"><a href=\"http:\/\/https:\/\/centauriweb.hu\/archiv\/fotok-centaurirol\/fotok-centaurirol-2\/10996550_913826725314745_1171275958428998051_o\/\" rel=\"attachment wp-att-4967\"><img aria-describedby=\"caption-attachment-4967\" decoding=\"async\" loading=\"lazy\" class=\"wp-image-4967 size-thumbnail\" src=\"http:\/\/https:\/\/centauriweb.hu\/archiv\/wp-content\/uploads\/2016\/05\/10996550_913826725314745_1171275958428998051_o-150x150.jpg\" alt=\"Centauri \u00edr\u00f3 irodalom reg\u00e9ny k\u00f6nyv Magvet\u0151 kiad\u00f3 writer author literature \u00e9rdekes sztorik\" width=\"150\" height=\"150\" \/><\/a><p id=\"caption-attachment-4967\" class=\"wp-caption-text\">Fot\u00f3: Centauri<\/p><\/div>\n<h5><span style=\"color: #000000;\">Robert Frost egy szexista, rasszista, faragatlan bunk\u00f3 volt?<\/span><\/h5>\n<h5 style=\"text-align: justify;\"><span style=\"color: #000000;\">Robert Frost sz\u00fclet\u00e9snapja volt 26-\u00e1n. Jack Londonhoz hasonl\u00f3an \u0151 is San Francisco sz\u00fcl\u00f6tte \u00e9s k\u00f6lt\u0151i p\u00e1lyafut\u00e1sa el\u0151tt \u0151 is kem\u00e9ny fizikai munk\u00e1t v\u00e9gzett. Jellem\u00e9r\u0151l azonban megoszlanak a v\u00e9lem\u00e9nyek&#8230;<\/span><br \/>\n<span style=\"color: #000000;\"> R\u00f6vid \u00f6sszefoglal\u00f3 ker\u00fclt fel a honlapra, \u00e9s \u00f6sszegy\u0171jt\u00f6ttem j\u00f3 p\u00e1r vide\u00f3t, amelyekben legh\u00edresebb vers\u00e9t (The Road Not Taken &#8211; &#8220;J\u00e1ratlan \u00fat&#8221;)) szavalj\u00e1k. Az ilyen \u00e9s ehhez hasonl\u00f3 vide\u00f3k hasznosak lehetnek az angolt<span class=\"text_exposed_show\"> \u00e9s irodalmat tan\u00edt\u00f3k sz\u00e1m\u00e1ra is. Ma a fiatalok folyton vide\u00f3znak \u00e9s &#8220;szelfiznek&#8221;, ez\u00e9rt \u00e9rdemes arra biztatni \u0151ket, hogy k\u00e9sz\u00edtsenek egy-egy felv\u00e9telt k\u00f6lt\u0151kr\u0151l, \u00edr\u00f3kr\u00f3l, versek \u00e9s novell\u00e1k felhaszn\u00e1l\u00e1s\u00e1val. Feltehet\u0151en j\u00f3val izgalmasabb \u00e9s \u00e9l\u0151bb lenne sz\u00e1mukra egy angol vagy irodalom \u00f3ra.<\/span><\/span><\/h5>\n<p><a href=\"https:\/\/www.facebook.com\/centauriweb\/photos\/a.913866455310772.1073741829.913824748648276\/921551854542232\/?type=1&amp;theater\" target=\"_blank\"><img decoding=\"async\" loading=\"lazy\" class=\"alignright wp-image-2788\" src=\"http:\/\/https:\/\/centauriweb.hu\/archiv\/wp-content\/uploads\/2015\/03\/728lu-cine_zps11fc18ab.gif\" alt=\"\" width=\"106\" height=\"99\" \/><\/a><\/p>\n<div class=\"text_exposed_show\">\n<h5><a href=\"http:\/\/l.facebook.com\/l.php?u=http%3A%2F%2Fcentauriweb.hu%2Fvideo%2Ffilm%2Frobert-frost%2F&amp;h=LAQEPehaL&amp;enc=AZPsD3TwQXtI0FRRf7gmoXZzC5vuS3OZBid0vnUQ7NVsfwggBXXlmk5qbFhHjnNUThOzinDBdoyVu7xW4S4h9pqIYD7353uws8d4PocgeLkuF-r-TNRKXLYDXCzFHWRijYjrqGbKcD6sx-tBSbo6YkF60kBnmdcN-CnH3bLTiP-G5g&amp;s=1\" target=\"_blank\" rel=\"nofollow\">http:\/\/https:\/\/centauriweb.hu\/archiv\/video\/film\/robert-frost\/<\/a><\/h5>\n<hr \/>\n<h5><\/h5>\n<div id=\"attachment_4967\" style=\"width: 160px\" class=\"wp-caption alignleft\"><a href=\"http:\/\/https:\/\/centauriweb.hu\/archiv\/fotok-centaurirol\/fotok-centaurirol-2\/10996550_913826725314745_1171275958428998051_o\/\" rel=\"attachment wp-att-4967\"><img aria-describedby=\"caption-attachment-4967\" decoding=\"async\" loading=\"lazy\" class=\"wp-image-4967 size-thumbnail\" src=\"http:\/\/https:\/\/centauriweb.hu\/archiv\/wp-content\/uploads\/2016\/05\/10996550_913826725314745_1171275958428998051_o-150x150.jpg\" alt=\"Centauri \u00edr\u00f3 irodalom reg\u00e9ny k\u00f6nyv Magvet\u0151 kiad\u00f3 writer author literature \u00e9rdekes sztorik\" width=\"150\" height=\"150\" \/><\/a><p id=\"caption-attachment-4967\" class=\"wp-caption-text\">Fot\u00f3: Centauri<\/p><\/div>\n<h5>2015.03.28 <span style=\"color: #000000;\">&#8220;ANY\u00c1MR\u00d3L NINCSENEK BENS\u0150S\u00c9GES EML\u00c9KEIM&#8221;<\/span><\/h5>\n<h5 style=\"text-align: justify;\"><span style=\"color: #000000;\"> El\u0151fordul ma is, hogy egy anya rendk\u00edv\u00fcl kegyetlen a l\u00e1ny\u00e1val.<\/span><br \/>\n<span style=\"color: #000000;\"> Jack London anyj\u00e1r\u00f3l, Flora Wellmanr\u00f3l jelent meg tegnap \u00edr\u00e1som az \u00c9let \u00e9s irodalomban.<\/span><\/h5>\n<h5 style=\"text-align: justify;\"><span style=\"color: #000000;\">&#8220;Meglep\u0151dni se maradt ideje, hisz indulat m\u00e9g akkor sem l\u00e1tszott any\u00e1mon, amikor egy sz\u00f3 n\u00e9lk\u00fcl megragadta Eliza hull\u00e1mos, der\u00e9kig \u00e9r\u0151 v\u00f6r\u00f6s haj\u00e1t, v\u00e9gigvonszolta az el\u0151sz\u00f6r t\u00e9rdepl\u0151, azt\u00e1n m\u00e1r cs\u00fasz\u00f3-m\u00e1sz\u00f3 Eliz\u00e1t a h\u00e1zon, s v\u00e9g\u00fcl, mint egy ragadoz\u00f3, beh\u00fazta a h\u00e1l\u00f3szob\u00e1ba. \u00d3r\u00e1kkal k\u00e9s\u0151bb<span class=\"text_exposed_show\"> Eliza kopaszon, k\u0151szikl\u00e1v\u00e1 v\u00e1lt arccal j\u00f6tt ki onnan. Ezt k\u00f6vet\u0151en szava sem volt, velem se besz\u00e9lgetett, feln\u0151ttkor\u00e1ig Jenny any\u00f3t sem l\u00e1togatta, att\u00f3l kezdve egy\u00e1ltal\u00e1n semmit sem tett.&#8221; (J\u00e1kob botja &#8211; r\u00e9szlet)<\/span><\/span><\/h5>\n<p><a href=\"https:\/\/www.facebook.com\/centauriweb\/photos\/a.913866455310772.1073741829.913824748648276\/920529047977846\/?type=1&amp;theater\" target=\"_blank\"><img decoding=\"async\" loading=\"lazy\" class=\"alignright wp-image-2788\" src=\"http:\/\/https:\/\/centauriweb.hu\/archiv\/wp-content\/uploads\/2015\/03\/728lu-cine_zps11fc18ab.gif\" alt=\"\" width=\"106\" height=\"99\" \/><\/a><\/p>\n<\/div>\n<\/div>\n<\/div>\n<h4><\/h4>\n<hr \/>\n<div class=\"_5pbx userContent\" data-ft=\"{&quot;tn&quot;:&quot;K&quot;}\">\n<h5 style=\"text-align: justify;\"><em><span style=\"color: #000000;\"><a href=\"http:\/\/https:\/\/centauriweb.hu\/archiv\/wp-content\/uploads\/2015\/03\/LDm5qPjFJx1.jpg\"><img decoding=\"async\" loading=\"lazy\" class=\"alignleft wp-image-2606 size-thumbnail\" src=\"http:\/\/https:\/\/centauriweb.hu\/archiv\/wp-content\/uploads\/2015\/03\/LDm5qPjFJx1-150x150.jpg\" alt=\"60 \u0102\u00a9ves a Magvet\u0139\u2018 Kiad\u0102\u0142\" width=\"150\" height=\"150\" \/><\/a>Hatvan\u00e9ves a Magvet\u0151 Kiad\u00f3 &#8211;\u00a0<\/span><span style=\"color: #000000;\">1200 szerz\u0151, 100 milli\u00f3 k\u00f6nyv \u00e9s egy Nobel-d\u00edj<\/span><\/em><\/h5>\n<h5 style=\"text-align: justify;\"><span style=\"color: #000000;\">A kiad\u00f3 szerz\u0151jek\u00e9nt lett Kert\u00e9sz Imre az els\u0151 \u00e9s m\u00e1ig egyetlen irodalmi Nobel-d\u00edjjal kit\u00fcntetett magyar alkot\u00f3.<\/span><\/h5>\n<h5 style=\"text-align: justify;\"><span style=\"color: #000000;\">Ma 60 \u00e9ve, 1955. m\u00e1rcius 10-\u00e9n jelentette meg els\u0151 k\u00f6nyv\u00e9t a Magvet\u0151 Kiad\u00f3. Hatvany Lajos Pet\u0151fi m\u00e1rciusa c\u00edm\u0171 t\u00f6rt\u00e9nelmi reg\u00e9ny\u00e9t az\u00f3ta 8616 kiadv\u00e1ny k\u00f6vette, amelyekb\u0151l hat \u00e9vtized alatt t\u00f6bb mint 100 milli\u00f3 p\u00e9ld\u00e1nyt adott el a kiad\u00f3. 1963 \u00f3ta a Magvet\u0151 adja ki Magyarorsz\u00e1g legr\u00e9gebbi, folyamatosan megjelen\u0151 k\u00f6nyvsorozat\u00e1t, a Sz\u00e9p versek antol\u00f3gi\u00e1t. A kiad\u00f3 szerz\u0151jek\u00e9nt lett Kert\u00e9sz Imre az els\u0151 \u00e9s m\u00e1ig egyetlen irodalmi Nobel-d\u00edjjal kit\u00fcntetett magyar alkot\u00f3. Az els\u0151 \u00e9vben publik\u00e1l\u00f3 magvet\u0151s szerz\u0151k k\u00f6z\u00fcl Juh\u00e1sz Ferenc ma is alkot, a kiad\u00f3 legh\u0171s\u00e9gesebb szerz\u0151je a p\u00e1ly\u00e1ja kezdete, 1976 \u00f3ta itt publik\u00e1l\u00f3 Esterh\u00e1zy P\u00e9ter, akinek j\u00f6v\u0151 h\u00f3napban jelenik meg a 36. magvet\u0151s k\u00f6tete.<\/span><\/h5>\n<h5 style=\"text-align: justify;\"><span style=\"color: #000000;\">A Magvet\u0151 K\u00f6nyvkiad\u00f3 1955-ben Magyar \u00cdr\u00f3k Sz\u00f6vets\u00e9ge kiad\u00f3jak\u00e9nt j\u00f6tt l\u00e9tre. F\u0151 feladata a kort\u00e1rs magyar sz\u00e9pirodalmi alkot\u00e1sok megjelentet\u00e9se \u00e9s a klasszikus magyar irodalom publik\u00e1l\u00e1sa volt, de kezdett\u0151l kiadott vil\u00e1girodalmi alkot\u00e1sokat is. A kiad\u00f3 alap\u00edt\u00e1s\u00e1val az \u00e1llamszocialista rendszer keretein bel\u00fcl saj\u00e1tos versenyhelyzet j\u00f6tt l\u00e9tre a Magvet\u0151 \u00e9s a hasonl\u00f3 profil\u00fa Sz\u00e9pirodalmi Kiad\u00f3 k\u00f6z\u00f6tt. Hamar kialakult, hogy az irodalompolitikai f\u0151sodort\u00f3l elt\u00e9r\u0151, politikai vagy eszt\u00e9tikai vit\u00e1kat kiv\u00e1lt\u00f3 m\u0171vek ink\u00e1bb a Magvet\u0151n\u00e9l l\u00e1tnak napvil\u00e1got (pl. Fejes Endre: Rozsdatemet\u0151, Ottlik G\u00e9za: Hajnali h\u00e1ztet\u0151k, S\u00e1nta Ferenc: H\u00fasz \u00f3ra). \u00c9lete nagy r\u00e9sz\u00e9ben magvet\u0151s szerz\u0151 volt M\u00e1ndy Iv\u00e1n, M\u00e9sz\u00f6ly Mikl\u00f3s, Nagy L\u00e1szl\u00f3, Nemes Nagy \u00c1gnes, Ottlik G\u00e9za, Orb\u00e1n Ott\u00f3, \u00d6rk\u00e9ny Istv\u00e1n, Szab\u00f3 Magda \u00e9s We\u00f6res S\u00e1ndor is.<\/span><\/h5>\n<h5 style=\"text-align: justify;\"><span style=\"color: #000000;\">A Magvet\u0151 vezet\u0151i \u00e9s munkat\u00e1rsai. A kiad\u00f3 alap\u00edt\u00f3ja az \u00cdr\u00f3sz\u00f6vets\u00e9g titk\u00e1ra, K\u00e9pes G\u00e9za k\u00f6lt\u0151, m\u0171ford\u00edt\u00f3 volt, aki Heged\u00fcs G\u00e9za \u00edr\u00f3val egy\u00fctt vezette a Magvet\u0151t. (A k\u00f6nyvkiad\u00f3 els\u0151 k\u00f6tetein korrektork\u00e9nt dolgozott Pilinszky J\u00e1nos is.) Az alap\u00edt\u00f3 igazgat\u00f3nak 1957-ben a forradalom alatti tev\u00e9kenys\u00e9ge miatt t\u00e1voznia kellett a kiad\u00f3 \u00e9l\u00e9r\u0151l, hely\u00e9t Vad\u00e1sz Ferenc \u00edr\u00f3 vette \u00e1t. 1961-ben ker\u00fclt a kiad\u00f3 \u00e9l\u00e9re Kardos Gy\u00f6rgy, aki a katonai h\u00edrszerz\u00e9s ezredes\u00e9b\u0151l lett a Magvet\u0151 leghosszabb ideig, 25 \u00e9vig tev\u00e9kenyked\u0151 vezet\u0151je. Az \u0151 hivatali idej\u00e9ben lettek a Magvet\u0151 legfontosabb szerz\u0151i Berkesi Andr\u00e1s, Csurka Istv\u00e1n, Gyurk\u00f3 L\u00e1szl\u00f3, Moldova Gy\u00f6rgy \u00e9s Szab\u00f3 Magda, de sz\u00e1mos, m\u00e1shol publik\u00e1l\u00e1si lehet\u0151s\u00e9ggel nem rendelkez\u0151 fiatal tehets\u00e9get is elind\u00edtott p\u00e1ly\u00e1j\u00e1n. Kardost Jov\u00e1novics Mikl\u00f3s kritikus, majd Heged\u0151s M\u00e1ria szerkeszt\u0151 k\u00f6vett\u00e9k az igazgat\u00f3i sz\u00e9kben. <\/span><br \/>\n<span style=\"color: #000000;\"> 1993-ban a kiad\u00f3 kft.-v\u00e9 alakult, majd a L\u00edra \u00e9s Lant Kereskedelmi Rt. (ma: L\u00edra K\u00f6nyv Zrt.) v\u00e1s\u00e1rolta meg, az\u00f3ta a L\u00edra kiad\u00f3i csoport keret\u00e9n bel\u00fcl, de \u00f6n\u00e1ll\u00f3an m\u0171k\u00f6dik. 1995-t\u0151l 2015-ig Morcs\u00e1nyi G\u00e9za dramaturg \u00e1llt a kiad\u00f3 \u00e9l\u00e9n. A Magvet\u0151 a Morcs\u00e1nyi-korszakban v\u00e1lt a legmagasabb preszt\u00edzs\u0171 magyar sz\u00e9pirodalmi kiad\u00f3v\u00e1, itt jelentek meg az ezredfordul\u00f3 legrangosabb magyar szerz\u0151inek m\u0171vei, k\u00f6zt\u00fck az egyetlen magyar irodalmi Nobel-d\u00edjas, Kert\u00e9sz Imre k\u00f6tetei. A kiad\u00f3 tev\u00e9kenys\u00e9g\u00e9t a Magyar K\u00f6nyvkiad\u00f3k \u00e9s K\u00f6nyvterjeszt\u0151k Egyes\u00fcl\u00e9se 2003-ban, 2006-ban, 2010-ben, 2011-ben \u00e9s 2013-ban \u201eAz \u00c9v Kiad\u00f3ja\u201d c\u00edmmel d\u00edjazta. <\/span><br \/>\n<span style=\"color: #000000;\"> A Magvet\u0151 csapat\u00e1nak leg\u00fajabb tagja Ny\u00e1ry Kriszti\u00e1n igazgat\u00f3, aki 2015. m\u00e1rcius 6. \u00f3ta t\u00f6lti be tiszts\u00e9g\u00e9t. A kiad\u00f3 legr\u00e9gebbi munkat\u00e1rsa Bez\u00far Gy\u00f6rgyi m\u0171szaki vezet\u0151, aki 1961 \u00f3ta dolgozik folyamatosan a Magvet\u0151n\u00e9l.<\/span><\/h5>\n<h5 style=\"text-align: justify;\"><span style=\"color: #000000;\">Sorozatok \u00e9s p\u00e9ld\u00e1nysz\u00e1mok. A Magvet\u0151 adta ki a Rak\u00e9ta Reg\u00e9ny\u00fajs\u00e1got \u00e9s a ra-re sorozatot, amely egy koroszt\u00e1ly meghat\u00e1roz\u00f3 kultur\u00e1lis inform\u00e1ci\u00f3forr\u00e1sa volt. Sikeres k\u00f6nyvsorozatai voltak a Vil\u00e1gk\u00f6nyvt\u00e1r, a Magvet\u0151 Kisk\u00f6nyvt\u00e1r, valamint az els\u0151k\u00f6tetes k\u00f6lt\u0151ket bemutat\u00f3 \u00daj Term\u00e9s. A Gyorsul\u00f3 id\u0151 c\u00edm\u0171, \u00faj szeml\u00e9let\u0171 ismeretterjeszt\u0151 sorozat mellett a T\u00e9nyek \u00e9s tan\u00fak memo\u00e1rsorozata is rendk\u00edv\u00fcli n\u00e9pszer\u0171s\u00e9gre tett szert. 1963-ban ind\u00edtotta \u00fatj\u00e1ra a kiad\u00f3 a Sz\u00e9p verseket, amely az\u00f3ta is a kort\u00e1rs a l\u00edraterm\u00e9s meghat\u00e1roz\u00f3 \u00e9ves gy\u0171jtem\u00e9nye, \u00e9s egyben a legr\u00e9gebbi folyamatosan megjelen\u0151 magyar sz\u00e9pirodalmi k\u00f6nyvsorozat. 1964-t\u0151l jelenik meg a Magvet\u0151n\u00e9l a legfontosabb magyar elbesz\u00e9l\u00e9sek antol\u00f3gi\u00e1ja, a K\u00f6rk\u00e9p. <\/span><br \/>\n<span style=\"color: #000000;\"> A kiad\u00f3 alap\u00edt\u00e1sa ut\u00e1n egy \u00e9vtized alatt v\u00e1lt az egyik legnagyobb hat\u00e1s\u00fa magyar kultur\u00e1lis int\u00e9zm\u00e9nny\u00e9. 1966-ban m\u00e1r \u00e9vi k\u00e9tmilli\u00f3 p\u00e9ld\u00e1ny f\u00f6l\u00f6tt adott ki k\u00f6nyveket, majd hossz\u00fa ideig folyamatosan n\u00f6velni tudta a p\u00e9ld\u00e1nysz\u00e1mot: a legjobb \u00e9vben, 1981-ben 5,4 milli\u00f3 magvet\u0151s k\u00f6nyv tal\u00e1lt gazd\u00e1ra. (Ma alig t\u00f6bb, \u00f6sszesen 6,4 milli\u00f3 p\u00e9ld\u00e1ny a teljes hazai sz\u00e9pirodalmi k\u00f6nyvterm\u00e9s.)<\/span><\/h5>\n<h5 style=\"text-align: justify;\"><span style=\"color: #000000;\">Szerz\u0151k \u00e9s rekordok. A Magvet\u0151 legels\u0151 szerz\u0151i k\u00f6z\u00fcl sokan ma is alkotnak. A k\u00f6lt\u0151k k\u00f6z\u00fcl Juh\u00e1sz Ferenc A vir\u00e1gok hatalma c\u00edm\u0171 versesk\u00f6tet\u00e9t m\u00e9g az alap\u00edt\u00e1s \u00e9v\u00e9ben jelentette meg a kiad\u00f3. Ugyancsak 1955-ben jelent meg Kaj\u00e1n Tibor karikaturista Kaj\u00e1n rajzok c\u00edm\u0171 k\u00f6nyve. A ma is \u00e9l\u0151 pr\u00f3za\u00edr\u00f3k k\u00f6z\u00fcl Fejes Endre els\u0151 elbesz\u00e9l\u00e9sk\u00f6tete, A hazud\u00f3s 1958-ban jelent meg a Magvet\u0151n\u00e9l. <\/span><br \/>\n<span style=\"color: #000000;\"> Hatvan \u00e9v alatt mintegy 1200 magyar \u00e9s k\u00fclf\u00f6ldi szerz\u0151 m\u0171vei jelentek meg a kiad\u00f3 gondoz\u00e1s\u00e1ban. Jelenleg olyan \u2013 olvas\u00f3k \u00e9s kritikusok \u00e1ltal egyar\u00e1nt \u2013 elismert hazai szerz\u0151k m\u0171veivel tal\u00e1lkozhat a Magvet\u0151 gondoz\u00e1s\u00e1ban a hazai k\u00f6nyvv\u00e1s\u00e1rl\u00f3, mint Bartis Attila, Bert\u00f3k L\u00e1szl\u00f3, Bodor \u00c1d\u00e1m, Boldizs\u00e1r Ildik\u00f3, Centauri, Csabai L\u00e1szl\u00f3, Cserna-Szab\u00f3 Andr\u00e1s, Darvasi L\u00e1szl\u00f3, Dragom\u00e1n Gy\u00f6rgy, Erd\u0151s Vir\u00e1g, Esterh\u00e1zy P\u00e9ter, Garaczi L\u00e1szl\u00f3, Grecs\u00f3 Kriszti\u00e1n, Gy\u00f6rgy P\u00e9ter, Horv\u00e1th Viktor, K\u00e1ntor P\u00e9ter, Kem\u00e9ny Istv\u00e1n, Kert\u00e9sz Imre, Kov\u00e1cs Andr\u00e1s Ferenc, Krasznahorkai L\u00e1szl\u00f3, Kun \u00c1rp\u00e1d, L\u00e1ngh J\u00falia, Mosonyi Aliz, N\u00e1dasdy \u00c1d\u00e1m, Parti Nagy Lajos, Rakovszky Zsuzsa, Spir\u00f3 Gy\u00f6rgy, Szab\u00f3 T. Anna, Szijj Ferenc, Szilasi L\u00e1szl\u00f3, Szil\u00e1gyi Istv\u00e1n, Tak\u00e1cs Zsuzsa, T\u00f3th Krisztina, Varr\u00f3 D\u00e1niel vagy Z\u00e1vada P\u00e1l.<\/span><\/h5>\n<h5 style=\"text-align: justify;\"><span style=\"color: #000000;\">Az \u0151 \u00e9letm\u0171v\u00fck gondoz\u00e1sa \u00e9s kiad\u00e1sa mellett egyenrang\u00faan nagy hangs\u00falyt kap a p\u00e1ly\u00e1juk elej\u00e9n j\u00e1r\u00f3 tehets\u00e9gek els\u0151 m\u0171veinek megjelentet\u00e9se \u00e9s a tov\u00e1bbiak megalkot\u00e1s\u00e1nak seg\u00edt\u00e9se. T\u00f6bbek k\u00f6z\u00f6tt Babiczky Tibor, Bogn\u00e1r P\u00e9ter, Feh\u00e9r Ren\u00e1t\u00f3, Gy\u0151rffy \u00c1kos, Kem\u00e9ny Lili, Kiss No\u00e9mi, Kiss Tibor No\u00e9, Lakatos Istv\u00e1n, Maros Andr\u00e1s, Nagy Kopp\u00e1ny Zsolt, Potozky L\u00e1szl\u00f3, Sz\u00e9kely Csaba, Sz\u0151cs Petra, T\u00f3th Kinga, Totth Benedek k\u00f6nyveinek is a Magvet\u0151 ad otthont. <\/span><br \/>\n<span style=\"color: #000000;\"> A legjobb kort\u00e1rs sz\u00e9pirodalmi k\u00f6tetnek j\u00e1r\u00f3 Aegon M\u0171v\u00e9szeti D\u00edj eddigi kilenc\u00e9ves t\u00f6rt\u00e9net\u00e9ben h\u00e9t alkalommal magvet\u0151s szerz\u0151 nyerte el az elismer\u00e9st. Id\u00e9n hetvenh\u00e9t sz\u00e9pirodalmi m\u0171vet jel\u00f6ltek a tizedik, jubileumi d\u00edjra a kiad\u00f3k. A zs\u0171ri d\u00f6nt\u00e9se alapj\u00e1n t\u00edz szerz\u0151 m\u0171vei jutottak tov\u00e1bb a m\u00e1sodik fordul\u00f3ba, ezek k\u00f6z\u00fcl nyolc a Magvet\u0151n\u00e9l jelent meg. <\/span><br \/>\n<span style=\"color: #000000;\"> A Magvet\u0151 adja ki a legt\u00f6bb hat\u00e1ron t\u00fali magyar szerz\u0151t: Budapest ut\u00e1n Kolozsv\u00e1ron sz\u00fcletett vagy nevelkedett a legt\u00f6bb magvet\u0151s \u00edr\u00f3. A legr\u00e9gebbi szerz\u0151, akinek teljes \u00e9letm\u0171v\u00e9t kezdetekt\u0151l a Magvet\u0151 adja ki, Esterh\u00e1zy P\u00e9ter. Az \u00edr\u00f3nak \u00f6sszesen 36 k\u00f6nyv\u00e9t jelentette meg a kiad\u00f3 az 1976-os Fancsik\u00f3 \u00e9s Pint\u00e1-t\u00f3l a most nyomd\u00e1ban l\u00e9v\u0151, \u00e1prilisban megjelen\u0151 Az \u00e9vek iszkol\u00e1sa c\u00edm\u0171 interj\u00fak\u00f6tetig. A Magvet\u0151 legid\u0151sebb akt\u00edv szerz\u0151je az id\u00e9n 85 \u00e9ves Kert\u00e9sz Imre, a legfiatalabb a 22 \u00e9ves Kem\u00e9ny Lili.<\/span><\/h5>\n<h5 style=\"text-align: right;\">Forr\u00e1s &#8211; <a href=\"https:\/\/www.facebook.com\/magveto\/posts\/1100397306653643:0\" target=\"_blank\">Magvet\u0151 Kiad\u00f3<\/a><\/h5>\n<hr \/>\n<p style=\"text-align: right;\">\n<\/div>\n<p>&nbsp;<\/p>\n<hr \/>\n<div id=\"attachment_4967\" style=\"width: 160px\" class=\"wp-caption alignleft\"><a href=\"http:\/\/https:\/\/centauriweb.hu\/archiv\/fotok-centaurirol\/fotok-centaurirol-2\/10996550_913826725314745_1171275958428998051_o\/\" rel=\"attachment wp-att-4967\"><img aria-describedby=\"caption-attachment-4967\" decoding=\"async\" loading=\"lazy\" class=\"wp-image-4967 size-thumbnail\" src=\"http:\/\/https:\/\/centauriweb.hu\/archiv\/wp-content\/uploads\/2016\/05\/10996550_913826725314745_1171275958428998051_o-150x150.jpg\" alt=\"Centauri \u00edr\u00f3 irodalom reg\u00e9ny k\u00f6nyv Magvet\u0151 kiad\u00f3 writer author literature \u00e9rdekes sztorik\" width=\"150\" height=\"150\" \/><\/a><p id=\"caption-attachment-4967\" class=\"wp-caption-text\">Fot\u00f3: Centauri<\/p><\/div>\n<h5 style=\"text-align: justify;\"><strong>2015.01.07.<\/strong> \u00c1TALAKUL A L\u00cdRA KIAD\u00d3I CSOPORT!<\/h5>\n<h5 style=\"text-align: justify;\">A Magvet\u0151 Kiad\u00f3 \u00faj igazgat\u00f3ja m\u00e1rciust\u00f3l Ny\u00e1ry Kriszti\u00e1n. <span style=\"color: #000000;\">\u00daj vezet\u0151kkel b\u0151v\u00fcl a L\u00edra Kiad\u00f3i Csoport csapata.<\/span><\/h5>\n<h5 style=\"text-align: justify;\"><span style=\"color: #000000;\">M\u00e1rcius 1-j\u00e9t\u0151l \u00e1talakul \u00e9s kib\u0151v\u00fcl a L\u00edra Kiad\u00f3i Csoport (Magvet\u0151, Athenaeum, Corvina, Man\u00f3 K\u00f6nyvek, Gener\u00e1l Press, R\u00f3zsav\u00f6lgy \u00e9s t\u00e1rsa) szakmai vezet\u00e9se. <strong>Morcs\u00e1nyi G\u00e9za<\/strong>, a Magvet\u0151 Kiad\u00f3 jelenlegi vezet\u0151je a L\u00edra Kiad\u00f3i Csoport igazgat\u00f3jak\u00e9nt \u00e9s a L\u00edra K\u00f6nyv Zrt igazgat\u00f3s\u00e1gi tagjak\u00e9nt dolgozik tov\u00e1bb. A Magvet\u0151 \u00e9s az Athenaeum Kiad\u00f3k igazgat\u00e1s\u00e1t <strong>Ny\u00e1ry Kriszti\u00e1n<\/strong> irodalomt\u00f6rt\u00e9n\u00e9sz \u00e9s kommunik\u00e1ci\u00f3s szakember veszi \u00e1t. A Magvet\u0151 Kiad\u00f3 f\u0151szerkeszt\u0151je <strong>D\u00e1vid Anna<\/strong>, az Athenaeum Kiad\u00f3 f\u0151szerkeszt\u0151je <strong>Szab\u00f3 Tibor Benj\u00e1min<\/strong> lesz. <\/span><\/h5>\n<h5 style=\"text-align: justify;\"><span style=\"color: #000000;\"> A magyar k\u00f6nyvpiac az elm\u00falt \u00e9vekben jelent\u0151s \u00e1talakul\u00e1son ment \u00e1t, \u00faj szerepl\u0151k jelentek meg, v\u00e1llalkoz\u00e1sok sz\u0171ntek meg, mik\u00f6zben az eladott k\u00f6nyvek p\u00e9ld\u00e1nysz\u00e1ma sajn\u00e1latosan cs\u00f6kkent. A L\u00edra Kiad\u00f3i Csoportnak ebben a neh\u00e9z id\u0151szakban \u00fagy siker\u00fclt meger\u0151s\u00edtenie piaci poz\u00edci\u00f3j\u00e1t, hogy nem adta fel min\u0151s\u00e9gre koncentr\u00e1l\u00f3 \u00fczletpolitik\u00e1j\u00e1t. A csoport k\u00e9t sz\u00e9pirodalmi profil\u00fa kiad\u00f3ja, a Magvet\u0151 \u00e9s az Athenaeum meg\u0151rizt\u00e9k tradicion\u00e1lis karakter\u00fcket, mik\u00f6zben sikerrel feleltek meg a folyamatosan v\u00e1ltoz\u00f3 piaci kih\u00edv\u00e1soknak. Az \u00faj fel\u00e1ll\u00e1sban hagyom\u00e1nyos er\u00e9nyeik meg\u0151rz\u00e9se mellett m\u00e9g t\u00f6bb gondot k\u00edv\u00e1nnak ford\u00edtani szerz\u0151ik \u00e9s az olvas\u00f3k\u00f6z\u00f6ns\u00e9g k\u00f6z\u00f6tti kapcsolat gazdagabb\u00e1 \u00e9s sz\u00ednesebb\u00e9 t\u00e9tel\u00e9re, annak bizony\u00edt\u00e1s\u00e1ra, hogy a magas kult\u00fara a piaci viszonyok k\u00f6z\u00f6tt is vir\u00e1gozhat. <\/span><\/h5>\n<h5 style=\"text-align: justify;\"><span style=\"color: #000000;\"> <strong>Morcs\u00e1nyi G\u00e9za<\/strong> m\u0171ford\u00edt\u00f3, dramaturg h\u00fasz \u00e9ve, 1995-ben ker\u00fclt a Magvet\u0151 Kiad\u00f3 \u00e9l\u00e9re. Ir\u00e1ny\u00edt\u00e1s\u00e1val a Magvet\u0151 az orsz\u00e1g vezet\u0151 sz\u00e9pirodalmi kiad\u00f3ja lett, \u00e9s megker\u00fclhetetlen szerepet t\u00f6lt be a kort\u00e1rs magyar irodalom m\u0171helyek\u00e9nt. Az elm\u00falt \u00e9vtizedben \u00f6tsz\u00f6r v\u00e1lasztotta a szakma az \u00e9v kiad\u00f3j\u00e1nak. Az Athenaeum Kiad\u00f3 a kort\u00e1rs vil\u00e1girodalom legn\u00e9pszer\u0171bb szerz\u0151inek m\u0171veit publik\u00e1lja, s 2006 \u00f3ta ugyancsak Morcs\u00e1nyi G\u00e9za vezet\u00e9s\u00e9vel m\u0171k\u00f6dik. A min\u0151s\u00e9get els\u0151sz\u00e1m\u00fa \u00e9rt\u00e9knek tekint\u0151 szakember a j\u00f6v\u0151ben az eg\u00e9sz c\u00e9gcsoport kiad\u00f3i tev\u00e9kenys\u00e9g\u00e9nek integr\u00e1ci\u00f3j\u00e1\u00e9rt felel. <\/span><\/h5>\n<h5 style=\"text-align: justify;\"><span style=\"color: #000000;\"> <strong>Ny\u00e1ry Kriszti\u00e1n<\/strong> irodalomt\u00f6rt\u00e9n\u00e9sz, a L\u00edra csoporthoz tartoz\u00f3 Corvina kiad\u00f3 szerz\u0151je az elm\u00falt k\u00e9t \u00e9vtizedben kommunik\u00e1ci\u00f3s szakemberk\u00e9nt dolgozott. Vezetett pr-\u00fcgyn\u00f6ks\u00e9get \u00e9s piackutat\u00f3 int\u00e9zetet, volt \u00e1llami szervezet kommunik\u00e1ci\u00f3s igazgat\u00f3ja. Szakmai tapasztalataira a k\u00e9t patin\u00e1s k\u00f6nyvkiad\u00f3 \u00e9l\u00e9n sz\u00e1m\u00edt a c\u00e9gcsoport. C\u00e9lja, hogy a Magvet\u0151 \u00e9s az Athenaeum szerz\u0151inek m\u0171vei tradicion\u00e1lis k\u00f6z\u00f6ns\u00e9g\u00fck mellett \u00faj, min\u0151s\u00e9gre nyitott olvas\u00f3i csoportokhoz is eljussanak.<\/span><\/h5>\n<h5 style=\"text-align: justify;\"><span style=\"color: #000000;\"> <strong>D\u00e1vid Anna<\/strong> h\u00fasz \u00e9ve dolgozik k\u00f6nyvkiad\u00f3kn\u00e1l k\u00fcl\u00f6nf\u00e9le ter\u00fcleteken, 2001 \u00e9s 2007 k\u00f6z\u00f6tt a Magvet\u0151 munkat\u00e1rsak\u00e9nt a kiad\u00f3 sz\u00e1mos jelent\u0151s szerz\u0151j\u00e9nek k\u00f6teteit szerkesztette. Ezt k\u00f6vet\u0151en n\u00e9h\u00e1ny \u00e9vig szabad\u00fasz\u00f3k\u00e9nt, majd a Libri Kiad\u00f3 szerkeszt\u0151jek\u00e9nt tev\u00e9kenykedett. D\u00e1vid Anna f\u0151szerkeszt\u0151k\u00e9nt t\u00e9r vissza a Magvet\u0151h\u00f6z, ahol a megbecs\u00fclt szerz\u0151k szakmai t\u00e1mogat\u00e1sa mellett \u00faj \u00edr\u00f3k felkutat\u00e1s\u00e1ra is koncentr\u00e1lni k\u00edv\u00e1n.<\/span><\/h5>\n<h5 style=\"text-align: justify;\"><span style=\"color: #000000;\"> <strong>Szab\u00f3 Tibor Benj\u00e1min<\/strong> \u00edr\u00f3, irodalomkritikus 2011-2014 k\u00f6z\u00f6tt az \u00daj K\u00f6nyvpiac k\u00f6nyvszakmai magazin felel\u0151s szerkeszt\u0151je volt, jelenleg az Athenaeum Kiad\u00f3 vezet\u0151 szerkeszt\u0151jek\u00e9nt dolgozik. F\u0151szerkeszt\u0151k\u00e9nt a kiad\u00f3 \u00f6n\u00e1ll\u00f3 arculat\u00e1nak er\u0151s\u00edt\u00e9s\u00e9n dolgozik majd. C\u00e9lja, hogy a min\u0151s\u00e9gi sz\u00f3rakoztat\u00f3 irodalom \u00e9s ismeretterjeszt\u00e9s az er\u0151s\u00f6d\u0151 piaci versenyben is megtal\u00e1lja k\u00f6z\u00f6ns\u00e9g\u00e9t. <\/span><\/h5>\n<h5 style=\"text-align: justify;\"><span style=\"color: #000000;\"> <strong>Kolosi Tam\u00e1s<\/strong>, a L\u00edra K\u00f6nyv Zrt. eln\u00f6ke az \u00e1talak\u00edt\u00e1s kapcs\u00e1n elmondta: \u201eAz \u00faj stukt\u00fara biztos\u00edt\u00e9ka a hagyom\u00e1nyosan min\u0151s\u00e9g-k\u00f6zpont\u00fa kiad\u00f3i szeml\u00e9let meg\u0151rz\u00e9s\u00e9nek \u00e9s a modern marketing eszk\u00f6z\u00f6k hat\u00e9kony haszn\u00e1lat\u00e1nak. Mert a digit\u00e1lis korszakban is kell a j\u00f3 k\u00f6nyv.\u201d<\/span><\/h5>\n<h5 style=\"text-align: justify;\"><span style=\"color: #000000;\">Budapest, 2015. janu\u00e1r 28.<\/span><\/h5>\n<h5 style=\"text-align: right;\">Forr\u00e1s: a <a href=\"http:\/\/hir.lira.hu\/dm\/2015\/012704\/bongeszo.html\" target=\"_blank\">L\u00edra Kiad\u00f3i Csoport Sajt\u00f3k\u00f6zlem\u00e9nye<\/a><\/h5>\n<hr \/>\n<div id=\"attachment_4967\" style=\"width: 160px\" class=\"wp-caption alignleft\"><a href=\"http:\/\/https:\/\/centauriweb.hu\/archiv\/fotok-centaurirol\/fotok-centaurirol-2\/10996550_913826725314745_1171275958428998051_o\/\" rel=\"attachment wp-att-4967\"><img aria-describedby=\"caption-attachment-4967\" decoding=\"async\" loading=\"lazy\" class=\"wp-image-4967 size-thumbnail\" src=\"http:\/\/https:\/\/centauriweb.hu\/archiv\/wp-content\/uploads\/2016\/05\/10996550_913826725314745_1171275958428998051_o-150x150.jpg\" alt=\"Centauri \u00edr\u00f3 irodalom reg\u00e9ny k\u00f6nyv Magvet\u0151 kiad\u00f3 writer author literature \u00e9rdekes sztorik\" width=\"150\" height=\"150\" \/><\/a><p id=\"caption-attachment-4967\" class=\"wp-caption-text\">Fot\u00f3: Centauri<\/p><\/div>\n<h5><span style=\"color: #000000;\"><strong>2015.01.07.<\/strong> &#8211; 10-15 napon bel\u00fcl a k\u00e9sz\u00fcl\u0151 J\u00e1kob botj\u00e1b\u00f3l heti rendszeress\u00e9ggel lesznek olvashatok kisebb r\u00e9szletek. Felmer\u00fclt a reg\u00e9ny befejez\u00e9s\u00e9nek id\u0151szak\u00e1ban vezetett blog lehet\u0151s\u00e9ge is. \u00d6r\u00f6mmel vessz\u00fck az ezzel kapcsolatos v\u00e9lem\u00e9nyeket (j\u00f3 lenne-e vagy nem?).<\/span><\/h5>\n<hr \/>\n<div id=\"attachment_4967\" style=\"width: 160px\" class=\"wp-caption alignleft\"><a href=\"http:\/\/https:\/\/centauriweb.hu\/archiv\/fotok-centaurirol\/fotok-centaurirol-2\/10996550_913826725314745_1171275958428998051_o\/\" rel=\"attachment wp-att-4967\"><img aria-describedby=\"caption-attachment-4967\" decoding=\"async\" loading=\"lazy\" class=\"wp-image-4967 size-thumbnail\" src=\"http:\/\/https:\/\/centauriweb.hu\/archiv\/wp-content\/uploads\/2016\/05\/10996550_913826725314745_1171275958428998051_o-150x150.jpg\" alt=\"Centauri \u00edr\u00f3 irodalom reg\u00e9ny k\u00f6nyv Magvet\u0151 kiad\u00f3 writer author literature \u00e9rdekes sztorik\" width=\"150\" height=\"150\" \/><\/a><p id=\"caption-attachment-4967\" class=\"wp-caption-text\">Fot\u00f3: Centauri<\/p><\/div>\n<h5 style=\"text-align: justify;\"><span style=\"color: #000000;\"><strong>2015.01.06.<\/strong> M\u00e1r online is olvashat a <a href=\"http:\/\/www.168ora.hu\/itthon\/szekely-ilona-centauri-irodalom-jegvago-132266.html\" target=\"_blank\">168 \u00f3ra kar\u00e1csonyi dupla sz\u00e1m\u00e1ban<\/a> megjelent interj\u00fa (Sz\u00e9kely Ilona: Centauri, a titokzatos \u00edr\u00f3)<\/span><\/h5>\n<hr \/>\n<h5 style=\"text-align: justify;\"><\/h5>\n<p>&nbsp;<\/p>\n<p>&nbsp;<\/p>\n","protected":false},"excerpt":{"rendered":"<p>2015.09.19. JACK \u00c9S POTTI c\u00edmmel hossz\u00fa &#8220;J\u00e1kob botja&#8221; r\u00e9szlet olvashat\u00f3 a 2000 legut\u00f3bbi, augusztusi sz\u00e1m\u00e1ban. &#8220;L\u00e1tod? Olyan vagyok \u00e9n is, ak\u00e1r a tenger. Sz\u00edne is, sz\u00e1nd\u00e9ka is \u00f3r\u00e1nk\u00e9nt v\u00e1ltozik. L\u00e1m, m\u00e9g fel sem h\u00faztuk a horgonyt, s m\u00e1ris s\u00fcllyed\u00fcnk. K\u00f6d \u00e9s g\u0151z gomolyog a Morton k\u00f6r\u00fcl, d\u00f6ng alattunk a tenger\u2026<\/p>\n<p class=\"continue-reading-button\"> <a class=\"continue-reading-link\" href=\"https:\/\/centauriweb.hu\/archiv\/hirek\/centauri-2015\/\">Tov\u00e1bb<i class=\"crycon-right-dir\"><\/i><\/a><\/p>\n","protected":false},"author":2,"featured_media":2634,"parent":497,"menu_order":4,"comment_status":"open","ping_status":"open","template":"","meta":{"ngg_post_thumbnail":0,"_vp_format_video_url":"","_vp_image_focal_point":[]},"yoast_head":"<!-- This site is optimized with the Yoast SEO plugin v14.0.4 - https:\/\/yoast.com\/wordpress\/plugins\/seo\/ -->\n<title>Centauri - 2015. - CENWEB<\/title>\n<meta name=\"description\" content=\"Centauri - 2015 10-15 napon bel\u00fcl a k\u00e9sz\u00fcl\u0151 J\u00e1kob botj\u00e1b\u00f3l heti rendszeress\u00e9ggel lesznek olvashatok kisebb r\u00e9szletek. Felmer\u00fclt egy blog lehet\u0151s\u00e9ge is.\" \/>\n<meta name=\"robots\" content=\"index, follow\" \/>\n<meta name=\"googlebot\" content=\"index, follow, max-snippet:-1, max-image-preview:large, max-video-preview:-1\" \/>\n<meta name=\"bingbot\" content=\"index, follow, max-snippet:-1, max-image-preview:large, max-video-preview:-1\" \/>\n<link rel=\"canonical\" href=\"https:\/\/centauriweb.hu\/archiv\/hirek\/centauri-2015\/\" \/>\n<link rel=\"next\" href=\"https:\/\/centauriweb.hu\/archiv\/hirek\/centauri-2015\/2\/\" \/>\n<meta property=\"og:locale\" content=\"hu_HU\" \/>\n<meta property=\"og:type\" content=\"article\" \/>\n<meta property=\"og:title\" content=\"Centauri - 2015. - CENWEB\" \/>\n<meta property=\"og:description\" content=\"Centauri - 2015 10-15 napon bel\u00fcl a k\u00e9sz\u00fcl\u0151 J\u00e1kob botj\u00e1b\u00f3l heti rendszeress\u00e9ggel lesznek olvashatok kisebb r\u00e9szletek. Felmer\u00fclt egy blog lehet\u0151s\u00e9ge is.\" \/>\n<meta property=\"og:url\" content=\"https:\/\/centauriweb.hu\/archiv\/hirek\/centauri-2015\/\" \/>\n<meta property=\"og:site_name\" content=\"CENWEB\" \/>\n<meta property=\"article:modified_time\" content=\"2018-03-01T23:15:58+00:00\" \/>\n<meta property=\"og:image\" content=\"https:\/\/centauriweb.hu\/archiv\/wp-content\/uploads\/2015\/03\/10165327856_c8516b87a9_b.jpg\" \/>\n\t<meta property=\"og:image:width\" content=\"1024\" \/>\n\t<meta property=\"og:image:height\" content=\"577\" \/>\n<script type=\"application\/ld+json\" class=\"yoast-schema-graph\">{\"@context\":\"https:\/\/schema.org\",\"@graph\":[{\"@type\":\"WebSite\",\"@id\":\"https:\/\/centauriweb.hu\/archiv\/#website\",\"url\":\"https:\/\/centauriweb.hu\/archiv\/\",\"name\":\"CENWEB\",\"description\":\"MAGAZIN | ARCH\\u00cdVUM | 2006-2023. \",\"potentialAction\":[{\"@type\":\"SearchAction\",\"target\":\"https:\/\/centauriweb.hu\/archiv\/?s={search_term_string}\",\"query-input\":\"required name=search_term_string\"}],\"inLanguage\":\"hu\"},{\"@type\":\"ImageObject\",\"@id\":\"https:\/\/centauriweb.hu\/archiv\/hirek\/centauri-2015\/#primaryimage\",\"inLanguage\":\"hu\",\"url\":\"https:\/\/centauriweb.hu\/archiv\/wp-content\/uploads\/2015\/03\/10165327856_c8516b87a9_b.jpg\",\"width\":1024,\"height\":577},{\"@type\":\"WebPage\",\"@id\":\"https:\/\/centauriweb.hu\/archiv\/hirek\/centauri-2015\/#webpage\",\"url\":\"https:\/\/centauriweb.hu\/archiv\/hirek\/centauri-2015\/\",\"name\":\"Centauri - 2015. - CENWEB\",\"isPartOf\":{\"@id\":\"https:\/\/centauriweb.hu\/archiv\/#website\"},\"primaryImageOfPage\":{\"@id\":\"https:\/\/centauriweb.hu\/archiv\/hirek\/centauri-2015\/#primaryimage\"},\"datePublished\":\"2015-01-07T00:07:43+00:00\",\"dateModified\":\"2018-03-01T23:15:58+00:00\",\"description\":\"Centauri - 2015 10-15 napon bel\\u00fcl a k\\u00e9sz\\u00fcl\\u0151 J\\u00e1kob botj\\u00e1b\\u00f3l heti rendszeress\\u00e9ggel lesznek olvashatok kisebb r\\u00e9szletek. Felmer\\u00fclt egy blog lehet\\u0151s\\u00e9ge is.\",\"inLanguage\":\"hu\",\"potentialAction\":[{\"@type\":\"ReadAction\",\"target\":[\"https:\/\/centauriweb.hu\/archiv\/hirek\/centauri-2015\/\"]}]}]}<\/script>\n<!-- \/ Yoast SEO plugin. -->","_links":{"self":[{"href":"https:\/\/centauriweb.hu\/archiv\/wp-json\/wp\/v2\/pages\/2033"}],"collection":[{"href":"https:\/\/centauriweb.hu\/archiv\/wp-json\/wp\/v2\/pages"}],"about":[{"href":"https:\/\/centauriweb.hu\/archiv\/wp-json\/wp\/v2\/types\/page"}],"author":[{"embeddable":true,"href":"https:\/\/centauriweb.hu\/archiv\/wp-json\/wp\/v2\/users\/2"}],"replies":[{"embeddable":true,"href":"https:\/\/centauriweb.hu\/archiv\/wp-json\/wp\/v2\/comments?post=2033"}],"version-history":[{"count":0,"href":"https:\/\/centauriweb.hu\/archiv\/wp-json\/wp\/v2\/pages\/2033\/revisions"}],"up":[{"embeddable":true,"href":"https:\/\/centauriweb.hu\/archiv\/wp-json\/wp\/v2\/pages\/497"}],"wp:featuredmedia":[{"embeddable":true,"href":"https:\/\/centauriweb.hu\/archiv\/wp-json\/wp\/v2\/media\/2634"}],"wp:attachment":[{"href":"https:\/\/centauriweb.hu\/archiv\/wp-json\/wp\/v2\/media?parent=2033"}],"curies":[{"name":"wp","href":"https:\/\/api.w.org\/{rel}","templated":true}]}}