{"id":16983,"date":"2020-04-23T07:32:07","date_gmt":"2020-04-23T05:32:07","guid":{"rendered":"https:\/\/centauriweb.hu\/?page_id=16983"},"modified":"2021-01-16T09:38:23","modified_gmt":"2021-01-16T07:38:23","slug":"amit-tudni-kell-a-harkalyokrol","status":"publish","type":"page","link":"https:\/\/centauriweb.hu\/archiv\/madarakrol\/madarakrol-mindenkinek\/amit-tudni-kell-a-harkalyokrol\/","title":{"rendered":"Amit tudni kell a hark\u00e1lyokr\u00f3l"},"content":{"rendered":"\r\n<p><a href=\"https:\/\/centauriweb.hu\/archiv\/harkalyok\/\"><img decoding=\"async\" loading=\"lazy\" class=\"alignnone size-full wp-image-16982\" src=\"https:\/\/centauriweb.hu\/archiv\/wp-content\/uploads\/2020\/04\/hark\u00e1lyok.jpg\" alt=\"\" width=\"800\" height=\"573\" srcset=\"https:\/\/centauriweb.hu\/archiv\/wp-content\/uploads\/2020\/04\/hark\u00e1lyok.jpg 800w, https:\/\/centauriweb.hu\/archiv\/wp-content\/uploads\/2020\/04\/hark\u00e1lyok-300x215.jpg 300w, https:\/\/centauriweb.hu\/archiv\/wp-content\/uploads\/2020\/04\/hark\u00e1lyok-768x550.jpg 768w, https:\/\/centauriweb.hu\/archiv\/wp-content\/uploads\/2020\/04\/hark\u00e1lyok-209x150.jpg 209w, https:\/\/centauriweb.hu\/archiv\/wp-content\/uploads\/2020\/04\/hark\u00e1lyok-150x107.jpg 150w\" sizes=\"(max-width: 800px) 100vw, 800px\" \/><\/a><\/p>\r\n<blockquote>\r\n<h4><span style=\"color: #000000; font-size: 14pt;\">Val\u00f3ban k\u00e9rd\u00e9s: hogyan lehet, hogy nem lesz el\u0151bb-ut\u00f3bb az \u00f6sszes hark\u00e1ly agyal\u00e1gyult? Eg\u00e9sz \u00e9let\u00e9ben beveri a fej\u00e9t, ezerrel, \u00fajra meg \u00fajra! Hogy nem lesz m\u00e9gsem egy k\u00f3v\u00e1lyg\u00f3 agyhalott?<\/span><\/h4>\r\n<\/blockquote>\r\n<h5 style=\"text-align: center;\"><span style=\"color: #000000;\"><strong>A HARK\u00c1LY LEGEND\u00c1S MAD\u00c1R \u2013 DE LEHETNE LEGEND\u00c1SABB IS<\/strong><\/span><\/h5>\r\n<hr>\r\n<h5><span style=\"color: #000000;\"><a href=\"https:\/\/centauriweb.hu\/archiv\/tallozo\/termeszet-2\/mivel-talalkozik-egy-buvar-tengerben-mindenre-gondolnek-de-erre-nem\/cen_logo_circle\/\" rel=\"attachment wp-att-7379\"><img decoding=\"async\" loading=\"lazy\" class=\"size-full wp-image-7379 alignleft\" src=\"https:\/\/centauriweb.hu\/archiv\/wp-content\/uploads\/2018\/04\/cen_logo_circle.png\" alt=\"\" width=\"100\" height=\"100\"><\/a>Ha van ismert mad\u00e1r, akkor a hark\u00e1ly az. Ugyanakkor a legt\u00f6bben alig tudnak r\u00f3la valamit. Tudjuk, a hark\u00e1ly a f\u00e1k doktora, tudjuk, od\u00fakat v\u00e1j a f\u00e1kba, ugyanakkor gy\u00f3gy\u00edtja azokat, l\u00e1tjuk t\u00e9len a mad\u00e1retet\u0151nk\u00f6n, de gyakran nem tudjuk, hogy melyik hark\u00e1lyfaj a vend\u00e9g\u00fcnk \u2013 ugyanis j\u00f3 p\u00e1r fajunk van \u2013, m\u00e1sr\u00e9szt kevesen tudj\u00e1k, hogy a hark\u00e1lyok (hivatalos n\u00e9ven fakop\u00e1ncsok) mennyire k\u00fcl\u00f6nleges madarak. Tal\u00e1n mert megszoktuk m\u00e1r, hogy a f\u00e1kat kop\u00e1csolj\u00e1k.<\/span><\/h5>\r\n<blockquote>\r\n<h4><span style=\"color: #000000; font-size: 14pt;\">Megszoktuk pomp\u00e1s sz\u00edneiket \u00e9s jelenl\u00e9t\u00fcket, de \u00e9rdemes megn\u00e9zni \u0151ket k\u00f6zelebbr\u0151l, mert bizony t\u00e1tva maradhat a sz\u00e1nk is.<\/span><\/h4>\r\n<\/blockquote>\r\n<h5><span style=\"color: #000000;\">Szab\u00f3 Edit k\u00e9r\u00e9s\u00e9re \u00edrok r\u00f3luk r\u00e9szletesebben. Az eredeti k\u00e9rd\u00e9s az volt, hogy egy bizonyos hang, egyfajta g\u00e9pfegyverropog\u00e1s sz\u00e1rmazhat-e hark\u00e1lyt\u00f3l? Ennek aprop\u00f3j\u00e1n azonban egy kicsit k\u00f6zelebbr\u0151l is megmutatom a hark\u00e1lyokat. <strong>El\u0151sz\u00f6r is k\u00e9sz\u00edtettem egy kis hark\u00e1lyhat\u00e1roz\u00f3t az \u00e9jjel.<\/strong> \u00c1ltal\u00e1ban nagy fakop\u00e1ncs j\u00e1r a kert\u00fcnkben, de ahol nagyobb park, erd\u0151, \u00f6reg gy\u00fcm\u00f6lcs\u00f6s van a k\u00f6zelben, t\u00f6bb fajjal is tal\u00e1lkozhatunk. N\u00e1lam p\u00e9ld\u00e1ul 7 hark\u00e1lyfaj j\u00e1rja az udvart:<\/span><\/h5>\r\n<h5><span style=\"color: #000000;\"><em>Nagy fakop\u00e1ncs, k\u00f6z\u00e9p fakop\u00e1ncs, kis fakop\u00e1ncs, fekete hark\u00e1ly, z\u00f6ld k\u00fcll\u0151, sz\u00fcrke k\u00fcll\u0151, \u00e9s nyaktekercs.<\/em> Ut\u00f3bbi \u00f6nmag\u00e1ban is meg\u00e9r egy mis\u00e9t, \u00edrtam is m\u00e1r r\u00f3la tavaly (<a href=\"https:\/\/centauriweb.hu\/archiv\/madarakrol\/madarakrol-mindenkinek\/aki-sajat-nyakat-tekeri-ki\/\" target=\"_blank\" rel=\"noopener noreferrer\">ITT<\/a>)<\/span><\/h5>\r\n<h5><span style=\"color: #000000;\">\u00c9rdemes nagyobb figyelmet szentelni a madarainknak, mert k\u00f6nnyen kider\u00fclhet, hogy nem a \u201ek\u00f6z\u00f6ns\u00e9ges\u201d nagy fakop\u00e1ncs, hanem a szint\u00e9n gyakori balk\u00e1ni fakop\u00e1ncs a vend\u00e9g\u00fcnk.<\/span><\/h5>\r\n<hr>\r\n<p><blockquote class=\"wp-embedded-content\" data-secret=\"hJKuRv0YM6\"><a href=\"https:\/\/centauriweb.hu\/archiv\/madarakrol\/madaretetessel-kapcsolatos-irasok\/madarhatarozo-madaretetokhoz\/a-harkalyok-jellegzetessegei-es-hatarozasa\/\">A hark\u00e1lyok jellegzetess\u00e9gei \u00e9s hat\u00e1roz\u00e1sa<\/a><\/blockquote><iframe class=\"wp-embedded-content\" sandbox=\"allow-scripts\" security=\"restricted\" style=\"position: absolute; clip: rect(1px, 1px, 1px, 1px);\" title=\"&#8220;A hark\u00e1lyok jellegzetess\u00e9gei \u00e9s hat\u00e1roz\u00e1sa&#8221; &#8212; CENWEB\" src=\"https:\/\/centauriweb.hu\/archiv\/madarakrol\/madaretetessel-kapcsolatos-irasok\/madarhatarozo-madaretetokhoz\/a-harkalyok-jellegzetessegei-es-hatarozasa\/embed\/#?secret=vMx9g0PWeR#?secret=hJKuRv0YM6\" data-secret=\"hJKuRv0YM6\" width=\"600\" height=\"338\" frameborder=\"0\" marginwidth=\"0\" marginheight=\"0\" scrolling=\"no\"><\/iframe><\/p>\r\n<blockquote>\r\n<h4><span style=\"color: #000000; font-size: 14pt;\">Az eml\u00edtett g\u00e9ppuskaropog\u00e1sszer\u0171 hangot dobol\u00e1snak mondjuk, \u00e9s m\u00e1r a t\u00e9l v\u00e9g\u00e9n gyakran hallani.<\/span><\/h4>\r\n<\/blockquote>\r\n<h5><span style=\"color: #000000;\">A hark\u00e1lyok term\u00e9szetes hangja rik\u00e1csol\u00e1s, s egyszer\u0171en rettenetes. Szerencs\u00e9re ritk\u00e1n hallani. Aki viszont j\u00e1rt m\u00e1r gy\u0171r\u0171z\u0151t\u00e1borban, \u00e9s volt szerencs\u00e9je k\u00e9zben tartani hark\u00e1lyt, k\u00e9t dolgot biztosan tud: egyr\u00e9szt sokkal jobb, amikor a hark\u00e1ly hallgat, m\u00e1sr\u00e9szt sokkal jobb, ha nincs a kez\u00fcnkben. A riadt hark\u00e1ly igen harcias, b\u00e1tor \u00e1llat, \u00e9s ahogy alapesetben a f\u00e1kat, bizony az \u0151t tart\u00f3 kezet is rendszeresen megsorozza.<\/span><\/h5>\r\n<blockquote>\r\n<h4><span style=\"color: #000000; font-size: 14pt;\">Ilyenkor \u00e9rzi az ember csak igaz\u00e1n, mekkora er\u0151 szorult ebbe a mad\u00e1rba, \u00e9s hogy a hark\u00e1lycs\u0151r mennyire massz\u00edv szersz\u00e1m.<\/span><\/h4>\r\n<\/blockquote>\r\n<h5><span style=\"color: #000000;\">Kor\u00e1bban t\u00f6bbsz\u00f6r is \u00edrtam m\u00e1r arr\u00f3l, hogy a term\u00e9szet nem ismeri a pazarl\u00e1st, \u00e9s szereti a \u201ekett\u0151 az egyben megold\u00e1sokat\u201d, \u00e1ltal\u00e1ban is c\u00e9lszer\u0171s\u00e9gre t\u00f6rekszik. Ezzel magyar\u00e1ztam p\u00e9ld\u00e1ul azt, hogy a h\u00e1t\u00e1ra fektetett madarak nem rep\u00fclnek el (<a href=\"https:\/\/centauriweb.hu\/archiv\/madarakrol\/madarakrol-mindenkinek\/miert-nem-repul-el-hatara-fektetett-madar\/\" target=\"_blank\" rel=\"noopener noreferrer\">ITT<\/a>). A hark\u00e1lyokn\u00e1l megint csak ezt a m\u0171k\u00f6d\u00e9st \u00e9rhetj\u00fck tetten. Egyik oldalr\u00f3l a hark\u00e1lyt sz\u00e1zf\u00e9lek\u00e9pp specializ\u00e1lta a term\u00e9szet egy feladatra-\u00e9letm\u00f3dra (ez lesz az igaz\u00e1n izgalmas!), m\u00e1sfel\u0151l sp\u00f3rolt is rajta. Nem tette remek \u00e9nekess\u00e9. De valahogy a hark\u00e1lynak is udvarolnia kell \u00e9s jeleznie a ter\u00fclet\u00e9t. A term\u00e9szet meg \u00fagy van ezzel, ha m\u00e1r egyszer rendk\u00edv\u00fcli k\u00e9pess\u00e9gekkel ruh\u00e1ztuk fel a fafarag\u00e1st illet\u0151en, haszn\u00e1lja ugyanezt a tulajdons\u00e1got n\u00e1szra is. Vagyis ne \u00e9nekeljen vagy t\u00e1ncoljon, hanem ahogy a f\u00e1t v\u00e9si, ugyanazzal a mozdulatsorral adjon hangot is! Igaz nem saj\u00e1t hangot. Ink\u00e1bb mintha er\u0151s cs\u0151r\u00e9t \u00e9s ritmus\u00e9rz\u00e9k\u00e9t zen\u00e9l\u00e9sre haszn\u00e1ln\u00e1. \u00cdgy azt\u00e1n a hark\u00e1lyok olyan \u00fcreges f\u00e1kat keresnek, melyek messzehangz\u00f3, \u00f6bl\u00f6s hangot adnak. Ezeket a f\u00e1kat \u00fct\u00f6getik, de valami eszement ritmusban, mintha r\u00f6vid dobperg\u00e9s sz\u00f3lna.<\/span><\/h5>\r\n<h5><span style=\"color: #000000;\">Az \u00c9szak-Amerik\u00e1ban \u00e9l\u0151 kir\u00e1lyhark\u00e1lyok is j\u00f3 dobol\u00f3helyeket tal\u00e1lnak.<\/span><\/h5>\r\n<hr>\r\n<p><iframe loading=\"lazy\" title=\"Pileated Woodpecker drumming (and calling)\" width=\"900\" height=\"506\" src=\"https:\/\/www.youtube.com\/embed\/ewfTDsKKCWA?feature=oembed\" frameborder=\"0\" allow=\"accelerometer; autoplay; clipboard-write; encrypted-media; gyroscope; picture-in-picture\" allowfullscreen><\/iframe><\/p>\r\n<h5><span style=\"color: #000000;\">Az urbaniz\u00e1l\u00f3dott, modern hark\u00e1ly hamar r\u00e1j\u00f6tt, hogy a mesters\u00e9ges k\u00f6rnyezetben sz\u00e1mos t\u00e1rgyat tal\u00e1l, mely hangosabban sz\u00f3l, mint a legszebb, leg\u00f6bl\u00f6sebb hang\u00fa fa. <strong>N\u00e1lam is van egy nagy fakop\u00e1ncs, aki \u00e9vek \u00f3ta a k\u00f6nyvt\u00e1rszoba el\u0151tti l\u00e1mpa b\u00far\u00e1j\u00e1t veri.<\/strong> Nem \u00e1ll\u00edtom, hogy cseppet sem ideges\u00edt\u0151, n\u00e9ha szinte ijeszt\u0151, f\u0151k\u00e9nt, ha v\u00e1ratlanul hangzik fel az \u00e9rces-\u00f6bl\u00f6s kerepel\u00e9s, de meg\u00e9rtem. \u00c9nekelni nem tud, udvarolni meg \u2013 ahogy haj\u00f3zni is \u2013 musz\u00e1j. Dobolnak l\u00e1mp\u00e1kon, postal\u00e1d\u00e1kon, b\u00far\u00e1kon, ereszcsatorn\u00e1kon.<\/span><\/h5>\r\n<hr>\r\n<h5><span style=\"color: #000000;\">Az al\u00e1bbi felv\u00e9telen egy nagy fakop\u00e1ncs j\u00e1tszik eg\u00e9szem idegszaggat\u00f3 sz\u00f3l\u00f3t egy l\u00e1mpabur\u00e1n &#8211; tavaly tavasszal ezt kellett hallgatnom nekem is minden hajnalban \ud83d\ude42 de megbocs\u00e1tom.<\/span><\/h5>\r\n<hr>\r\n<p><iframe loading=\"lazy\" title=\"Drumming Woodpecker\" width=\"900\" height=\"675\" src=\"https:\/\/www.youtube.com\/embed\/F0v-CukKW5Y?feature=oembed\" frameborder=\"0\" allow=\"accelerometer; autoplay; clipboard-write; encrypted-media; gyroscope; picture-in-picture\" allowfullscreen><\/iframe><\/p>\r\n<h5><span style=\"color: #000000;\">Azon t\u00fal, hogy ebben a megold\u00e1sban ism\u00e9t a term\u00e9szet gazdas\u00e1goss\u00e1ga nyilv\u00e1nul meg, van itt m\u00e9g p\u00e1r specialit\u00e1s. Nem v\u00e9letlen\u00fcl sz\u00fcletett a kiss\u00e9 f\u00e1raszt\u00f3 tal\u00e1l\u00f3s k\u00e9rd\u00e9s:<\/span><\/h5>\r\n<h5><span style=\"color: #000000;\">Mi\u00e9rt van el\u0151l a hark\u00e1ly cs\u0151re? \u2013 Hogy be ne verje a fej\u00e9t.<\/span><\/h5>\r\n<h5><span style=\"color: #000000;\">Buta viccnek hat, pedig fontos probl\u00e9m\u00e1ra vil\u00e1g\u00edt r\u00e1. Gondolkodtatok m\u00e1r azon, hogy milyen lenne, ha nek\u00fcnk kellene mondjuk a fej\u00fcnk\u00f6n r\u00f6gz\u00edtett v\u00e9s\u0151vel kiv\u00e9sni egy od\u00fat? T\u00e9telezz\u00fck fel, hogy j\u00f3l van r\u00f6gz\u00edtve a v\u00e9s\u0151, nem nyom, nem sebzi a homlokunkat, akkor is van egy gond: minden egyes \u00fct\u00e9sn\u00e9l az \u00fct\u00e9s erej\u00e9t a koponya tov\u00e1bb\u00edtja az agy fel\u00e9. Nem sok\u00e1ig b\u00edrn\u00e1nk. Ez annyira komoly probl\u00e9ma, hogy vizsg\u00e1lt\u00e1k is, hisz az \u00e1lland\u00f3 farag\u00e1ssal, v\u00e9s\u00e9ssel, pl\u00e1ne a dobol\u00e1ssal, a hark\u00e1ly az agy \u00e9ps\u00e9g\u00e9t vesz\u00e9lyezteti.<\/span><\/h5>\r\n<blockquote>\r\n<h4><span style=\"color: #000000; font-size: 14pt;\">Val\u00f3ban k\u00e9rd\u00e9s: hogyan lehet, hogy nem lesz el\u0151bb-ut\u00f3bb az \u00f6sszes hark\u00e1ly agyal\u00e1gyult? Eg\u00e9sz \u00e9let\u00e9ben beveri a fej\u00e9t, ezerrel, \u00fajra meg \u00fajra! Hogy nem lesz m\u00e9gsem egy k\u00f3v\u00e1lyg\u00f3 agyhalott?<\/span><\/h4>\r\n<hr><\/blockquote>\r\n<h5><span style=\"color: #000000;\">Ez se kutya &#8211; \u0151 m\u00e9g cifr\u00e1zza is \ud83d\ude42<\/span><\/h5>\r\n<p><iframe loading=\"lazy\" title=\"Red-Breasted Woodpecker hammering on my roof\" width=\"900\" height=\"506\" src=\"https:\/\/www.youtube.com\/embed\/uf6T80LIUfI?feature=oembed\" frameborder=\"0\" allow=\"accelerometer; autoplay; clipboard-write; encrypted-media; gyroscope; picture-in-picture\" allowfullscreen><\/iframe><\/p>\r\n<h5><span style=\"color: #000000;\">A vizsg\u00e1latok kimutatt\u00e1k, hogy a hark\u00e1ly v\u00e9s\u0151 mozdulatai eg\u00e9szen f\u00e9lelmetesen koordin\u00e1lt mozdulatsorb\u00f3l \u00e1llnak, \u00e9s b\u00e1r hihetetlen sebess\u00e9ggel j\u00e1r a cs\u0151re, a f\u00e1val val\u00f3 \u00e9rintkez\u00e9s el\u0151tt mindig lassul\u00f3 f\u00e1zis j\u00f6n, ami megakad\u00e1lyozza, hogy az \u00fct\u00e9sek ereje az agyban is rezon\u00e1ljon.<\/span><\/h5>\r\n<blockquote>\r\n<h4><span style=\"color: #000000; font-size: 14pt;\">Valamif\u00e9le leng\u00e9scsillap\u00edt\u00e1s m\u0171k\u00f6dik a hark\u00e1ly agy\u00e1nak \u00e9ps\u00e9g\u00e9nek \u00e9rdek\u00e9ben.<\/span><\/h4>\r\n<\/blockquote>\r\n<h5><span style=\"color: #000000;\">M\u00e9gis, hogyan kell ezt elk\u00e9pzelni? Van egy k\u00e9zenfekv\u0151 p\u00e9ld\u00e1nk szerencs\u00e9re. Gondoljunk a karat\u00e9ra. Amikor a nagymester t\u00e9gl\u00e1kat t\u00f6r kett\u00e9. Ott is arr\u00f3l van sz\u00f3, ha \u00e9sz n\u00e9lk\u00fcl csapna oda a t\u00e9gl\u00e1nak, a keze b\u00e1nn\u00e1, nem a t\u00e9gla. A karate mozdulata is egy r\u00f6vid, er\u0151teljes, az utols\u00f3 szakaszban m\u00e1r lassul\u00f3 mozdulatsor. A hark\u00e1ly pontosan \u00edgy dolgozik a cs\u0151r\u00e9vel. De ahogy l\u00e1ttuk a mad\u00e1r\u00e9nek eset\u00e9ben is (<a href=\"https:\/\/centauriweb.hu\/archiv\/madarakrol\/madarakrol-mindenkinek\/mire-tanitanak-madarak-tobb-szerenyseget\/\" target=\"_blank\" rel=\"noopener noreferrer\">ITT<\/a>), a mad\u00e1rvil\u00e1gban minden gyorsabb, vagyis m\u00edg egy karate-nagymester k\u00e9pes \u00f6tm\u00e1sodpercenk\u00e9nt egyet \u00fctni, addig a hark\u00e1ly m\u00e1sodpercenk\u00e9nt \u00fct t\u00edzet. Magyar\u00e1n: nincs az a nagymester, akit egy k\u00f6zepes k\u00e9pess\u00e9g\u0171 hark\u00e1ly meg ne sz\u00e9gyen\u00edtene.<\/span><\/h5>\r\n<hr>\r\n<h5>Itt is egy kir\u00e1lyhark\u00e1lyt l\u00e1tunk, \u0151 a mi fekete hark\u00e1lyunk rokona. N\u00e1lam a fekete hark\u00e1lyok ut\u00e1n ugyanilyen forg\u00e1cshalmokat tal\u00e1lni az \u00e9gerf\u00e1k alatt.<\/h5>\r\n<hr>\r\n<p><iframe loading=\"lazy\" title=\"never give RED BULL to a Pileated woodpecker\" width=\"900\" height=\"506\" src=\"https:\/\/www.youtube.com\/embed\/TLJCSSIQ1fI?feature=oembed\" frameborder=\"0\" allow=\"accelerometer; autoplay; clipboard-write; encrypted-media; gyroscope; picture-in-picture\" allowfullscreen><\/iframe><\/p>\r\n<blockquote>\r\n<h4><span style=\"color: #000000; font-size: 14pt;\">De az sem elhanyagolhat\u00f3 probl\u00e9ma, hogy m\u00edg a hark\u00e1ly f\u00fcgg\u0151legesen kapaszkodva, karate-nagymestereket leal\u00e1z\u00f3 m\u00f3don sorozza a f\u00e1kat, minden \u00fct\u00e9s ereje lel\u00f6kn\u00e9 a fa t\u00f6rzs\u00e9r\u0151l.<\/span><\/h4>\r\n<\/blockquote>\r\n<h5><span style=\"color: #000000;\">Alaposan kell tartania mag\u00e1t, hogy a saj\u00e1t \u00fct\u00e9seinek ellen tarthasson. Ezzel magyar\u00e1zhat\u00f3 a hark\u00e1lyok eg\u00e9szen sp\u00e9ci l\u00e1ba. <strong>M\u00edg a t\u00f6bbi mad\u00e1r eset\u00e9ben h\u00e1rom ujj el\u0151re, egy meg h\u00e1tra n\u00e9z, a hark\u00e1lyokn\u00e1l kett\u0151 el\u0151re \u00e9s kett\u0151 h\u00e1tra<\/strong>, mert ez ad sz\u00e1mukra nagyobb stabilit\u00e1st.<\/span><\/h5>\r\n<blockquote>\r\n<h4><span style=\"color: #000000; font-size: 14pt;\">De ez m\u00e9g nem lenne elegend\u0151, \u00edgy hossz\u00fa \u00e9kalak\u00fa farkuk van, ezt is nekit\u00e1masztj\u00e1k a fa t\u00f6rzs\u00e9nek. A farok persze csak akkor ad t\u00e1maszt, ha kell\u0151en er\u0151s.<\/span><\/h4>\r\n<\/blockquote>\r\n<h5><span style=\"color: #000000;\"><a href=\"https:\/\/centauriweb.hu\/archiv\/madarakrol\/madarakrol-mindenkinek\/amit-tudni-kell-a-harkalyokrol\/brehm-09-51-2\/\" rel=\"attachment wp-att-16985\"><img decoding=\"async\" loading=\"lazy\" class=\"size-full wp-image-16985 alignleft\" src=\"https:\/\/centauriweb.hu\/archiv\/wp-content\/uploads\/2020\/04\/brehm-09-51-2.jpg\" alt=\"\" width=\"379\" height=\"476\" srcset=\"https:\/\/centauriweb.hu\/archiv\/wp-content\/uploads\/2020\/04\/brehm-09-51-2.jpg 379w, https:\/\/centauriweb.hu\/archiv\/wp-content\/uploads\/2020\/04\/brehm-09-51-2-239x300.jpg 239w, https:\/\/centauriweb.hu\/archiv\/wp-content\/uploads\/2020\/04\/brehm-09-51-2-119x150.jpg 119w\" sizes=\"(max-width: 379px) 100vw, 379px\" \/><\/a>Aki tartott m\u00e1r k\u00e9zben hark\u00e1lyt, tudja, hogy ezek a farktollak szinte ac\u00e9llemez-merevek.<\/span><\/h5>\r\n<h5><span style=\"color: #000000;\">A hark\u00e1ly teh\u00e1t egy pontosan, gy\u00f6ny\u00f6r\u0171en kivitelezett m\u00e9rn\u00f6ki szerkezet, t\u00f6k\u00e9letes egyens\u00falyokkal, t\u00f6k\u00e9letes t\u00e1maszt\u00e9kokkal, t\u00f6k\u00e9letesen koordin\u00e1lt mozdulatsorokkal. Ezzel egy\u00fctt is, amit csin\u00e1l, nagy\u00fczem, bizonyos \u00e9rtelemben, vesz\u00e9lyes \u00fczem, ez\u00e9rt egy\u00e1ltal\u00e1n nem mindegy, mennyi id\u0151t t\u00f6lt v\u00e9s\u00e9ssel. M\u00e9g ha k\u00f6nnyed farigcs\u00e1l\u00e1sr\u00f3l besz\u00e9ln\u00e9nk, akkor sem lenne mindegy, hisz itt nemcsak a kock\u00e1zatokr\u00f3l van sz\u00f3, hanem az id\u0151r\u0151l is.<\/span><\/h5>\r\n<blockquote>\r\n<h4><span style=\"color: #000000; font-size: 14pt;\">Itt a term\u00e9szet megint csak ott sp\u00f3rol, ahol tud. Nem mindegy, mennyit kell v\u00e9sni az els\u0151 falatig.<\/span><\/h4>\r\n<\/blockquote>\r\n<h5><span style=\"color: #000000;\">\u00cdgy a hark\u00e1ly \u00e1ltal\u00e1ban csak annyit v\u00e9s, hogy el\u00e9rje a korhadt r\u00e9tegeket, a faront\u00f3 l\u00e1rv\u00e1k \u00fcregeit, onnan m\u00e1r nem v\u00e9s tov\u00e1bb, hanem hossz\u00fa, \u00e9rdes, ragad\u00f3s nyelv\u00e9t k\u00fcldi be az \u00fcregbe. Az eml\u0151s\u00f6k vil\u00e1g\u00e1ban is l\u00e1tunk erre p\u00e9ld\u00e1t. Az ersz\u00e9nyes hangy\u00e1sz is hossz\u00fa, tapad\u00f3s nyelv\u00e9vel hal\u00e1ssza ki az \u00fcregekb\u0151l a termeszeket.<\/span><\/h5>\r\n<hr>\r\n<p><iframe loading=\"lazy\" title=\"Bejgli utaz\u00e1sa\" width=\"900\" height=\"506\" src=\"https:\/\/www.youtube.com\/embed\/ll3LHDf11hg?feature=oembed\" frameborder=\"0\" allow=\"accelerometer; autoplay; clipboard-write; encrypted-media; gyroscope; picture-in-picture\" allowfullscreen><\/iframe><\/p>\r\n<h5><span style=\"color: #000000;\">Vil\u00e1gos. K\u00f6nnyebb csak egy bej\u00e1ratot nyitni, azt\u00e1n a nyelvvel kihal\u00e1szni a pondr\u00f3kat. Ebb\u0151l k\u00f6vetkez\u0151en menn\u00e9l hosszabb a nyelv, ann\u00e1l kevesebbet kell v\u00e9sni, teh\u00e1t az lenne a c\u00e9lszer\u0171, ha a hark\u00e1ly a lehet\u0151 leghosszabb nyelvvel rendelkezne.<\/span><\/h5>\r\n<blockquote>\r\n<h4><span style=\"color: #000000; font-size: 14pt;\">Nyilv\u00e1n nem lehet ak\u00e1rmekkora, de a hark\u00e1lyok nyelve m\u00e9g \u00edgy is ar\u00e1nytalanul hossz\u00fa. Annyira, hogy ez \u00fajabb probl\u00e9m\u00e1t sz\u00fcl.<\/span><\/h4>\r\n<\/blockquote>\r\n<h5><span style=\"color: #000000;\">\u00c9rtj\u00fck m\u00e1r, minek egy ilyen hossz\u00fa, messzire ki\u00f6lthet\u0151 ragacsos nyelv, na de mi van akkor, amikor a hark\u00e1ly \u00e9pp nem eszik? Hov\u00e1 rakja azt a nyelvet? Bizarr a k\u00e9rd\u00e9s, de higgy\u00e9tek el: jogos. A hark\u00e1lyok nyelve a sikeress\u00e9g \u00e9rdek\u00e9ben val\u00f3ban annyira full extr\u00e1s, hogy gondot okozhatna alap\u00e1ll\u00e1sban. Nem l\u00f3ghat ki jobbra-balra, nem zavarhatja a l\u00e9gz\u00e9st, egy\u00e1ltal\u00e1n: kell neki valami massz\u00edv hely. Legjobb lenne egy olyan, ami szinte elt\u0171ntetn\u00e9, amit azt a benyom\u00e1st kelti, hogy nem is hossz\u00fa. Mondjuk, ha haszn\u00e1laton k\u00edv\u00fcl \u00f6ssze lenne tekercselve, persze nem a sz\u00e1j\u00fcregben, hisz ott zavar\u00f3 lehetne.<\/span><\/h5>\r\n<blockquote>\r\n<h4><span style=\"color: #000000;\">De akkor hov\u00e1 tekerj\u00fck fel?<\/span><\/h4>\r\n<\/blockquote>\r\n<h5><span style=\"color: #000000;\"><a href=\"https:\/\/centauriweb.hu\/archiv\/madarakrol\/madarakrol-mindenkinek\/amit-tudni-kell-a-harkalyokrol\/harkalynyelv\/\" rel=\"attachment wp-att-16984\"><img decoding=\"async\" loading=\"lazy\" class=\"size-full wp-image-16984 alignleft\" src=\"https:\/\/centauriweb.hu\/archiv\/wp-content\/uploads\/2020\/04\/hark\u00e1lynyelv.jpg\" alt=\"\" width=\"320\" height=\"180\" srcset=\"https:\/\/centauriweb.hu\/archiv\/wp-content\/uploads\/2020\/04\/hark\u00e1lynyelv.jpg 320w, https:\/\/centauriweb.hu\/archiv\/wp-content\/uploads\/2020\/04\/hark\u00e1lynyelv-300x169.jpg 300w, https:\/\/centauriweb.hu\/archiv\/wp-content\/uploads\/2020\/04\/hark\u00e1lynyelv-250x141.jpg 250w, https:\/\/centauriweb.hu\/archiv\/wp-content\/uploads\/2020\/04\/hark\u00e1lynyelv-150x84.jpg 150w, https:\/\/centauriweb.hu\/archiv\/wp-content\/uploads\/2020\/04\/hark\u00e1lynyelv-318x180.jpg 318w\" sizes=\"(max-width: 320px) 100vw, 320px\" \/><\/a>H\u00e1t a kopony\u00e1ra! Igen, a hark\u00e1lynyelv voltak\u00e9pp k\u00e9pes a koponya \u00e9s a fejb\u0151r k\u00f6z\u00f6tt h\u00e1tra h\u00faz\u00f3dni. \u00c9s ha a fakop\u00e1ncsunk nem dobol, nem f\u00far-farag, nem is \u00e9rzi, hogy neki am\u00fagy rettent\u0151 hossz\u00fa nyelve van.<\/span><\/h5>\r\n<hr>\r\n<h5><span style=\"color: #000000;\">Ha pedig egy pillant\u00e1st vet\u00fcnk a hark\u00e1lyfajokra, felvet\u0151dhet a k\u00e9rd\u00e9s: minek ennyif\u00e9le?<\/span><\/h5>\r\n<blockquote>\r\n<h4><span style=\"color: #000000; font-size: 14pt;\">F\u0151k\u00e9nt a fakop\u00e1ncsok keltik benn\u00fcnk azt a benyom\u00e1st, mintha egyfajta sorozatot gy\u00e1rtottak volna bel\u0151l\u00fck.<\/span><\/h4>\r\n<\/blockquote>\r\n<h5><span style=\"color: #000000;\">Ahogy mi ugyanabb\u00f3l az aut\u00f3t\u00edpusb\u00f3l csin\u00e1lunk k\u00fcl\u00f6nb\u00f6z\u0151 v\u00e1ltozatokat, kisebbet, nagyobbat, 1.4-es motorral, 1.6-os motorral, benzinest \u00e9s d\u00edzelt, kabri\u00f3t \u00e9s sedant, h\u00e1romajt\u00f3sat \u00e9s \u00f6tajt\u00f3sat. Kiv\u00e1ltk\u00e9pp \u00edgy l\u00e1tjuk, ha a vil\u00e1g valamennyi hark\u00e1lyfaj\u00e1t egy\u00fctt n\u00e9zz\u00fck meg. \u00c9s ez sz\u00e1mos m\u00e1s csoport eset\u00e9ben is \u00edgy van. Gondoljunk csak a cineg\u00e9kre.<\/span><\/h5>\r\n<blockquote>\r\n<h4><span style=\"color: #000000; font-size: 14pt;\">Ez is cinke, az is cinke, itt egy kis k\u00fcl\u00f6nbs\u00e9g, ott egy kis k\u00fcl\u00f6nbs\u00e9g, \u00e1ltal\u00e1ban egy icinke \ud83d\ude0a De mi v\u00e9gett?<\/span><\/h4>\r\n<\/blockquote>\r\n<h5><span style=\"color: #000000;\">Fontos k\u00e9rd\u00e9s ez \u2013 de ez m\u00e1r egy m\u00e1sik mese.<\/span><\/h5>\r\n<hr>\r\n<h5><span style=\"color: #000000;\"><strong>K\u00e9rlek, oszd meg ezt az \u00edr\u00e1st m\u00e1sokkal is! K\u00f6sz\u00f6n\u00f6m.<\/strong><\/span><\/h5>\r\n<h5 style=\"text-align: right;\"><span style=\"color: #ff0000;\">Hozz\u00e1sz\u00f3l\u00e1sokhoz g\u00f6rd\u00fclj a lap alj\u00e1ra!<\/span><\/h5>\r\n<h5><strong>Feliratkozt\u00e1l m\u00e1r h\u00edrlev\u00e9lre? Pr\u00f3b\u00e1ld ki!<\/strong><\/h5>\r\n<h5><div role=\"form\" class=\"wpcf7\" id=\"wpcf7-f264-o1\" lang=\"hu-HU\" dir=\"ltr\">\n<div class=\"screen-reader-response\"><p role=\"status\" aria-live=\"polite\" aria-atomic=\"true\"><\/p> <ul><\/ul><\/div>\n<form action=\"\/archiv\/wp-json\/wp\/v2\/pages\/16983#wpcf7-f264-o1\" method=\"post\" class=\"wpcf7-form init\" novalidate=\"novalidate\" data-status=\"init\">\n<div style=\"display: none;\">\n<input type=\"hidden\" name=\"_wpcf7\" value=\"264\" \/>\n<input type=\"hidden\" name=\"_wpcf7_version\" value=\"5.3.2\" \/>\n<input type=\"hidden\" name=\"_wpcf7_locale\" value=\"hu_HU\" \/>\n<input type=\"hidden\" name=\"_wpcf7_unit_tag\" value=\"wpcf7-f264-o1\" \/>\n<input type=\"hidden\" name=\"_wpcf7_container_post\" value=\"0\" \/>\n<input type=\"hidden\" name=\"_wpcf7_posted_data_hash\" value=\"\" \/>\n<input type=\"hidden\" name=\"_wpcf7_recaptcha_response\" value=\"\" \/>\n<\/div>\n<p class=\"letter-img\">\n<img class=\"letter\" src=\"https:\/\/centauriweb.hu\/archiv\/wp-content\/uploads\/2020\/12\/letter.png\" width=\"71\" height=\"71\">\n<\/p>\n<p>N\u00e9v* <br \/>\n<span class=\"wpcf7-form-control-wrap your-name\"><input type=\"text\" name=\"your-name\" value=\"\" size=\"40\" class=\"wpcf7-form-control wpcf7-text wpcf7-validates-as-required\" aria-required=\"true\" aria-invalid=\"false\" \/><\/span><\/p>\n<p>Email c\u00edm* <br \/>\n    <span class=\"wpcf7-form-control-wrap your-email\"><input type=\"email\" name=\"your-email\" value=\"\" size=\"40\" class=\"wpcf7-form-control wpcf7-text wpcf7-email wpcf7-validates-as-required wpcf7-validates-as-email\" aria-required=\"true\" aria-invalid=\"false\" \/><\/span> <\/p>\n<p><input type=\"submit\" value=\"FELIRATKOZOM!\" class=\"wpcf7-form-control wpcf7-submit\" \/><\/p>\n<p style=\"display: none !important;\" class=\"akismet-fields-container\" data-prefix=\"_wpcf7_ak_\"><label>&#916;<textarea name=\"_wpcf7_ak_hp_textarea\" cols=\"45\" rows=\"8\" maxlength=\"100\"><\/textarea><\/label><input type=\"hidden\" id=\"ak_js_1\" name=\"_wpcf7_ak_js\" value=\"76\"\/><script type=\"text\/javascript\">\ndocument.getElementById( \"ak_js_1\" ).setAttribute( \"value\", ( new Date() ).getTime() );\n<\/script>\n<\/p><div class=\"inv-recaptcha-holder\"><\/div><div class=\"wpcf7-response-output\" aria-hidden=\"true\"><\/div><\/form><\/div><\/h5>\r\n<hr>\r\n<h5><a href=\"https:\/\/centauriweb.hu\/archiv\/tallozo\/irodalom\/vendegszoveg-dino-buzzati-hajtovadaszat-oregekre\/tamogass-v\/\" rel=\"attachment wp-att-16896\"><img decoding=\"async\" loading=\"lazy\" class=\"alignnone size-full wp-image-16896\" src=\"https:\/\/centauriweb.hu\/archiv\/wp-content\/uploads\/2020\/04\/t\u00e1mogass-v.png\" alt=\"\" width=\"1002\" height=\"540\" srcset=\"https:\/\/centauriweb.hu\/archiv\/wp-content\/uploads\/2020\/04\/t\u00e1mogass-v.png 1002w, https:\/\/centauriweb.hu\/archiv\/wp-content\/uploads\/2020\/04\/t\u00e1mogass-v-300x162.png 300w, https:\/\/centauriweb.hu\/archiv\/wp-content\/uploads\/2020\/04\/t\u00e1mogass-v-768x414.png 768w, https:\/\/centauriweb.hu\/archiv\/wp-content\/uploads\/2020\/04\/t\u00e1mogass-v-250x135.png 250w, https:\/\/centauriweb.hu\/archiv\/wp-content\/uploads\/2020\/04\/t\u00e1mogass-v-150x81.png 150w\" sizes=\"(max-width: 1002px) 100vw, 1002px\" \/><\/a>&nbsp; &nbsp; &nbsp; &nbsp; &nbsp; &nbsp; &nbsp; &nbsp;&nbsp;<\/h5>\r\n<p><blockquote class=\"wp-embedded-content\" data-secret=\"8b9IKA1wlT\"><a href=\"https:\/\/centauriweb.hu\/archiv\/madarakrol\/madarakrol-mindenkinek\/mire-tanitanak-madarak-tobb-szerenyseget\/\">Mire tan\u00edtanak a madarak? \u2013 T\u00f6bb szer\u00e9nys\u00e9get!<\/a><\/blockquote><iframe class=\"wp-embedded-content\" sandbox=\"allow-scripts\" security=\"restricted\" style=\"position: absolute; clip: rect(1px, 1px, 1px, 1px);\" title=\"&#8220;Mire tan\u00edtanak a madarak? \u2013 T\u00f6bb szer\u00e9nys\u00e9get!&#8221; &#8212; CENWEB\" src=\"https:\/\/centauriweb.hu\/archiv\/madarakrol\/madarakrol-mindenkinek\/mire-tanitanak-madarak-tobb-szerenyseget\/embed\/#?secret=iFDALcM0b4#?secret=8b9IKA1wlT\" data-secret=\"8b9IKA1wlT\" width=\"600\" height=\"338\" frameborder=\"0\" marginwidth=\"0\" marginheight=\"0\" scrolling=\"no\"><\/iframe><\/p>\r\n<p><blockquote class=\"wp-embedded-content\" data-secret=\"hJKuRv0YM6\"><a href=\"https:\/\/centauriweb.hu\/archiv\/madarakrol\/madaretetessel-kapcsolatos-irasok\/madarhatarozo-madaretetokhoz\/a-harkalyok-jellegzetessegei-es-hatarozasa\/\">A hark\u00e1lyok jellegzetess\u00e9gei \u00e9s hat\u00e1roz\u00e1sa<\/a><\/blockquote><iframe class=\"wp-embedded-content\" sandbox=\"allow-scripts\" security=\"restricted\" style=\"position: absolute; clip: rect(1px, 1px, 1px, 1px);\" title=\"&#8220;A hark\u00e1lyok jellegzetess\u00e9gei \u00e9s hat\u00e1roz\u00e1sa&#8221; &#8212; CENWEB\" src=\"https:\/\/centauriweb.hu\/archiv\/madarakrol\/madaretetessel-kapcsolatos-irasok\/madarhatarozo-madaretetokhoz\/a-harkalyok-jellegzetessegei-es-hatarozasa\/embed\/#?secret=vMx9g0PWeR#?secret=hJKuRv0YM6\" data-secret=\"hJKuRv0YM6\" width=\"600\" height=\"338\" frameborder=\"0\" marginwidth=\"0\" marginheight=\"0\" scrolling=\"no\"><\/iframe><\/p>\r\n<p><blockquote class=\"wp-embedded-content\" data-secret=\"9Bfda90m0h\"><a href=\"https:\/\/centauriweb.hu\/archiv\/madarakrol\/madarakrol-mindenkinek\/aki-sajat-nyakat-tekeri-ki\/\">Aki a saj\u00e1t nyak\u00e1t tekeri ki &#8211; a nyaktekercs<\/a><\/blockquote><iframe class=\"wp-embedded-content\" sandbox=\"allow-scripts\" security=\"restricted\" style=\"position: absolute; clip: rect(1px, 1px, 1px, 1px);\" title=\"&#8220;Aki a saj\u00e1t nyak\u00e1t tekeri ki &#8211; a nyaktekercs&#8221; &#8212; CENWEB\" src=\"https:\/\/centauriweb.hu\/archiv\/madarakrol\/madarakrol-mindenkinek\/aki-sajat-nyakat-tekeri-ki\/embed\/#?secret=uhni7gfjsa#?secret=9Bfda90m0h\" data-secret=\"9Bfda90m0h\" width=\"600\" height=\"338\" frameborder=\"0\" marginwidth=\"0\" marginheight=\"0\" scrolling=\"no\"><\/iframe><\/p>\r\n<p><blockquote class=\"wp-embedded-content\" data-secret=\"IclCyzRBeB\"><a href=\"https:\/\/centauriweb.hu\/archiv\/madarakrol\/madarakrol-mindenkinek\/miert-nem-repul-el-hatara-fektetett-madar\/\">Mi\u00e9rt nem rep\u00fcl el a h\u00e1t\u00e1ra fektetett mad\u00e1r?<\/a><\/blockquote><iframe class=\"wp-embedded-content\" sandbox=\"allow-scripts\" security=\"restricted\" style=\"position: absolute; clip: rect(1px, 1px, 1px, 1px);\" title=\"&#8220;Mi\u00e9rt nem rep\u00fcl el a h\u00e1t\u00e1ra fektetett mad\u00e1r?&#8221; &#8212; CENWEB\" src=\"https:\/\/centauriweb.hu\/archiv\/madarakrol\/madarakrol-mindenkinek\/miert-nem-repul-el-hatara-fektetett-madar\/embed\/#?secret=Tu2eM47MTr#?secret=IclCyzRBeB\" data-secret=\"IclCyzRBeB\" width=\"600\" height=\"338\" frameborder=\"0\" marginwidth=\"0\" marginheight=\"0\" scrolling=\"no\"><\/iframe><\/p>\r\n","protected":false},"excerpt":{"rendered":"<p>Val\u00f3ban k\u00e9rd\u00e9s: hogyan lehet, hogy nem lesz el\u0151bb-ut\u00f3bb az \u00f6sszes hark\u00e1ly agyal\u00e1gyult? Eg\u00e9sz \u00e9let\u00e9ben beveri a fej\u00e9t, ezerrel, \u00fajra meg \u00fajra! Hogy nem lesz m\u00e9gsem egy k\u00f3v\u00e1lyg\u00f3 agyhalott? A HARK\u00c1LY LEGEND\u00c1S MAD\u00c1R \u2013 DE LEHETNE LEGEND\u00c1SABB IS Ha van ismert mad\u00e1r, akkor a hark\u00e1ly az. Ugyanakkor a legt\u00f6bben alig tudnak\u2026<\/p>\n<p class=\"continue-reading-button\"> <a class=\"continue-reading-link\" href=\"https:\/\/centauriweb.hu\/archiv\/madarakrol\/madarakrol-mindenkinek\/amit-tudni-kell-a-harkalyokrol\/\">Tov\u00e1bb<i class=\"crycon-right-dir\"><\/i><\/a><\/p>\n","protected":false},"author":2,"featured_media":18872,"parent":5055,"menu_order":0,"comment_status":"open","ping_status":"closed","template":"","meta":{"ngg_post_thumbnail":0,"_vp_format_video_url":"","_vp_image_focal_point":[]},"yoast_head":"<!-- This site is optimized with the Yoast SEO plugin v14.0.4 - https:\/\/yoast.com\/wordpress\/plugins\/seo\/ -->\n<title>Amit tudni kell a hark\u00e1lyokr\u00f3l - CENWEB<\/title>\n<meta name=\"description\" content=\"Val\u00f3ban k\u00e9rd\u00e9s: hogyan lehet, hogy nem lesz el\u0151bb-ut\u00f3bb az \u00f6sszes hark\u00e1ly agyal\u00e1gyult? Eg\u00e9sz \u00e9let\u00e9ben beveri a fej\u00e9t, ezerrel, \u00fajra meg \u00fajra!\" \/>\n<meta name=\"robots\" content=\"index, follow\" \/>\n<meta name=\"googlebot\" content=\"index, follow, max-snippet:-1, max-image-preview:large, max-video-preview:-1\" \/>\n<meta name=\"bingbot\" content=\"index, follow, max-snippet:-1, max-image-preview:large, max-video-preview:-1\" \/>\n<link rel=\"canonical\" href=\"https:\/\/centauriweb.hu\/archiv\/madarakrol\/madarakrol-mindenkinek\/amit-tudni-kell-a-harkalyokrol\/\" \/>\n<meta property=\"og:locale\" content=\"hu_HU\" \/>\n<meta property=\"og:type\" content=\"article\" \/>\n<meta property=\"og:title\" content=\"Amit tudni kell a hark\u00e1lyokr\u00f3l - CENWEB\" \/>\n<meta property=\"og:description\" content=\"Val\u00f3ban k\u00e9rd\u00e9s: hogyan lehet, hogy nem lesz el\u0151bb-ut\u00f3bb az \u00f6sszes hark\u00e1ly agyal\u00e1gyult? Eg\u00e9sz \u00e9let\u00e9ben beveri a fej\u00e9t, ezerrel, \u00fajra meg \u00fajra!\" \/>\n<meta property=\"og:url\" content=\"https:\/\/centauriweb.hu\/archiv\/madarakrol\/madarakrol-mindenkinek\/amit-tudni-kell-a-harkalyokrol\/\" \/>\n<meta property=\"og:site_name\" content=\"CENWEB\" \/>\n<meta property=\"article:modified_time\" content=\"2021-01-16T07:38:23+00:00\" \/>\n<meta property=\"og:image\" content=\"https:\/\/centauriweb.hu\/archiv\/wp-content\/uploads\/2020\/08\/1000-hark\u00e1ly-k\u00e9zb\u0151l-4.jpg\" \/>\n\t<meta property=\"og:image:width\" content=\"1000\" \/>\n\t<meta property=\"og:image:height\" content=\"641\" \/>\n<script type=\"application\/ld+json\" class=\"yoast-schema-graph\">{\"@context\":\"https:\/\/schema.org\",\"@graph\":[{\"@type\":\"WebSite\",\"@id\":\"https:\/\/centauriweb.hu\/archiv\/#website\",\"url\":\"https:\/\/centauriweb.hu\/archiv\/\",\"name\":\"CENWEB\",\"description\":\"MAGAZIN | ARCH\\u00cdVUM | 2006-2023. \",\"potentialAction\":[{\"@type\":\"SearchAction\",\"target\":\"https:\/\/centauriweb.hu\/archiv\/?s={search_term_string}\",\"query-input\":\"required name=search_term_string\"}],\"inLanguage\":\"hu\"},{\"@type\":\"ImageObject\",\"@id\":\"https:\/\/centauriweb.hu\/archiv\/madarakrol\/madarakrol-mindenkinek\/amit-tudni-kell-a-harkalyokrol\/#primaryimage\",\"inLanguage\":\"hu\",\"url\":\"https:\/\/centauriweb.hu\/archiv\/wp-content\/uploads\/2020\/08\/1000-hark\\u00e1ly-k\\u00e9zb\\u0151l-4.jpg\",\"width\":1000,\"height\":641,\"caption\":\"Nagy fakop\\u00e1ncs k\\u00f6zelr\\u0151l - a hark\\u00e1lyok l\\u00e1ba\"},{\"@type\":\"WebPage\",\"@id\":\"https:\/\/centauriweb.hu\/archiv\/madarakrol\/madarakrol-mindenkinek\/amit-tudni-kell-a-harkalyokrol\/#webpage\",\"url\":\"https:\/\/centauriweb.hu\/archiv\/madarakrol\/madarakrol-mindenkinek\/amit-tudni-kell-a-harkalyokrol\/\",\"name\":\"Amit tudni kell a hark\\u00e1lyokr\\u00f3l - CENWEB\",\"isPartOf\":{\"@id\":\"https:\/\/centauriweb.hu\/archiv\/#website\"},\"primaryImageOfPage\":{\"@id\":\"https:\/\/centauriweb.hu\/archiv\/madarakrol\/madarakrol-mindenkinek\/amit-tudni-kell-a-harkalyokrol\/#primaryimage\"},\"datePublished\":\"2020-04-23T05:32:07+00:00\",\"dateModified\":\"2021-01-16T07:38:23+00:00\",\"description\":\"Val\\u00f3ban k\\u00e9rd\\u00e9s: hogyan lehet, hogy nem lesz el\\u0151bb-ut\\u00f3bb az \\u00f6sszes hark\\u00e1ly agyal\\u00e1gyult? Eg\\u00e9sz \\u00e9let\\u00e9ben beveri a fej\\u00e9t, ezerrel, \\u00fajra meg \\u00fajra!\",\"inLanguage\":\"hu\",\"potentialAction\":[{\"@type\":\"ReadAction\",\"target\":[\"https:\/\/centauriweb.hu\/archiv\/madarakrol\/madarakrol-mindenkinek\/amit-tudni-kell-a-harkalyokrol\/\"]}]}]}<\/script>\n<!-- \/ Yoast SEO plugin. -->","_links":{"self":[{"href":"https:\/\/centauriweb.hu\/archiv\/wp-json\/wp\/v2\/pages\/16983"}],"collection":[{"href":"https:\/\/centauriweb.hu\/archiv\/wp-json\/wp\/v2\/pages"}],"about":[{"href":"https:\/\/centauriweb.hu\/archiv\/wp-json\/wp\/v2\/types\/page"}],"author":[{"embeddable":true,"href":"https:\/\/centauriweb.hu\/archiv\/wp-json\/wp\/v2\/users\/2"}],"replies":[{"embeddable":true,"href":"https:\/\/centauriweb.hu\/archiv\/wp-json\/wp\/v2\/comments?post=16983"}],"version-history":[{"count":3,"href":"https:\/\/centauriweb.hu\/archiv\/wp-json\/wp\/v2\/pages\/16983\/revisions"}],"predecessor-version":[{"id":23402,"href":"https:\/\/centauriweb.hu\/archiv\/wp-json\/wp\/v2\/pages\/16983\/revisions\/23402"}],"up":[{"embeddable":true,"href":"https:\/\/centauriweb.hu\/archiv\/wp-json\/wp\/v2\/pages\/5055"}],"wp:featuredmedia":[{"embeddable":true,"href":"https:\/\/centauriweb.hu\/archiv\/wp-json\/wp\/v2\/media\/18872"}],"wp:attachment":[{"href":"https:\/\/centauriweb.hu\/archiv\/wp-json\/wp\/v2\/media?parent=16983"}],"curies":[{"name":"wp","href":"https:\/\/api.w.org\/{rel}","templated":true}]}}